{"id":6423,"date":"2023-01-26T17:46:38","date_gmt":"2023-01-26T15:46:38","guid":{"rendered":"http:\/\/filosofieromaneasca.institutuldefilosofie.ro\/sifr\/?page_id=6423"},"modified":"2023-05-21T14:22:06","modified_gmt":"2023-05-21T12:22:06","slug":"volumul-18-2022","status":"publish","type":"page","link":"https:\/\/filosofieromaneasca.institutuldefilosofie.ro\/sifr\/volumul-18-2022\/","title":{"rendered":"Volumul 18 (2022)"},"content":{"rendered":"\n<div style=\"height:30px\" aria-hidden=\"true\" class=\"wp-block-spacer\"><\/div>\n\n\n\n<h5 class=\"wp-block-heading has-ast-global-color-2-color has-ast-global-color-4-background-color has-text-color has-background\" id=\"1-nicolae-bagdasar-teorii-ale-adevarului\"><strong>1. METAFIZIC\u0102 \u0218I \u0218TIIN\u021a\u0102<\/strong><\/h5>\n\n\n\n<hr class=\"wp-block-separator has-text-color has-cyan-bluish-gray-color has-css-opacity has-cyan-bluish-gray-background-color has-background is-style-wide\"\/>\n\n\n\n<p class=\"has-medium-font-size\">Reprezent\u0103ri filosofice ale unit\u0103\u021bii existen\u021bei: prin credin\u021b\u0103 noetic\u0103 \u0219i credin\u021b\u0103 perceptiv\u0103<\/p>\n\n\n\n<p style=\"font-size:16px\">Viorel Cernica<\/p>\n\n\n\n<p class=\"has-small-font-size\">[<em>Studii de istorie a filosofiei rom\u00e2ne\u015fti<\/em>, vol. XVIII:<em>&nbsp;\u0218tiin\u021b\u0103 \u0219i metafizic\u0103. Ion Petrovici<\/em>, Bucure\u015fti, Editura Academiei Rom\u00e2ne, 2022, pp.&nbsp;11\u201327]<\/p>\n\n\n<div class=\"wp-block-uagb-faq uagb-faq__outer-wrap uagb-block-b6144686 uagb-faq-icon-row uagb-faq-layout-accordion uagb-faq-expand-first-false uagb-faq-inactive-other-true uagb-faq__wrap uagb-buttons-layout-wrap uagb-faq-equal-height     \" data-faqtoggle=\"true\" role=\"tablist\"><div class=\"wp-block-uagb-faq-child uagb-faq-child__outer-wrap uagb-faq-item uagb-block-38904eff \" role=\"tab\" tabindex=\"0\"><div class=\"uagb-faq-questions-button uagb-faq-questions\">\t\t\t<span class=\"uagb-icon uagb-faq-icon-wrap\">\n\t\t\t\t\t\t\t\t<svg xmlns=\"https:\/\/www.w3.org\/2000\/svg\" viewBox= \"0 0 320 512\"><path d=\"M96 480c-8.188 0-16.38-3.125-22.62-9.375c-12.5-12.5-12.5-32.75 0-45.25L242.8 256L73.38 86.63c-12.5-12.5-12.5-32.75 0-45.25s32.75-12.5 45.25 0l192 192c12.5 12.5 12.5 32.75 0 45.25l-192 192C112.4 476.9 104.2 480 96 480z\"><\/path><\/svg>\n\t\t\t\t\t\t\t<\/span>\n\t\t\t\t\t\t<span class=\"uagb-icon-active uagb-faq-icon-wrap\">\n\t\t\t\t\t\t\t\t<svg xmlns=\"https:\/\/www.w3.org\/2000\/svg\" viewBox= \"0 0 448 512\"><path d=\"M224 416c-8.188 0-16.38-3.125-22.62-9.375l-192-192c-12.5-12.5-12.5-32.75 0-45.25s32.75-12.5 45.25 0L224 338.8l169.4-169.4c12.5-12.5 32.75-12.5 45.25 0s12.5 32.75 0 45.25l-192 192C240.4 412.9 232.2 416 224 416z\"><\/path><\/svg>\n\t\t\t\t\t\t\t<\/span>\n\t\t\t<span class=\"uagb-question\">Abstract<\/span><\/div><div class=\"uagb-faq-content\"><p>In the following paper, I suggest an interpretation of Petrovici\u2019s and Merleau-Ponty\u2019s philosophy, both of them structured in accordance with the concept of unity of existence (the world), itself given in a close relation with the idea about an existential subject. Each philosophy includes a representation of the unity of existence, founded, the first, in a spiritual conviction (noetic belief), and the second, in a perceptual faith. This representation is in the same time a privileged kind by which a subject enters the world. Also, I will suggest arguments in order to legitimate the idea that each representation and its construction let themselves be led by the regulativity of a model of philosophizing: the philosophy of life (in the context of a metaphysics) \u2013 Petrovici; the existential philosophy (in a phenomenological context) \u2013 Merleau-Ponty.<\/p><\/div><\/div><\/div>\n\n\n<div class=\"wp-block-uagb-buttons uagb-buttons__outer-wrap uagb-btn__medium-btn uagb-btn-tablet__default-btn uagb-btn-mobile__default-btn uagb-block-ef84805a\"><div class=\"uagb-buttons__wrap uagb-buttons-layout-wrap\">\n<div class=\"wp-block-uagb-buttons-child uagb-buttons__outer-wrap uagb-block-ee881db5 wp-block-button\"><div class=\"uagb-button__wrapper\"><a class=\"uagb-buttons-repeater wp-block-button__link has-background has-text-color\" href=\"https:\/\/filosofieromaneasca.institutuldefilosofie.ro\/sifr\/volumul-18-2022\/reprezentari-filosofice-ale-unitatii-existentei\/\" onclick=\"return true;\" rel=\"follow noopener\" target=\"_self\"><span class=\"uagb-button__icon uagb-button__icon-position-before\"><svg xmlns=\"https:\/\/www.w3.org\/2000\/svg\" viewBox=\"0 0 512 512\"><path d=\"M0 219.2v212.5c0 14.25 11.62 26.25 26.5 27C75.32 461.2 180.2 471.3 240 511.9V245.2C181.4 205.5 79.99 194.8 29.84 192C13.59 191.1 0 203.6 0 219.2zM482.2 192c-50.09 2.848-151.3 13.47-209.1 53.09C272.1 245.2 272 245.3 272 245.5v266.5c60.04-40.39 164.7-50.76 213.5-53.28C500.4 457.9 512 445.9 512 431.7V219.2C512 203.6 498.4 191.1 482.2 192zM352 96c0-53-43-96-96-96S160 43 160 96s43 96 96 96S352 149 352 96z\"><\/path><\/svg><\/span><div class=\"uagb-button__link\">Cite\u0219te<\/div><\/a><\/div><\/div>\n\n\n\n<div class=\"wp-block-uagb-buttons-child uagb-buttons__outer-wrap uagb-block-27b21299 wp-block-button\"><div class=\"uagb-button__wrapper\"><a class=\"uagb-buttons-repeater wp-block-button__link has-background has-text-color\" href=\"https:\/\/filosofieromaneasca.institutuldefilosofie.ro\/sifr\/wp-content\/uploads\/2023\/01\/Cernica-Viorel-Reprezentari-filosofice-ale-unitatii-existentei.pdf\" onclick=\"return true;\" rel=\"follow noopener\" target=\"_blank\"><span class=\"uagb-button__icon uagb-button__icon-position-before\"><svg xmlns=\"https:\/\/www.w3.org\/2000\/svg\" viewBox=\"0 0 384 512\"><path d=\"M88 304H80V256H88C101.3 256 112 266.7 112 280C112 293.3 101.3 304 88 304zM192 256H200C208.8 256 216 263.2 216 272V336C216 344.8 208.8 352 200 352H192V256zM224 0V128C224 145.7 238.3 160 256 160H384V448C384 483.3 355.3 512 320 512H64C28.65 512 0 483.3 0 448V64C0 28.65 28.65 0 64 0H224zM64 224C55.16 224 48 231.2 48 240V368C48 376.8 55.16 384 64 384C72.84 384 80 376.8 80 368V336H88C118.9 336 144 310.9 144 280C144 249.1 118.9 224 88 224H64zM160 368C160 376.8 167.2 384 176 384H200C226.5 384 248 362.5 248 336V272C248 245.5 226.5 224 200 224H176C167.2 224 160 231.2 160 240V368zM288 224C279.2 224 272 231.2 272 240V368C272 376.8 279.2 384 288 384C296.8 384 304 376.8 304 368V320H336C344.8 320 352 312.8 352 304C352 295.2 344.8 288 336 288H304V256H336C344.8 256 352 248.8 352 240C352 231.2 344.8 224 336 224H288zM256 0L384 128H256V0z\"><\/path><\/svg><\/span><div class=\"uagb-button__link\">Descarc\u0103<\/div><\/a><\/div><\/div>\n<\/div><\/div>\n\n\n\n<div style=\"height:10px\" aria-hidden=\"true\" class=\"wp-block-spacer\"><\/div>\n\n\n\n<hr class=\"wp-block-separator has-text-color has-cyan-bluish-gray-color has-css-opacity has-cyan-bluish-gray-background-color has-background is-style-wide\"\/>\n\n\n\n<p class=\"has-medium-font-size\">Metafizica \u0219tiin\u021bific\u0103 dup\u0103 Constantin Leonardescu<\/p>\n\n\n\n<p style=\"font-size:16px\">Bogdan Rusu<\/p>\n\n\n\n<p class=\"has-small-font-size\">[<em>Studii de istorie a filosofiei rom\u00e2ne\u015fti<\/em>, vol. XVIII:<em>&nbsp;\u0218tiin\u021b\u0103 \u0219i metafizic\u0103. Ion Petrovici<\/em>, Bucure\u015fti, Editura Academiei Rom\u00e2ne, 2022, pp.&nbsp;28\u201353]<\/p>\n\n\n<div class=\"wp-block-uagb-faq uagb-faq__outer-wrap uagb-block-f39632ad uagb-faq-icon-row uagb-faq-layout-accordion uagb-faq-expand-first-false uagb-faq-inactive-other-true uagb-faq__wrap uagb-buttons-layout-wrap uagb-faq-equal-height     \" data-faqtoggle=\"true\" role=\"tablist\"><div class=\"wp-block-uagb-faq-child uagb-faq-child__outer-wrap uagb-faq-item uagb-block-1413c8a7 \" role=\"tab\" tabindex=\"0\"><div class=\"uagb-faq-questions-button uagb-faq-questions\">\t\t\t<span class=\"uagb-icon uagb-faq-icon-wrap\">\n\t\t\t\t\t\t\t\t<svg xmlns=\"https:\/\/www.w3.org\/2000\/svg\" viewBox= \"0 0 320 512\"><path d=\"M96 480c-8.188 0-16.38-3.125-22.62-9.375c-12.5-12.5-12.5-32.75 0-45.25L242.8 256L73.38 86.63c-12.5-12.5-12.5-32.75 0-45.25s32.75-12.5 45.25 0l192 192c12.5 12.5 12.5 32.75 0 45.25l-192 192C112.4 476.9 104.2 480 96 480z\"><\/path><\/svg>\n\t\t\t\t\t\t\t<\/span>\n\t\t\t\t\t\t<span class=\"uagb-icon-active uagb-faq-icon-wrap\">\n\t\t\t\t\t\t\t\t<svg xmlns=\"https:\/\/www.w3.org\/2000\/svg\" viewBox= \"0 0 448 512\"><path d=\"M224 416c-8.188 0-16.38-3.125-22.62-9.375l-192-192c-12.5-12.5-12.5-32.75 0-45.25s32.75-12.5 45.25 0L224 338.8l169.4-169.4c12.5-12.5 32.75-12.5 45.25 0s12.5 32.75 0 45.25l-192 192C240.4 412.9 232.2 416 224 416z\"><\/path><\/svg>\n\t\t\t\t\t\t\t<\/span>\n\t\t\t<span class=\"uagb-question\">Abstract<\/span><\/div><div class=\"uagb-faq-content\"><p>Constantin Leonardescu (1844\u20131907) was a professor of philosophy for 34 years at the University of Ia\u0219i. He was an adept of the French eclectic spiritualism, which he tried to reconcile with the positivism of Herbert Spencer and with the Darwinism of Ernst Haeckel, while countering Vasile Conta\u2019s brand of scientific materialism. Leonardescu argued against the positivist tenet of the incompatibility of metaphysics and positive science, based on the emergence of new \u201cpartial\u201d or \u201clocal\u201d metaphysics in the thought of contemporary genuine scientists, who philosophized disregarding the former metaphysical tradition, using only the concepts of their own disciplines and forging their own principles. Positive metaphysics exists thus potentially, the metaphysician\u2019s task being to systematize, or to \u201creconcile\u201d the local contributions of the scientists-philosophers in the framework of a general, unifying theory. This framework, he argues, is a generalization of \u201cDarwinism\u201d, that is, of the special metaphysics initiated by Darwin, then rendered general by Spencer and most importantly by Haeckel. However, philosophical Darwinism or \u201cevolutionary monism\u201d curiously vindicates, in Leonardescu\u2019s view, traditional spiritualism. Generalized Darwinism thus interpreted offered a fundamental theory in which science could achieve systematic unity and become a true mirror of the Totality, which is metaphysics\u2019 true object. Scientific metaphysics is principally a reflection upon science, taking as starting point the positive facts recognized as such by the sciences, and the empirical generalizations validated within each science, and aiming to ensure logical coherence amongst them, under the rule of the supreme evolution-principle.<\/p><\/div><\/div><\/div>\n\n\n<div class=\"wp-block-uagb-buttons uagb-buttons__outer-wrap uagb-btn__medium-btn uagb-btn-tablet__default-btn uagb-btn-mobile__default-btn uagb-block-192f81e8\"><div class=\"uagb-buttons__wrap uagb-buttons-layout-wrap\">\n<div class=\"wp-block-uagb-buttons-child uagb-buttons__outer-wrap uagb-block-90ebce5a wp-block-button\"><div class=\"uagb-button__wrapper\"><a class=\"uagb-buttons-repeater wp-block-button__link has-background has-text-color\" href=\"https:\/\/filosofieromaneasca.institutuldefilosofie.ro\/sifr\/volumul-18-2022\/metafizica-stiintifica-dupa-constantin-leonardescu\/\" onclick=\"return true;\" rel=\"follow noopener\" target=\"_self\"><span class=\"uagb-button__icon uagb-button__icon-position-before\"><svg xmlns=\"https:\/\/www.w3.org\/2000\/svg\" viewBox=\"0 0 512 512\"><path d=\"M0 219.2v212.5c0 14.25 11.62 26.25 26.5 27C75.32 461.2 180.2 471.3 240 511.9V245.2C181.4 205.5 79.99 194.8 29.84 192C13.59 191.1 0 203.6 0 219.2zM482.2 192c-50.09 2.848-151.3 13.47-209.1 53.09C272.1 245.2 272 245.3 272 245.5v266.5c60.04-40.39 164.7-50.76 213.5-53.28C500.4 457.9 512 445.9 512 431.7V219.2C512 203.6 498.4 191.1 482.2 192zM352 96c0-53-43-96-96-96S160 43 160 96s43 96 96 96S352 149 352 96z\"><\/path><\/svg><\/span><div class=\"uagb-button__link\">Cite\u0219te<\/div><\/a><\/div><\/div>\n\n\n\n<div class=\"wp-block-uagb-buttons-child uagb-buttons__outer-wrap uagb-block-02159df0 wp-block-button\"><div class=\"uagb-button__wrapper\"><a class=\"uagb-buttons-repeater wp-block-button__link has-background has-text-color\" href=\"https:\/\/filosofieromaneasca.institutuldefilosofie.ro\/sifr\/wp-content\/uploads\/2023\/01\/Rusu-Bogdan-Metafizica-stiintifica-dupa-Constantin-Leonardescu.pdf\" onclick=\"return true;\" rel=\"follow noopener\" target=\"_blank\"><span class=\"uagb-button__icon uagb-button__icon-position-before\"><svg xmlns=\"https:\/\/www.w3.org\/2000\/svg\" viewBox=\"0 0 384 512\"><path d=\"M88 304H80V256H88C101.3 256 112 266.7 112 280C112 293.3 101.3 304 88 304zM192 256H200C208.8 256 216 263.2 216 272V336C216 344.8 208.8 352 200 352H192V256zM224 0V128C224 145.7 238.3 160 256 160H384V448C384 483.3 355.3 512 320 512H64C28.65 512 0 483.3 0 448V64C0 28.65 28.65 0 64 0H224zM64 224C55.16 224 48 231.2 48 240V368C48 376.8 55.16 384 64 384C72.84 384 80 376.8 80 368V336H88C118.9 336 144 310.9 144 280C144 249.1 118.9 224 88 224H64zM160 368C160 376.8 167.2 384 176 384H200C226.5 384 248 362.5 248 336V272C248 245.5 226.5 224 200 224H176C167.2 224 160 231.2 160 240V368zM288 224C279.2 224 272 231.2 272 240V368C272 376.8 279.2 384 288 384C296.8 384 304 376.8 304 368V320H336C344.8 320 352 312.8 352 304C352 295.2 344.8 288 336 288H304V256H336C344.8 256 352 248.8 352 240C352 231.2 344.8 224 336 224H288zM256 0L384 128H256V0z\"><\/path><\/svg><\/span><div class=\"uagb-button__link\">Descarc\u0103<\/div><\/a><\/div><\/div>\n<\/div><\/div>\n\n\n\n<div style=\"height:10px\" aria-hidden=\"true\" class=\"wp-block-spacer\"><\/div>\n\n\n\n<hr class=\"wp-block-separator has-text-color has-cyan-bluish-gray-color has-css-opacity has-cyan-bluish-gray-background-color has-background is-style-wide\"\/>\n\n\n\n<p class=\"has-medium-font-size\">Rela\u021bia dintre fenomenologie \u0219i metafizic\u0103 \u00een g\u00e2ndirea lui Mihai \u0218ora<\/p>\n\n\n\n<p style=\"font-size:16px\">Victor Eugen Gelan<\/p>\n\n\n\n<p class=\"has-small-font-size\">[<em>Studii de istorie a filosofiei rom\u00e2ne\u015fti<\/em>, vol. XVIII:<em>&nbsp;\u0218tiin\u021b\u0103 \u0219i metafizic\u0103. Ion Petrovici<\/em>, Bucure\u015fti, Editura Academiei Rom\u00e2ne, 2022, pp.&nbsp;54\u201364]<\/p>\n\n\n<div class=\"wp-block-uagb-faq uagb-faq__outer-wrap uagb-block-a09bff1c uagb-faq-icon-row uagb-faq-layout-accordion uagb-faq-expand-first-false uagb-faq-inactive-other-true uagb-faq__wrap uagb-buttons-layout-wrap uagb-faq-equal-height     \" data-faqtoggle=\"true\" role=\"tablist\"><div class=\"wp-block-uagb-faq-child uagb-faq-child__outer-wrap uagb-faq-item uagb-block-91ad1eb3 \" role=\"tab\" tabindex=\"0\"><div class=\"uagb-faq-questions-button uagb-faq-questions\">\t\t\t<span class=\"uagb-icon uagb-faq-icon-wrap\">\n\t\t\t\t\t\t\t\t<svg xmlns=\"https:\/\/www.w3.org\/2000\/svg\" viewBox= \"0 0 320 512\"><path d=\"M96 480c-8.188 0-16.38-3.125-22.62-9.375c-12.5-12.5-12.5-32.75 0-45.25L242.8 256L73.38 86.63c-12.5-12.5-12.5-32.75 0-45.25s32.75-12.5 45.25 0l192 192c12.5 12.5 12.5 32.75 0 45.25l-192 192C112.4 476.9 104.2 480 96 480z\"><\/path><\/svg>\n\t\t\t\t\t\t\t<\/span>\n\t\t\t\t\t\t<span class=\"uagb-icon-active uagb-faq-icon-wrap\">\n\t\t\t\t\t\t\t\t<svg xmlns=\"https:\/\/www.w3.org\/2000\/svg\" viewBox= \"0 0 448 512\"><path d=\"M224 416c-8.188 0-16.38-3.125-22.62-9.375l-192-192c-12.5-12.5-12.5-32.75 0-45.25s32.75-12.5 45.25 0L224 338.8l169.4-169.4c12.5-12.5 32.75-12.5 45.25 0s12.5 32.75 0 45.25l-192 192C240.4 412.9 232.2 416 224 416z\"><\/path><\/svg>\n\t\t\t\t\t\t\t<\/span>\n\t\t\t<span class=\"uagb-question\">Abstract<\/span><\/div><div class=\"uagb-faq-content\"><p>According to Mihai \u0218ora\u2019s theory\/philosophical stance, every inquiry into the relation between phenomenology and metaphysics must start first from the clarification of the notions of existence and <em>in-sistence<\/em>. If, according to the existentialist phenomenology, existence sends to the fact of being situated in the exterior of your inner self (as Heidegger would put it that is being thrown out ahead in your existential projects), <em>in-sistence<\/em> is, in \u0218ora\u2019s view, a way of being centered upon yourself, i.e. lying entirely in your own self. For Heidegger, the essence of the Dassein consists in the Dassein\u2019s existence. For \u0218ora, the integral existential project of man, being made of the man\u2019s totality of existential acts, does not come out from the mode of existence (as interpreted by Heidegger), but rather resides in the <em>in-sistence<\/em>\u2019s mode. The passage from existence to <em>in-sistence<\/em> marks here a leap from phenomenology to a sort of metaphysics which nonetheless does not cancel out the phenomenological inquiry, but rather attempts at integrating the latter in a broader and more comprehensive theory of being and grounding. The result of this analysis would be that phenomenology and metaphysics are in truth two complementary domains, and not two opposed approaches in philosophy.<\/p><\/div><\/div><\/div>\n\n\n<div class=\"wp-block-uagb-buttons uagb-buttons__outer-wrap uagb-btn__medium-btn uagb-btn-tablet__default-btn uagb-btn-mobile__default-btn uagb-block-c3aaf2c0\"><div class=\"uagb-buttons__wrap uagb-buttons-layout-wrap\">\n<div class=\"wp-block-uagb-buttons-child uagb-buttons__outer-wrap uagb-block-93631527 wp-block-button\"><div class=\"uagb-button__wrapper\"><a class=\"uagb-buttons-repeater wp-block-button__link has-background has-text-color\" href=\"https:\/\/filosofieromaneasca.institutuldefilosofie.ro\/sifr\/volumul-18-2022\/relatia-dintre-fenomenologie-si-metafizica-in-gandirea-lui-mihai-sora\/\" onclick=\"return true;\" rel=\"follow noopener\" target=\"_self\"><span class=\"uagb-button__icon uagb-button__icon-position-before\"><svg xmlns=\"https:\/\/www.w3.org\/2000\/svg\" viewBox=\"0 0 512 512\"><path d=\"M0 219.2v212.5c0 14.25 11.62 26.25 26.5 27C75.32 461.2 180.2 471.3 240 511.9V245.2C181.4 205.5 79.99 194.8 29.84 192C13.59 191.1 0 203.6 0 219.2zM482.2 192c-50.09 2.848-151.3 13.47-209.1 53.09C272.1 245.2 272 245.3 272 245.5v266.5c60.04-40.39 164.7-50.76 213.5-53.28C500.4 457.9 512 445.9 512 431.7V219.2C512 203.6 498.4 191.1 482.2 192zM352 96c0-53-43-96-96-96S160 43 160 96s43 96 96 96S352 149 352 96z\"><\/path><\/svg><\/span><div class=\"uagb-button__link\">Cite\u0219te<\/div><\/a><\/div><\/div>\n\n\n\n<div class=\"wp-block-uagb-buttons-child uagb-buttons__outer-wrap uagb-block-6e2890d5 wp-block-button\"><div class=\"uagb-button__wrapper\"><a class=\"uagb-buttons-repeater wp-block-button__link has-background has-text-color\" href=\"https:\/\/filosofieromaneasca.institutuldefilosofie.ro\/sifr\/wp-content\/uploads\/2023\/01\/Gelan-Victor-Eugen-Relatia-dintre-fenomenologie-si-metafizica-in-gandirea-lui-Mihai-Sora.pdf\" onclick=\"return true;\" rel=\"follow noopener\" target=\"_blank\"><span class=\"uagb-button__icon uagb-button__icon-position-before\"><svg xmlns=\"https:\/\/www.w3.org\/2000\/svg\" viewBox=\"0 0 384 512\"><path d=\"M88 304H80V256H88C101.3 256 112 266.7 112 280C112 293.3 101.3 304 88 304zM192 256H200C208.8 256 216 263.2 216 272V336C216 344.8 208.8 352 200 352H192V256zM224 0V128C224 145.7 238.3 160 256 160H384V448C384 483.3 355.3 512 320 512H64C28.65 512 0 483.3 0 448V64C0 28.65 28.65 0 64 0H224zM64 224C55.16 224 48 231.2 48 240V368C48 376.8 55.16 384 64 384C72.84 384 80 376.8 80 368V336H88C118.9 336 144 310.9 144 280C144 249.1 118.9 224 88 224H64zM160 368C160 376.8 167.2 384 176 384H200C226.5 384 248 362.5 248 336V272C248 245.5 226.5 224 200 224H176C167.2 224 160 231.2 160 240V368zM288 224C279.2 224 272 231.2 272 240V368C272 376.8 279.2 384 288 384C296.8 384 304 376.8 304 368V320H336C344.8 320 352 312.8 352 304C352 295.2 344.8 288 336 288H304V256H336C344.8 256 352 248.8 352 240C352 231.2 344.8 224 336 224H288zM256 0L384 128H256V0z\"><\/path><\/svg><\/span><div class=\"uagb-button__link\">Descarc\u0103<\/div><\/a><\/div><\/div>\n<\/div><\/div>\n\n\n\n<div style=\"height:10px\" aria-hidden=\"true\" class=\"wp-block-spacer\"><\/div>\n\n\n\n<hr class=\"wp-block-separator has-text-color has-cyan-bluish-gray-color has-css-opacity has-cyan-bluish-gray-background-color has-background is-style-wide\"\/>\n\n\n\n<h5 class=\"wp-block-heading has-ast-global-color-7-color has-ast-global-color-4-background-color has-text-color has-background\" id=\"in-dezbatere\"><strong>Ion Petrovici \u2013 50<\/strong><\/h5>\n\n\n\n<hr class=\"wp-block-separator has-text-color has-cyan-bluish-gray-color has-css-opacity has-cyan-bluish-gray-background-color has-background is-style-wide\"\/>\n\n\n\n<p class=\"has-medium-font-size\"><em>Nota editorilor<\/em><\/p>\n\n\n\n<p class=\"has-small-font-size\">[<em>Studii de istorie a filosofiei rom\u00e2ne\u015fti<\/em>, vol. XVIII:<em>&nbsp;\u0218tiin\u021b\u0103 \u0219i metafizic\u0103. Ion Petrovici<\/em>, Bucure\u015fti, Editura Academiei Rom\u00e2ne, 2022, p. 65]<\/p>\n\n\n\n<div class=\"wp-block-uagb-buttons uagb-buttons__outer-wrap uagb-btn__medium-btn uagb-btn-tablet__default-btn uagb-btn-mobile__default-btn uagb-block-3457f7c5\"><div class=\"uagb-buttons__wrap uagb-buttons-layout-wrap\">\n<div class=\"wp-block-uagb-buttons-child uagb-buttons__outer-wrap uagb-block-63f96025 wp-block-button\"><div class=\"uagb-button__wrapper\"><a class=\"uagb-buttons-repeater wp-block-button__link has-background has-text-color\" href=\"https:\/\/filosofieromaneasca.institutuldefilosofie.ro\/sifr\/volumul-18-2022\/ion-petrovici-50-nota-editorilor\/\" onclick=\"return true;\" rel=\"follow noopener\" target=\"_self\"><span class=\"uagb-button__icon uagb-button__icon-position-before\"><svg xmlns=\"https:\/\/www.w3.org\/2000\/svg\" viewBox=\"0 0 512 512\"><path d=\"M0 219.2v212.5c0 14.25 11.62 26.25 26.5 27C75.32 461.2 180.2 471.3 240 511.9V245.2C181.4 205.5 79.99 194.8 29.84 192C13.59 191.1 0 203.6 0 219.2zM482.2 192c-50.09 2.848-151.3 13.47-209.1 53.09C272.1 245.2 272 245.3 272 245.5v266.5c60.04-40.39 164.7-50.76 213.5-53.28C500.4 457.9 512 445.9 512 431.7V219.2C512 203.6 498.4 191.1 482.2 192zM352 96c0-53-43-96-96-96S160 43 160 96s43 96 96 96S352 149 352 96z\"><\/path><\/svg><\/span><div class=\"uagb-button__link\">Cite\u0219te<\/div><\/a><\/div><\/div>\n\n\n\n<div class=\"wp-block-uagb-buttons-child uagb-buttons__outer-wrap uagb-block-e647f489 wp-block-button\"><div class=\"uagb-button__wrapper\"><a class=\"uagb-buttons-repeater wp-block-button__link has-background has-text-color\" href=\"https:\/\/filosofieromaneasca.institutuldefilosofie.ro\/sifr\/wp-content\/uploads\/2023\/01\/Nota-editorilor-Petrovici-50.pdf\" onclick=\"return true;\" rel=\"follow noopener\" target=\"_blank\"><span class=\"uagb-button__icon uagb-button__icon-position-before\"><svg xmlns=\"https:\/\/www.w3.org\/2000\/svg\" viewBox=\"0 0 384 512\"><path d=\"M88 304H80V256H88C101.3 256 112 266.7 112 280C112 293.3 101.3 304 88 304zM192 256H200C208.8 256 216 263.2 216 272V336C216 344.8 208.8 352 200 352H192V256zM224 0V128C224 145.7 238.3 160 256 160H384V448C384 483.3 355.3 512 320 512H64C28.65 512 0 483.3 0 448V64C0 28.65 28.65 0 64 0H224zM64 224C55.16 224 48 231.2 48 240V368C48 376.8 55.16 384 64 384C72.84 384 80 376.8 80 368V336H88C118.9 336 144 310.9 144 280C144 249.1 118.9 224 88 224H64zM160 368C160 376.8 167.2 384 176 384H200C226.5 384 248 362.5 248 336V272C248 245.5 226.5 224 200 224H176C167.2 224 160 231.2 160 240V368zM288 224C279.2 224 272 231.2 272 240V368C272 376.8 279.2 384 288 384C296.8 384 304 376.8 304 368V320H336C344.8 320 352 312.8 352 304C352 295.2 344.8 288 336 288H304V256H336C344.8 256 352 248.8 352 240C352 231.2 344.8 224 336 224H288zM256 0L384 128H256V0z\"><\/path><\/svg><\/span><div class=\"uagb-button__link\">Descarc\u0103<\/div><\/a><\/div><\/div>\n<\/div><\/div>\n\n\n\n<div style=\"height:10px\" aria-hidden=\"true\" class=\"wp-block-spacer\"><\/div>\n\n\n\n<hr class=\"wp-block-separator has-text-color has-cyan-bluish-gray-color has-css-opacity has-cyan-bluish-gray-background-color has-background is-style-wide\"\/>\n\n\n\n<p class=\"has-medium-font-size\">\u201eSpiritul \u0219tiin\u021bific\u201d \u0219i \u201espiritul filosofic\u201d \u00een viziunea lui Ion Petrovici<\/p>\n\n\n\n<p style=\"font-size:16px\">Constantin Stoenescu<\/p>\n\n\n\n<p class=\"has-small-font-size\">[<em>Studii de istorie a filosofiei rom\u00e2ne\u015fti<\/em>, vol. XVIII:<em>&nbsp;\u0218tiin\u021b\u0103 \u0219i metafizic\u0103. Ion Petrovici<\/em>, Bucure\u015fti, Editura Academiei Rom\u00e2ne, 2022, pp.&nbsp;67\u201378]<\/p>\n\n\n<div class=\"wp-block-uagb-faq uagb-faq__outer-wrap uagb-block-e0642ebe uagb-faq-icon-row uagb-faq-layout-accordion uagb-faq-expand-first-false uagb-faq-inactive-other-true uagb-faq__wrap uagb-buttons-layout-wrap uagb-faq-equal-height     \" data-faqtoggle=\"true\" role=\"tablist\"><div class=\"wp-block-uagb-faq-child uagb-faq-child__outer-wrap uagb-faq-item uagb-block-a21d4f9c \" role=\"tab\" tabindex=\"0\"><div class=\"uagb-faq-questions-button uagb-faq-questions\">\t\t\t<span class=\"uagb-icon uagb-faq-icon-wrap\">\n\t\t\t\t\t\t\t\t<svg xmlns=\"https:\/\/www.w3.org\/2000\/svg\" viewBox= \"0 0 320 512\"><path d=\"M96 480c-8.188 0-16.38-3.125-22.62-9.375c-12.5-12.5-12.5-32.75 0-45.25L242.8 256L73.38 86.63c-12.5-12.5-12.5-32.75 0-45.25s32.75-12.5 45.25 0l192 192c12.5 12.5 12.5 32.75 0 45.25l-192 192C112.4 476.9 104.2 480 96 480z\"><\/path><\/svg>\n\t\t\t\t\t\t\t<\/span>\n\t\t\t\t\t\t<span class=\"uagb-icon-active uagb-faq-icon-wrap\">\n\t\t\t\t\t\t\t\t<svg xmlns=\"https:\/\/www.w3.org\/2000\/svg\" viewBox= \"0 0 448 512\"><path d=\"M224 416c-8.188 0-16.38-3.125-22.62-9.375l-192-192c-12.5-12.5-12.5-32.75 0-45.25s32.75-12.5 45.25 0L224 338.8l169.4-169.4c12.5-12.5 32.75-12.5 45.25 0s12.5 32.75 0 45.25l-192 192C240.4 412.9 232.2 416 224 416z\"><\/path><\/svg>\n\t\t\t\t\t\t\t<\/span>\n\t\t\t<span class=\"uagb-question\">Abstract<\/span><\/div><div class=\"uagb-faq-content\"><p>The Romanian philosopher Ion Petrovici deals in his last study sent for publication during his life with the comparative analysis of \u201cthe philosophical spirit\u201d, \u201cthe scientific spirit\u201d, and \u201cthe theological spirit\u201d. Censorship removed considerations on \u201cthe theological spirit\u201d. Petrovici characterizes \u201cthe philosophical spirit\u201d by the overall perspective it seeks and by its role in relation to scientific research. It also distinguishes between \u201cphilosophical spirit\u201d and philosophical doctrine. Finally, the similarities and differences between \u201cthe scientific spirit\u201d and \u201cthe philosophical spirit\u201d are analyzed.<\/p><\/div><\/div><\/div>\n\n\n<div class=\"wp-block-uagb-buttons uagb-buttons__outer-wrap uagb-btn__medium-btn uagb-btn-tablet__default-btn uagb-btn-mobile__default-btn uagb-block-45a5d01f\"><div class=\"uagb-buttons__wrap uagb-buttons-layout-wrap\">\n<div class=\"wp-block-uagb-buttons-child uagb-buttons__outer-wrap uagb-block-8a6dd7c8 wp-block-button\"><div class=\"uagb-button__wrapper\"><a class=\"uagb-buttons-repeater wp-block-button__link has-background has-text-color\" href=\"https:\/\/filosofieromaneasca.institutuldefilosofie.ro\/sifr\/volumul-18-2022\/spiritul-stiintific-si-spiritul-filosofic-in-viziunea-lui-ion-petrovici\/\" onclick=\"return true;\" rel=\"follow noopener\" target=\"_self\"><span class=\"uagb-button__icon uagb-button__icon-position-before\"><svg xmlns=\"https:\/\/www.w3.org\/2000\/svg\" viewBox=\"0 0 512 512\"><path d=\"M0 219.2v212.5c0 14.25 11.62 26.25 26.5 27C75.32 461.2 180.2 471.3 240 511.9V245.2C181.4 205.5 79.99 194.8 29.84 192C13.59 191.1 0 203.6 0 219.2zM482.2 192c-50.09 2.848-151.3 13.47-209.1 53.09C272.1 245.2 272 245.3 272 245.5v266.5c60.04-40.39 164.7-50.76 213.5-53.28C500.4 457.9 512 445.9 512 431.7V219.2C512 203.6 498.4 191.1 482.2 192zM352 96c0-53-43-96-96-96S160 43 160 96s43 96 96 96S352 149 352 96z\"><\/path><\/svg><\/span><div class=\"uagb-button__link\">Cite\u0219te<\/div><\/a><\/div><\/div>\n\n\n\n<div class=\"wp-block-uagb-buttons-child uagb-buttons__outer-wrap uagb-block-076e1452 wp-block-button\"><div class=\"uagb-button__wrapper\"><a class=\"uagb-buttons-repeater wp-block-button__link has-background has-text-color\" href=\"https:\/\/filosofieromaneasca.institutuldefilosofie.ro\/sifr\/wp-content\/uploads\/2023\/01\/Stoenescu-Constantin-Spiritul-stiintific-si-spiritul-filosofic-in-viziunea-lui-Ion-Petrovici.pdf\" onclick=\"return true;\" rel=\"follow noopener\" target=\"_blank\"><span class=\"uagb-button__icon uagb-button__icon-position-before\"><svg xmlns=\"https:\/\/www.w3.org\/2000\/svg\" viewBox=\"0 0 384 512\"><path d=\"M88 304H80V256H88C101.3 256 112 266.7 112 280C112 293.3 101.3 304 88 304zM192 256H200C208.8 256 216 263.2 216 272V336C216 344.8 208.8 352 200 352H192V256zM224 0V128C224 145.7 238.3 160 256 160H384V448C384 483.3 355.3 512 320 512H64C28.65 512 0 483.3 0 448V64C0 28.65 28.65 0 64 0H224zM64 224C55.16 224 48 231.2 48 240V368C48 376.8 55.16 384 64 384C72.84 384 80 376.8 80 368V336H88C118.9 336 144 310.9 144 280C144 249.1 118.9 224 88 224H64zM160 368C160 376.8 167.2 384 176 384H200C226.5 384 248 362.5 248 336V272C248 245.5 226.5 224 200 224H176C167.2 224 160 231.2 160 240V368zM288 224C279.2 224 272 231.2 272 240V368C272 376.8 279.2 384 288 384C296.8 384 304 376.8 304 368V320H336C344.8 320 352 312.8 352 304C352 295.2 344.8 288 336 288H304V256H336C344.8 256 352 248.8 352 240C352 231.2 344.8 224 336 224H288zM256 0L384 128H256V0z\"><\/path><\/svg><\/span><div class=\"uagb-button__link\">Descarc\u0103<\/div><\/a><\/div><\/div>\n<\/div><\/div>\n\n\n\n<div style=\"height:10px\" aria-hidden=\"true\" class=\"wp-block-spacer\"><\/div>\n\n\n\n<hr class=\"wp-block-separator has-text-color has-cyan-bluish-gray-color has-css-opacity has-cyan-bluish-gray-background-color has-background is-style-wide\"\/>\n\n\n\n<p class=\"has-medium-font-size\">Paralelismul psihofizic ca descriere \u0219i paralelismul psihofizic ca solu\u021bie<\/p>\n\n\n\n<p style=\"font-size:16px\">Mona Mamulea<\/p>\n\n\n\n<p class=\"has-small-font-size\">[<em>Studii de istorie a filosofiei rom\u00e2ne\u015fti<\/em>, vol. XVIII:<em>&nbsp;\u0218tiin\u021b\u0103 \u0219i metafizic\u0103. Ion Petrovici<\/em>, Bucure\u015fti, Editura Academiei Rom\u00e2ne, 2022, pp.&nbsp;79\u201390]<\/p>\n\n\n<div class=\"wp-block-uagb-faq uagb-faq__outer-wrap uagb-block-d1eae036 uagb-faq-icon-row uagb-faq-layout-accordion uagb-faq-expand-first-false uagb-faq-inactive-other-true uagb-faq__wrap uagb-buttons-layout-wrap uagb-faq-equal-height     \" data-faqtoggle=\"true\" role=\"tablist\"><div class=\"wp-block-uagb-faq-child uagb-faq-child__outer-wrap uagb-faq-item uagb-block-cae21b3c \" role=\"tab\" tabindex=\"0\"><div class=\"uagb-faq-questions-button uagb-faq-questions\">\t\t\t<span class=\"uagb-icon uagb-faq-icon-wrap\">\n\t\t\t\t\t\t\t\t<svg xmlns=\"https:\/\/www.w3.org\/2000\/svg\" viewBox= \"0 0 320 512\"><path d=\"M96 480c-8.188 0-16.38-3.125-22.62-9.375c-12.5-12.5-12.5-32.75 0-45.25L242.8 256L73.38 86.63c-12.5-12.5-12.5-32.75 0-45.25s32.75-12.5 45.25 0l192 192c12.5 12.5 12.5 32.75 0 45.25l-192 192C112.4 476.9 104.2 480 96 480z\"><\/path><\/svg>\n\t\t\t\t\t\t\t<\/span>\n\t\t\t\t\t\t<span class=\"uagb-icon-active uagb-faq-icon-wrap\">\n\t\t\t\t\t\t\t\t<svg xmlns=\"https:\/\/www.w3.org\/2000\/svg\" viewBox= \"0 0 448 512\"><path d=\"M224 416c-8.188 0-16.38-3.125-22.62-9.375l-192-192c-12.5-12.5-12.5-32.75 0-45.25s32.75-12.5 45.25 0L224 338.8l169.4-169.4c12.5-12.5 32.75-12.5 45.25 0s12.5 32.75 0 45.25l-192 192C240.4 412.9 232.2 416 224 416z\"><\/path><\/svg>\n\t\t\t\t\t\t\t<\/span>\n\t\t\t<span class=\"uagb-question\">Abstract<\/span><\/div><div class=\"uagb-faq-content\"><p>The PhD dissertation defended by Ion Petrovici in 1905 triggered criticism related to its sources, method and aim. Although the author made use of the term \u2018psychophysical parallelism\u2019 in the title \u2013 the critics reproached \u2013, the work had nothing to do with scientific psychology. The following paper discusses the distinction between psychophysical parallelism as description and psychophysical parallelism as solution to the mind\u2013body problem. Only the former can be considered a proper scientific approach.<\/p><\/div><\/div><\/div>\n\n\n<div class=\"wp-block-uagb-buttons uagb-buttons__outer-wrap uagb-btn__medium-btn uagb-btn-tablet__default-btn uagb-btn-mobile__default-btn uagb-block-8a00c263\"><div class=\"uagb-buttons__wrap uagb-buttons-layout-wrap\">\n<div class=\"wp-block-uagb-buttons-child uagb-buttons__outer-wrap uagb-block-7b28783e wp-block-button\"><div class=\"uagb-button__wrapper\"><a class=\"uagb-buttons-repeater wp-block-button__link has-background has-text-color\" href=\"https:\/\/filosofieromaneasca.institutuldefilosofie.ro\/sifr\/volumul-18-2022\/paralelismul-psihofizic-ca-descriere-si-paralelismul-psihofizic-ca-solutie\/\" onclick=\"return true;\" rel=\"follow noopener\" target=\"_self\"><span class=\"uagb-button__icon uagb-button__icon-position-before\"><svg xmlns=\"https:\/\/www.w3.org\/2000\/svg\" viewBox=\"0 0 512 512\"><path d=\"M0 219.2v212.5c0 14.25 11.62 26.25 26.5 27C75.32 461.2 180.2 471.3 240 511.9V245.2C181.4 205.5 79.99 194.8 29.84 192C13.59 191.1 0 203.6 0 219.2zM482.2 192c-50.09 2.848-151.3 13.47-209.1 53.09C272.1 245.2 272 245.3 272 245.5v266.5c60.04-40.39 164.7-50.76 213.5-53.28C500.4 457.9 512 445.9 512 431.7V219.2C512 203.6 498.4 191.1 482.2 192zM352 96c0-53-43-96-96-96S160 43 160 96s43 96 96 96S352 149 352 96z\"><\/path><\/svg><\/span><div class=\"uagb-button__link\">Cite\u0219te<\/div><\/a><\/div><\/div>\n\n\n\n<div class=\"wp-block-uagb-buttons-child uagb-buttons__outer-wrap uagb-block-e6ff1a15 wp-block-button\"><div class=\"uagb-button__wrapper\"><a class=\"uagb-buttons-repeater wp-block-button__link has-background has-text-color\" href=\"https:\/\/filosofieromaneasca.institutuldefilosofie.ro\/sifr\/wp-content\/uploads\/2023\/01\/Mamulea-Mona-Paralelismul-psihofizic-ca-descriere-si-paralelismul-psihofizic-ca-solutie.pdf\" onclick=\"return true;\" rel=\"follow noopener\" target=\"_blank\"><span class=\"uagb-button__icon uagb-button__icon-position-before\"><svg xmlns=\"https:\/\/www.w3.org\/2000\/svg\" viewBox=\"0 0 384 512\"><path d=\"M88 304H80V256H88C101.3 256 112 266.7 112 280C112 293.3 101.3 304 88 304zM192 256H200C208.8 256 216 263.2 216 272V336C216 344.8 208.8 352 200 352H192V256zM224 0V128C224 145.7 238.3 160 256 160H384V448C384 483.3 355.3 512 320 512H64C28.65 512 0 483.3 0 448V64C0 28.65 28.65 0 64 0H224zM64 224C55.16 224 48 231.2 48 240V368C48 376.8 55.16 384 64 384C72.84 384 80 376.8 80 368V336H88C118.9 336 144 310.9 144 280C144 249.1 118.9 224 88 224H64zM160 368C160 376.8 167.2 384 176 384H200C226.5 384 248 362.5 248 336V272C248 245.5 226.5 224 200 224H176C167.2 224 160 231.2 160 240V368zM288 224C279.2 224 272 231.2 272 240V368C272 376.8 279.2 384 288 384C296.8 384 304 376.8 304 368V320H336C344.8 320 352 312.8 352 304C352 295.2 344.8 288 336 288H304V256H336C344.8 256 352 248.8 352 240C352 231.2 344.8 224 336 224H288zM256 0L384 128H256V0z\"><\/path><\/svg><\/span><div class=\"uagb-button__link\">Descarc\u0103<\/div><\/a><\/div><\/div>\n<\/div><\/div>\n\n\n\n<div style=\"height:10px\" aria-hidden=\"true\" class=\"wp-block-spacer\"><\/div>\n\n\n\n<hr class=\"wp-block-separator has-text-color has-cyan-bluish-gray-color has-css-opacity has-cyan-bluish-gray-background-color has-background is-style-wide\"\/>\n\n\n\n<p class=\"has-medium-font-size\">Ion Petrovici: despre necesitatea metafizicii sau c\u00e2t de aproape suntem de adev\u0103r?<\/p>\n\n\n\n<p style=\"font-size:16px\">Mihai Popa<\/p>\n\n\n\n<p class=\"has-small-font-size\">[<em>Studii de istorie a filosofiei rom\u00e2ne\u015fti<\/em>, vol. XVIII:<em>&nbsp;\u0218tiin\u021b\u0103 \u0219i metafizic\u0103. Ion Petrovici<\/em>, Bucure\u015fti, Editura Academiei Rom\u00e2ne, 2022, pp.&nbsp;91\u2013100]<\/p>\n\n\n<div class=\"wp-block-uagb-faq uagb-faq__outer-wrap uagb-block-8333d6b2 uagb-faq-icon-row uagb-faq-layout-accordion uagb-faq-expand-first-false uagb-faq-inactive-other-true uagb-faq__wrap uagb-buttons-layout-wrap uagb-faq-equal-height     \" data-faqtoggle=\"true\" role=\"tablist\"><div class=\"wp-block-uagb-faq-child uagb-faq-child__outer-wrap uagb-faq-item uagb-block-66ec65fa \" role=\"tab\" tabindex=\"0\"><div class=\"uagb-faq-questions-button uagb-faq-questions\">\t\t\t<span class=\"uagb-icon uagb-faq-icon-wrap\">\n\t\t\t\t\t\t\t\t<svg xmlns=\"https:\/\/www.w3.org\/2000\/svg\" viewBox= \"0 0 320 512\"><path d=\"M96 480c-8.188 0-16.38-3.125-22.62-9.375c-12.5-12.5-12.5-32.75 0-45.25L242.8 256L73.38 86.63c-12.5-12.5-12.5-32.75 0-45.25s32.75-12.5 45.25 0l192 192c12.5 12.5 12.5 32.75 0 45.25l-192 192C112.4 476.9 104.2 480 96 480z\"><\/path><\/svg>\n\t\t\t\t\t\t\t<\/span>\n\t\t\t\t\t\t<span class=\"uagb-icon-active uagb-faq-icon-wrap\">\n\t\t\t\t\t\t\t\t<svg xmlns=\"https:\/\/www.w3.org\/2000\/svg\" viewBox= \"0 0 448 512\"><path d=\"M224 416c-8.188 0-16.38-3.125-22.62-9.375l-192-192c-12.5-12.5-12.5-32.75 0-45.25s32.75-12.5 45.25 0L224 338.8l169.4-169.4c12.5-12.5 32.75-12.5 45.25 0s12.5 32.75 0 45.25l-192 192C240.4 412.9 232.2 416 224 416z\"><\/path><\/svg>\n\t\t\t\t\t\t\t<\/span>\n\t\t\t<span class=\"uagb-question\">Abstract<\/span><\/div><div class=\"uagb-faq-content\"><p>In a conference held at Sorbonne on March 25, 1936, \u201cLa connaissance humaine et le transcendent\u201d (Human knowledge and the transcendent), Ion Petrovici discussed the following problem which he traced through the history of philosophy to the present day: Is thought capable of perceiving reality itself? He distinguished between the gnoseological and ontological aspects of the problem. The first one is related to the nature and capacity of human functions (sensation, perception, intellect, reason) to intuit and render reality in knowledge. The second one belongs to the very structure of reality, of the object of knowledge. Fundamental categories of Kant\u2019s philosophy, such as existence, causality, and substance are brought into discussion. Provocative, but often puzzling, is that, from whatever field we start, we quickly reach a result that has an almost apodictic meaning: thinking always aims beyond itself.<\/p><\/div><\/div><\/div>\n\n\n<div class=\"wp-block-uagb-buttons uagb-buttons__outer-wrap uagb-btn__medium-btn uagb-btn-tablet__default-btn uagb-btn-mobile__default-btn uagb-block-acde39a7\"><div class=\"uagb-buttons__wrap uagb-buttons-layout-wrap\">\n<div class=\"wp-block-uagb-buttons-child uagb-buttons__outer-wrap uagb-block-26e183b5 wp-block-button\"><div class=\"uagb-button__wrapper\"><a class=\"uagb-buttons-repeater wp-block-button__link has-background has-text-color\" href=\"https:\/\/filosofieromaneasca.institutuldefilosofie.ro\/sifr\/volumul-18-2022\/ion-petrovici-despre-necesitatea-metafizicii-sau-cat-de-aproape-suntem-de-adevar\/\" onclick=\"return true;\" rel=\"follow noopener\" target=\"_self\"><span class=\"uagb-button__icon uagb-button__icon-position-before\"><svg xmlns=\"https:\/\/www.w3.org\/2000\/svg\" viewBox=\"0 0 512 512\"><path d=\"M0 219.2v212.5c0 14.25 11.62 26.25 26.5 27C75.32 461.2 180.2 471.3 240 511.9V245.2C181.4 205.5 79.99 194.8 29.84 192C13.59 191.1 0 203.6 0 219.2zM482.2 192c-50.09 2.848-151.3 13.47-209.1 53.09C272.1 245.2 272 245.3 272 245.5v266.5c60.04-40.39 164.7-50.76 213.5-53.28C500.4 457.9 512 445.9 512 431.7V219.2C512 203.6 498.4 191.1 482.2 192zM352 96c0-53-43-96-96-96S160 43 160 96s43 96 96 96S352 149 352 96z\"><\/path><\/svg><\/span><div class=\"uagb-button__link\">Cite\u0219te<\/div><\/a><\/div><\/div>\n\n\n\n<div class=\"wp-block-uagb-buttons-child uagb-buttons__outer-wrap uagb-block-8a41bdf0 wp-block-button\"><div class=\"uagb-button__wrapper\"><a class=\"uagb-buttons-repeater wp-block-button__link has-background has-text-color\" href=\"https:\/\/filosofieromaneasca.institutuldefilosofie.ro\/sifr\/wp-content\/uploads\/2023\/01\/Popa-Mihai-Ion-Petrovici-despre-necesitatea-metafizicii.pdf\" onclick=\"return true;\" rel=\"follow noopener\" target=\"_blank\"><span class=\"uagb-button__icon uagb-button__icon-position-before\"><svg xmlns=\"https:\/\/www.w3.org\/2000\/svg\" viewBox=\"0 0 384 512\"><path d=\"M88 304H80V256H88C101.3 256 112 266.7 112 280C112 293.3 101.3 304 88 304zM192 256H200C208.8 256 216 263.2 216 272V336C216 344.8 208.8 352 200 352H192V256zM224 0V128C224 145.7 238.3 160 256 160H384V448C384 483.3 355.3 512 320 512H64C28.65 512 0 483.3 0 448V64C0 28.65 28.65 0 64 0H224zM64 224C55.16 224 48 231.2 48 240V368C48 376.8 55.16 384 64 384C72.84 384 80 376.8 80 368V336H88C118.9 336 144 310.9 144 280C144 249.1 118.9 224 88 224H64zM160 368C160 376.8 167.2 384 176 384H200C226.5 384 248 362.5 248 336V272C248 245.5 226.5 224 200 224H176C167.2 224 160 231.2 160 240V368zM288 224C279.2 224 272 231.2 272 240V368C272 376.8 279.2 384 288 384C296.8 384 304 376.8 304 368V320H336C344.8 320 352 312.8 352 304C352 295.2 344.8 288 336 288H304V256H336C344.8 256 352 248.8 352 240C352 231.2 344.8 224 336 224H288zM256 0L384 128H256V0z\"><\/path><\/svg><\/span><div class=\"uagb-button__link\">Descarc\u0103<\/div><\/a><\/div><\/div>\n<\/div><\/div>\n\n\n\n<div style=\"height:10px\" aria-hidden=\"true\" class=\"wp-block-spacer\"><\/div>\n\n\n\n<hr class=\"wp-block-separator has-text-color has-cyan-bluish-gray-color has-css-opacity has-cyan-bluish-gray-background-color has-background is-style-wide\"\/>\n\n\n\n<p class=\"has-medium-font-size\">Sfera \u0219i con\u021binutul no\u021biunilor la Ion Petrovici \u0219i Edmond Goblot: o inadverten\u021b\u0103 istoriografic\u0103<\/p>\n\n\n\n<p style=\"font-size:16px\">Ovidiu G. Grama<\/p>\n\n\n\n<p class=\"has-small-font-size\">[<em>Studii de istorie a filosofiei rom\u00e2ne\u015fti<\/em>, vol. XVIII:<em>&nbsp;\u0218tiin\u021b\u0103 \u0219i metafizic\u0103. Ion Petrovici<\/em>, Bucure\u015fti, Editura Academiei Rom\u00e2ne, 2022, pp.&nbsp;101\u2013110]<\/p>\n\n\n<div class=\"wp-block-uagb-faq uagb-faq__outer-wrap uagb-block-3cbdb1c1 uagb-faq-icon-row uagb-faq-layout-accordion uagb-faq-expand-first-false uagb-faq-inactive-other-true uagb-faq__wrap uagb-buttons-layout-wrap uagb-faq-equal-height     \" data-faqtoggle=\"true\" role=\"tablist\"><div class=\"wp-block-uagb-faq-child uagb-faq-child__outer-wrap uagb-faq-item uagb-block-10d6d494 \" role=\"tab\" tabindex=\"0\"><div class=\"uagb-faq-questions-button uagb-faq-questions\">\t\t\t<span class=\"uagb-icon uagb-faq-icon-wrap\">\n\t\t\t\t\t\t\t\t<svg xmlns=\"https:\/\/www.w3.org\/2000\/svg\" viewBox= \"0 0 320 512\"><path d=\"M96 480c-8.188 0-16.38-3.125-22.62-9.375c-12.5-12.5-12.5-32.75 0-45.25L242.8 256L73.38 86.63c-12.5-12.5-12.5-32.75 0-45.25s32.75-12.5 45.25 0l192 192c12.5 12.5 12.5 32.75 0 45.25l-192 192C112.4 476.9 104.2 480 96 480z\"><\/path><\/svg>\n\t\t\t\t\t\t\t<\/span>\n\t\t\t\t\t\t<span class=\"uagb-icon-active uagb-faq-icon-wrap\">\n\t\t\t\t\t\t\t\t<svg xmlns=\"https:\/\/www.w3.org\/2000\/svg\" viewBox= \"0 0 448 512\"><path d=\"M224 416c-8.188 0-16.38-3.125-22.62-9.375l-192-192c-12.5-12.5-12.5-32.75 0-45.25s32.75-12.5 45.25 0L224 338.8l169.4-169.4c12.5-12.5 32.75-12.5 45.25 0s12.5 32.75 0 45.25l-192 192C240.4 412.9 232.2 416 224 416z\"><\/path><\/svg>\n\t\t\t\t\t\t\t<\/span>\n\t\t\t<span class=\"uagb-question\">Abstract<\/span><\/div><div class=\"uagb-faq-content\"><p>The paper tries to identify the imperfections of a small book review from 1920, which had a disproportionate impact on subsequent Romanian philosophical historiography. The review in question is signed by Petre Andrei; he points to a parallel between certain novel ideas of the logicians Ion Petrovici and Edmond Goblot, drawing attention to the complete similarity of their conceptions and the priority that the former would have over the latter regarding their thoughts on the relationship between the intension and the extension of logical concepts. But the ideas were not so novel, the similarity was not so complete, and the priority did not exist, or at least this is what I will try to establish.<\/p><\/div><\/div><\/div>\n\n\n<div class=\"wp-block-uagb-buttons uagb-buttons__outer-wrap uagb-btn__medium-btn uagb-btn-tablet__default-btn uagb-btn-mobile__default-btn uagb-block-625844ed\"><div class=\"uagb-buttons__wrap uagb-buttons-layout-wrap\">\n<div class=\"wp-block-uagb-buttons-child uagb-buttons__outer-wrap uagb-block-32ebd3fb wp-block-button\"><div class=\"uagb-button__wrapper\"><a class=\"uagb-buttons-repeater wp-block-button__link has-background has-text-color\" href=\"https:\/\/filosofieromaneasca.institutuldefilosofie.ro\/sifr\/sfera-si-continutul-notiunilor-la-ion-petrovici-si-edmond-goblot-o-inadvertenta-istoriografica\/\" onclick=\"return true;\" rel=\"follow noopener\" target=\"_self\"><span class=\"uagb-button__icon uagb-button__icon-position-before\"><svg xmlns=\"https:\/\/www.w3.org\/2000\/svg\" viewBox=\"0 0 512 512\"><path d=\"M0 219.2v212.5c0 14.25 11.62 26.25 26.5 27C75.32 461.2 180.2 471.3 240 511.9V245.2C181.4 205.5 79.99 194.8 29.84 192C13.59 191.1 0 203.6 0 219.2zM482.2 192c-50.09 2.848-151.3 13.47-209.1 53.09C272.1 245.2 272 245.3 272 245.5v266.5c60.04-40.39 164.7-50.76 213.5-53.28C500.4 457.9 512 445.9 512 431.7V219.2C512 203.6 498.4 191.1 482.2 192zM352 96c0-53-43-96-96-96S160 43 160 96s43 96 96 96S352 149 352 96z\"><\/path><\/svg><\/span><div class=\"uagb-button__link\">Cite\u0219te<\/div><\/a><\/div><\/div>\n\n\n\n<div class=\"wp-block-uagb-buttons-child uagb-buttons__outer-wrap uagb-block-e528a7c2 wp-block-button\"><div class=\"uagb-button__wrapper\"><a class=\"uagb-buttons-repeater wp-block-button__link has-background has-text-color\" href=\"https:\/\/filosofieromaneasca.institutuldefilosofie.ro\/sifr\/wp-content\/uploads\/2023\/01\/Grama-Ovidiu-Sfera-si-continutul-notiunilor-la-Ion-Petrovici-si-Edmond-Goblot.pdf\" onclick=\"return true;\" rel=\"follow noopener\" target=\"_blank\"><span class=\"uagb-button__icon uagb-button__icon-position-before\"><svg xmlns=\"https:\/\/www.w3.org\/2000\/svg\" viewBox=\"0 0 384 512\"><path d=\"M88 304H80V256H88C101.3 256 112 266.7 112 280C112 293.3 101.3 304 88 304zM192 256H200C208.8 256 216 263.2 216 272V336C216 344.8 208.8 352 200 352H192V256zM224 0V128C224 145.7 238.3 160 256 160H384V448C384 483.3 355.3 512 320 512H64C28.65 512 0 483.3 0 448V64C0 28.65 28.65 0 64 0H224zM64 224C55.16 224 48 231.2 48 240V368C48 376.8 55.16 384 64 384C72.84 384 80 376.8 80 368V336H88C118.9 336 144 310.9 144 280C144 249.1 118.9 224 88 224H64zM160 368C160 376.8 167.2 384 176 384H200C226.5 384 248 362.5 248 336V272C248 245.5 226.5 224 200 224H176C167.2 224 160 231.2 160 240V368zM288 224C279.2 224 272 231.2 272 240V368C272 376.8 279.2 384 288 384C296.8 384 304 376.8 304 368V320H336C344.8 320 352 312.8 352 304C352 295.2 344.8 288 336 288H304V256H336C344.8 256 352 248.8 352 240C352 231.2 344.8 224 336 224H288zM256 0L384 128H256V0z\"><\/path><\/svg><\/span><div class=\"uagb-button__link\">Descarc\u0103<\/div><\/a><\/div><\/div>\n<\/div><\/div>\n\n\n\n<div style=\"height:10px\" aria-hidden=\"true\" class=\"wp-block-spacer\"><\/div>\n\n\n\n<hr class=\"wp-block-separator has-text-color has-cyan-bluish-gray-color has-css-opacity has-cyan-bluish-gray-background-color has-background is-style-wide\"\/>\n\n\n\n<p class=\"has-medium-font-size\">Ion Petrovici \u0219i Alexandru Mironescu \u2013 utiliz\u0103ri ale termenului <em>adev\u0103r<\/em><\/p>\n\n\n\n<p style=\"font-size:16px\">Marian George Panait<\/p>\n\n\n\n<p class=\"has-small-font-size\">[<em>Studii de istorie a filosofiei rom\u00e2ne\u015fti<\/em>, vol. XVIII:<em>&nbsp;\u0218tiin\u021b\u0103 \u0219i metafizic\u0103. Ion Petrovici<\/em>, Bucure\u015fti, Editura Academiei Rom\u00e2ne, 2022, pp.&nbsp;111\u2013121]<\/p>\n\n\n<div class=\"wp-block-uagb-faq uagb-faq__outer-wrap uagb-block-cad7d8fe uagb-faq-icon-row uagb-faq-layout-accordion uagb-faq-expand-first-false uagb-faq-inactive-other-true uagb-faq__wrap uagb-buttons-layout-wrap uagb-faq-equal-height     \" data-faqtoggle=\"true\" role=\"tablist\"><div class=\"wp-block-uagb-faq-child uagb-faq-child__outer-wrap uagb-faq-item uagb-block-3a79fb0e \" role=\"tab\" tabindex=\"0\"><div class=\"uagb-faq-questions-button uagb-faq-questions\">\t\t\t<span class=\"uagb-icon uagb-faq-icon-wrap\">\n\t\t\t\t\t\t\t\t<svg xmlns=\"https:\/\/www.w3.org\/2000\/svg\" viewBox= \"0 0 320 512\"><path d=\"M96 480c-8.188 0-16.38-3.125-22.62-9.375c-12.5-12.5-12.5-32.75 0-45.25L242.8 256L73.38 86.63c-12.5-12.5-12.5-32.75 0-45.25s32.75-12.5 45.25 0l192 192c12.5 12.5 12.5 32.75 0 45.25l-192 192C112.4 476.9 104.2 480 96 480z\"><\/path><\/svg>\n\t\t\t\t\t\t\t<\/span>\n\t\t\t\t\t\t<span class=\"uagb-icon-active uagb-faq-icon-wrap\">\n\t\t\t\t\t\t\t\t<svg xmlns=\"https:\/\/www.w3.org\/2000\/svg\" viewBox= \"0 0 448 512\"><path d=\"M224 416c-8.188 0-16.38-3.125-22.62-9.375l-192-192c-12.5-12.5-12.5-32.75 0-45.25s32.75-12.5 45.25 0L224 338.8l169.4-169.4c12.5-12.5 32.75-12.5 45.25 0s12.5 32.75 0 45.25l-192 192C240.4 412.9 232.2 416 224 416z\"><\/path><\/svg>\n\t\t\t\t\t\t\t<\/span>\n\t\t\t<span class=\"uagb-question\">Abstract<\/span><\/div><div class=\"uagb-faq-content\"><p>The purpose of this text is to emphasize the positioning \u2013 on account of the use of the term \u2018truth\u2019 \u2013 of philosophy, respectively theology concerning the metaphysical principle. I sketch an interpretative grid that I apply, as an illustration, to the uses of the term \u2018truth\u2019 in the theory of knowledge of Ion Petrovici and Alexandru Mironescu. At stake in the investigation is to reveal the difficulty that a person with both philosophical and theological commitments about the principle must face.<\/p><\/div><\/div><\/div>\n\n\n<div class=\"wp-block-uagb-buttons uagb-buttons__outer-wrap uagb-btn__medium-btn uagb-btn-tablet__default-btn uagb-btn-mobile__default-btn uagb-block-33c61d07\"><div class=\"uagb-buttons__wrap uagb-buttons-layout-wrap\">\n<div class=\"wp-block-uagb-buttons-child uagb-buttons__outer-wrap uagb-block-0a1d5001 wp-block-button\"><div class=\"uagb-button__wrapper\"><a class=\"uagb-buttons-repeater wp-block-button__link has-background has-text-color\" href=\"https:\/\/filosofieromaneasca.institutuldefilosofie.ro\/sifr\/volumul-18-2022\/ion-petrovici-si-alexandru-mironescu-utilizari-ale-termenului-adevar\/\" onclick=\"return true;\" rel=\"follow noopener\" target=\"_self\"><span class=\"uagb-button__icon uagb-button__icon-position-before\"><svg xmlns=\"https:\/\/www.w3.org\/2000\/svg\" viewBox=\"0 0 512 512\"><path d=\"M0 219.2v212.5c0 14.25 11.62 26.25 26.5 27C75.32 461.2 180.2 471.3 240 511.9V245.2C181.4 205.5 79.99 194.8 29.84 192C13.59 191.1 0 203.6 0 219.2zM482.2 192c-50.09 2.848-151.3 13.47-209.1 53.09C272.1 245.2 272 245.3 272 245.5v266.5c60.04-40.39 164.7-50.76 213.5-53.28C500.4 457.9 512 445.9 512 431.7V219.2C512 203.6 498.4 191.1 482.2 192zM352 96c0-53-43-96-96-96S160 43 160 96s43 96 96 96S352 149 352 96z\"><\/path><\/svg><\/span><div class=\"uagb-button__link\">Cite\u0219te<\/div><\/a><\/div><\/div>\n\n\n\n<div class=\"wp-block-uagb-buttons-child uagb-buttons__outer-wrap uagb-block-986b3794 wp-block-button\"><div class=\"uagb-button__wrapper\"><a class=\"uagb-buttons-repeater wp-block-button__link has-background has-text-color\" href=\"https:\/\/filosofieromaneasca.institutuldefilosofie.ro\/sifr\/wp-content\/uploads\/2023\/01\/Panait-Marian-George-Ion-Petrovici-si-Alexandru-Mironescu.pdf\" onclick=\"return true;\" rel=\"follow noopener\" target=\"_blank\"><span class=\"uagb-button__icon uagb-button__icon-position-before\"><svg xmlns=\"https:\/\/www.w3.org\/2000\/svg\" viewBox=\"0 0 384 512\"><path d=\"M88 304H80V256H88C101.3 256 112 266.7 112 280C112 293.3 101.3 304 88 304zM192 256H200C208.8 256 216 263.2 216 272V336C216 344.8 208.8 352 200 352H192V256zM224 0V128C224 145.7 238.3 160 256 160H384V448C384 483.3 355.3 512 320 512H64C28.65 512 0 483.3 0 448V64C0 28.65 28.65 0 64 0H224zM64 224C55.16 224 48 231.2 48 240V368C48 376.8 55.16 384 64 384C72.84 384 80 376.8 80 368V336H88C118.9 336 144 310.9 144 280C144 249.1 118.9 224 88 224H64zM160 368C160 376.8 167.2 384 176 384H200C226.5 384 248 362.5 248 336V272C248 245.5 226.5 224 200 224H176C167.2 224 160 231.2 160 240V368zM288 224C279.2 224 272 231.2 272 240V368C272 376.8 279.2 384 288 384C296.8 384 304 376.8 304 368V320H336C344.8 320 352 312.8 352 304C352 295.2 344.8 288 336 288H304V256H336C344.8 256 352 248.8 352 240C352 231.2 344.8 224 336 224H288zM256 0L384 128H256V0z\"><\/path><\/svg><\/span><div class=\"uagb-button__link\">Descarc\u0103<\/div><\/a><\/div><\/div>\n<\/div><\/div>\n\n\n\n<div style=\"height:10px\" aria-hidden=\"true\" class=\"wp-block-spacer\"><\/div>\n\n\n\n<hr class=\"wp-block-separator has-text-color has-cyan-bluish-gray-color has-css-opacity has-cyan-bluish-gray-background-color has-background is-style-wide\"\/>\n\n\n\n<p class=\"has-medium-font-size\">Ion Petrovici \u00eentre metafizic\u0103 de consolare \u0219i g\u00e2ndire categorial\u0103<\/p>\n\n\n\n<p style=\"font-size:16px\">Adrian Ciocioman<\/p>\n\n\n\n<p class=\"has-small-font-size\">[<em>Studii de istorie a filosofiei rom\u00e2ne\u015fti<\/em>, vol. XVIII:<em>&nbsp;\u0218tiin\u021b\u0103 \u0219i metafizic\u0103. Ion Petrovici<\/em>, Bucure\u015fti, Editura Academiei Rom\u00e2ne, 2022, pp.&nbsp;122\u2013130]<\/p>\n\n\n<div class=\"wp-block-uagb-faq uagb-faq__outer-wrap uagb-block-8a4eb5eb uagb-faq-icon-row uagb-faq-layout-accordion uagb-faq-expand-first-false uagb-faq-inactive-other-true uagb-faq__wrap uagb-buttons-layout-wrap uagb-faq-equal-height     \" data-faqtoggle=\"true\" role=\"tablist\"><div class=\"wp-block-uagb-faq-child uagb-faq-child__outer-wrap uagb-faq-item uagb-block-a8014af3 \" role=\"tab\" tabindex=\"0\"><div class=\"uagb-faq-questions-button uagb-faq-questions\">\t\t\t<span class=\"uagb-icon uagb-faq-icon-wrap\">\n\t\t\t\t\t\t\t\t<svg xmlns=\"https:\/\/www.w3.org\/2000\/svg\" viewBox= \"0 0 320 512\"><path d=\"M96 480c-8.188 0-16.38-3.125-22.62-9.375c-12.5-12.5-12.5-32.75 0-45.25L242.8 256L73.38 86.63c-12.5-12.5-12.5-32.75 0-45.25s32.75-12.5 45.25 0l192 192c12.5 12.5 12.5 32.75 0 45.25l-192 192C112.4 476.9 104.2 480 96 480z\"><\/path><\/svg>\n\t\t\t\t\t\t\t<\/span>\n\t\t\t\t\t\t<span class=\"uagb-icon-active uagb-faq-icon-wrap\">\n\t\t\t\t\t\t\t\t<svg xmlns=\"https:\/\/www.w3.org\/2000\/svg\" viewBox= \"0 0 448 512\"><path d=\"M224 416c-8.188 0-16.38-3.125-22.62-9.375l-192-192c-12.5-12.5-12.5-32.75 0-45.25s32.75-12.5 45.25 0L224 338.8l169.4-169.4c12.5-12.5 32.75-12.5 45.25 0s12.5 32.75 0 45.25l-192 192C240.4 412.9 232.2 416 224 416z\"><\/path><\/svg>\n\t\t\t\t\t\t\t<\/span>\n\t\t\t<span class=\"uagb-question\">Abstract<\/span><\/div><div class=\"uagb-faq-content\"><p>In the following paper, Ion Petrovici\u2019s concept of metaphysics is taken into consideration. Starting from the debates on metaphysics that were at their peak at the beginning of the last century, the present paper explores the possibility of a metaphysical approach from the point of view of a categorial thinking while emphasizing on the relationship between metaphysics and religion. In Petrovici\u2019s view, metaphysics is an expression of a tendency of the soul, as well as of a need for absolute truth \u2013 expression that aims at a practicality intrinsic to the discourse. The metaphysics as science becomes therefore a metaphysics of consolation that seeks the meaning of Being and eternity at the expense of the factual truth. In the end, the relationship between scientific and metaphysical progress will be addressed.<\/p><\/div><\/div><\/div>\n\n\n<div class=\"wp-block-uagb-buttons uagb-buttons__outer-wrap uagb-btn__medium-btn uagb-btn-tablet__default-btn uagb-btn-mobile__default-btn uagb-block-a31fcc92\"><div class=\"uagb-buttons__wrap uagb-buttons-layout-wrap\">\n<div class=\"wp-block-uagb-buttons-child uagb-buttons__outer-wrap uagb-block-84165397 wp-block-button\"><div class=\"uagb-button__wrapper\"><a class=\"uagb-buttons-repeater wp-block-button__link has-background has-text-color\" href=\"https:\/\/filosofieromaneasca.institutuldefilosofie.ro\/sifr\/volumul-18-2022\/ion-petrovici-intre-metafizica-de-consolare-si-gandire-categoriala\/\" onclick=\"return true;\" rel=\"follow noopener\" target=\"_self\"><span class=\"uagb-button__icon uagb-button__icon-position-before\"><svg xmlns=\"https:\/\/www.w3.org\/2000\/svg\" viewBox=\"0 0 512 512\"><path d=\"M0 219.2v212.5c0 14.25 11.62 26.25 26.5 27C75.32 461.2 180.2 471.3 240 511.9V245.2C181.4 205.5 79.99 194.8 29.84 192C13.59 191.1 0 203.6 0 219.2zM482.2 192c-50.09 2.848-151.3 13.47-209.1 53.09C272.1 245.2 272 245.3 272 245.5v266.5c60.04-40.39 164.7-50.76 213.5-53.28C500.4 457.9 512 445.9 512 431.7V219.2C512 203.6 498.4 191.1 482.2 192zM352 96c0-53-43-96-96-96S160 43 160 96s43 96 96 96S352 149 352 96z\"><\/path><\/svg><\/span><div class=\"uagb-button__link\">Cite\u0219te<\/div><\/a><\/div><\/div>\n\n\n\n<div class=\"wp-block-uagb-buttons-child uagb-buttons__outer-wrap uagb-block-68fe48ab wp-block-button\"><div class=\"uagb-button__wrapper\"><a class=\"uagb-buttons-repeater wp-block-button__link has-background has-text-color\" href=\"https:\/\/filosofieromaneasca.institutuldefilosofie.ro\/sifr\/wp-content\/uploads\/2023\/01\/Ciocioman-Adrian-Ion-Petrovici-intre-metafizica-de-consolare-si-gandire-categoriala.pdf\" onclick=\"return true;\" rel=\"follow noopener\" target=\"_blank\"><span class=\"uagb-button__icon uagb-button__icon-position-before\"><svg xmlns=\"https:\/\/www.w3.org\/2000\/svg\" viewBox=\"0 0 384 512\"><path d=\"M88 304H80V256H88C101.3 256 112 266.7 112 280C112 293.3 101.3 304 88 304zM192 256H200C208.8 256 216 263.2 216 272V336C216 344.8 208.8 352 200 352H192V256zM224 0V128C224 145.7 238.3 160 256 160H384V448C384 483.3 355.3 512 320 512H64C28.65 512 0 483.3 0 448V64C0 28.65 28.65 0 64 0H224zM64 224C55.16 224 48 231.2 48 240V368C48 376.8 55.16 384 64 384C72.84 384 80 376.8 80 368V336H88C118.9 336 144 310.9 144 280C144 249.1 118.9 224 88 224H64zM160 368C160 376.8 167.2 384 176 384H200C226.5 384 248 362.5 248 336V272C248 245.5 226.5 224 200 224H176C167.2 224 160 231.2 160 240V368zM288 224C279.2 224 272 231.2 272 240V368C272 376.8 279.2 384 288 384C296.8 384 304 376.8 304 368V320H336C344.8 320 352 312.8 352 304C352 295.2 344.8 288 336 288H304V256H336C344.8 256 352 248.8 352 240C352 231.2 344.8 224 336 224H288zM256 0L384 128H256V0z\"><\/path><\/svg><\/span><div class=\"uagb-button__link\">Descarc\u0103<\/div><\/a><\/div><\/div>\n<\/div><\/div>\n\n\n\n<div style=\"height:10px\" aria-hidden=\"true\" class=\"wp-block-spacer\"><\/div>\n\n\n\n<hr class=\"wp-block-separator has-text-color has-cyan-bluish-gray-color has-css-opacity has-cyan-bluish-gray-background-color has-background is-style-wide\"\/>\n\n\n\n<h5 class=\"wp-block-heading has-ast-global-color-4-background-color has-background\" id=\"antologie\"><strong>Bibliografie<\/strong> <strong>tematic\u0103<\/strong><\/h5>\n\n\n\n<hr class=\"wp-block-separator has-text-color has-cyan-bluish-gray-color has-css-opacity has-cyan-bluish-gray-background-color has-background is-style-wide\"\/>\n\n\n\n<p class=\"has-medium-font-size\">Ion Petrovici: o bibliografie a exegezei<\/p>\n\n\n\n<p style=\"font-size:16px\">Titus Lates<\/p>\n\n\n\n<p class=\"has-small-font-size\">[<em>Studii de istorie a filosofiei rom\u00e2ne\u015fti<\/em>, vol. XVIII:<em>&nbsp;\u0218tiin\u021b\u0103 \u0219i metafizic\u0103. Ion Petrovici<\/em>, Bucure\u015fti, Editura Academiei Rom\u00e2ne, 2022, pp.&nbsp;131\u2013143]<\/p>\n\n\n\n<div class=\"wp-block-uagb-buttons uagb-buttons__outer-wrap uagb-btn__medium-btn uagb-btn-tablet__default-btn uagb-btn-mobile__default-btn uagb-block-b0120921\"><div class=\"uagb-buttons__wrap uagb-buttons-layout-wrap\">\n<div class=\"wp-block-uagb-buttons-child uagb-buttons__outer-wrap uagb-block-4bbef542 wp-block-button\"><div class=\"uagb-button__wrapper\"><a class=\"uagb-buttons-repeater wp-block-button__link has-background has-text-color\" href=\"https:\/\/filosofieromaneasca.institutuldefilosofie.ro\/sifr\/volumul-18-2022\/ion-petrovici-o-bibliografie-a-exegezei\/\" onclick=\"return true;\" rel=\"follow noopener\" target=\"_self\"><span class=\"uagb-button__icon uagb-button__icon-position-before\"><svg xmlns=\"https:\/\/www.w3.org\/2000\/svg\" viewBox=\"0 0 512 512\"><path d=\"M0 219.2v212.5c0 14.25 11.62 26.25 26.5 27C75.32 461.2 180.2 471.3 240 511.9V245.2C181.4 205.5 79.99 194.8 29.84 192C13.59 191.1 0 203.6 0 219.2zM482.2 192c-50.09 2.848-151.3 13.47-209.1 53.09C272.1 245.2 272 245.3 272 245.5v266.5c60.04-40.39 164.7-50.76 213.5-53.28C500.4 457.9 512 445.9 512 431.7V219.2C512 203.6 498.4 191.1 482.2 192zM352 96c0-53-43-96-96-96S160 43 160 96s43 96 96 96S352 149 352 96z\"><\/path><\/svg><\/span><div class=\"uagb-button__link\">Cite\u0219te<\/div><\/a><\/div><\/div>\n\n\n\n<div class=\"wp-block-uagb-buttons-child uagb-buttons__outer-wrap uagb-block-224fefdb wp-block-button\"><div class=\"uagb-button__wrapper\"><a class=\"uagb-buttons-repeater wp-block-button__link has-background has-text-color\" href=\"https:\/\/filosofieromaneasca.institutuldefilosofie.ro\/sifr\/wp-content\/uploads\/2023\/01\/Lates-Titus-Ion-Petrovici-o-bibliografie-a-exegezei.pdf\" onclick=\"return true;\" rel=\"follow noopener\" target=\"_blank\"><span class=\"uagb-button__icon uagb-button__icon-position-before\"><svg xmlns=\"https:\/\/www.w3.org\/2000\/svg\" viewBox=\"0 0 384 512\"><path d=\"M88 304H80V256H88C101.3 256 112 266.7 112 280C112 293.3 101.3 304 88 304zM192 256H200C208.8 256 216 263.2 216 272V336C216 344.8 208.8 352 200 352H192V256zM224 0V128C224 145.7 238.3 160 256 160H384V448C384 483.3 355.3 512 320 512H64C28.65 512 0 483.3 0 448V64C0 28.65 28.65 0 64 0H224zM64 224C55.16 224 48 231.2 48 240V368C48 376.8 55.16 384 64 384C72.84 384 80 376.8 80 368V336H88C118.9 336 144 310.9 144 280C144 249.1 118.9 224 88 224H64zM160 368C160 376.8 167.2 384 176 384H200C226.5 384 248 362.5 248 336V272C248 245.5 226.5 224 200 224H176C167.2 224 160 231.2 160 240V368zM288 224C279.2 224 272 231.2 272 240V368C272 376.8 279.2 384 288 384C296.8 384 304 376.8 304 368V320H336C344.8 320 352 312.8 352 304C352 295.2 344.8 288 336 288H304V256H336C344.8 256 352 248.8 352 240C352 231.2 344.8 224 336 224H288zM256 0L384 128H256V0z\"><\/path><\/svg><\/span><div class=\"uagb-button__link\">Descarc\u0103<\/div><\/a><\/div><\/div>\n<\/div><\/div>\n\n\n\n<div style=\"height:10px\" aria-hidden=\"true\" class=\"wp-block-spacer\"><\/div>\n\n\n\n<hr class=\"wp-block-separator has-text-color has-cyan-bluish-gray-color has-css-opacity has-cyan-bluish-gray-background-color has-background is-style-wide\"\/>\n\n\n\n<h5 class=\"wp-block-heading has-ast-global-color-4-background-color has-background\" id=\"2-arhive-filosofice\"><strong>2. FILOSOFIE CONTEMPORAN\u0102 ROM\u00c2NEASC\u0102 \u0218I EUROPEAN\u0102: INTERFEREN\u021aE<\/strong><\/h5>\n\n\n\n<hr class=\"wp-block-separator has-text-color has-cyan-bluish-gray-color has-css-opacity has-cyan-bluish-gray-background-color has-background is-style-wide\"\/>\n\n\n\n<p class=\"has-medium-font-size\">G\u00e2ndirea slab\u0103 \u0219i ontologia noician\u0103<\/p>\n\n\n\n<p style=\"font-size:16px\">Cristina-Anita Drella<\/p>\n\n\n\n<p class=\"has-small-font-size\">[<em>Studii de istorie a filosofiei rom\u00e2ne\u015fti<\/em>, vol. XVIII:<em>&nbsp;\u0218tiin\u021b\u0103 \u0219i metafizic\u0103. Ion Petrovici<\/em>, Bucure\u015fti, Editura Academiei Rom\u00e2ne, 2022, pp.&nbsp;147\u2013157]<\/p>\n\n\n<div class=\"wp-block-uagb-faq uagb-faq__outer-wrap uagb-block-6d3b3dbe uagb-faq-icon-row uagb-faq-layout-accordion uagb-faq-expand-first-false uagb-faq-inactive-other-true uagb-faq__wrap uagb-buttons-layout-wrap uagb-faq-equal-height     \" data-faqtoggle=\"true\" role=\"tablist\"><div class=\"wp-block-uagb-faq-child uagb-faq-child__outer-wrap uagb-faq-item uagb-block-ee115c79 \" role=\"tab\" tabindex=\"0\"><div class=\"uagb-faq-questions-button uagb-faq-questions\">\t\t\t<span class=\"uagb-icon uagb-faq-icon-wrap\">\n\t\t\t\t\t\t\t\t<svg xmlns=\"https:\/\/www.w3.org\/2000\/svg\" viewBox= \"0 0 320 512\"><path d=\"M96 480c-8.188 0-16.38-3.125-22.62-9.375c-12.5-12.5-12.5-32.75 0-45.25L242.8 256L73.38 86.63c-12.5-12.5-12.5-32.75 0-45.25s32.75-12.5 45.25 0l192 192c12.5 12.5 12.5 32.75 0 45.25l-192 192C112.4 476.9 104.2 480 96 480z\"><\/path><\/svg>\n\t\t\t\t\t\t\t<\/span>\n\t\t\t\t\t\t<span class=\"uagb-icon-active uagb-faq-icon-wrap\">\n\t\t\t\t\t\t\t\t<svg xmlns=\"https:\/\/www.w3.org\/2000\/svg\" viewBox= \"0 0 448 512\"><path d=\"M224 416c-8.188 0-16.38-3.125-22.62-9.375l-192-192c-12.5-12.5-12.5-32.75 0-45.25s32.75-12.5 45.25 0L224 338.8l169.4-169.4c12.5-12.5 32.75-12.5 45.25 0s12.5 32.75 0 45.25l-192 192C240.4 412.9 232.2 416 224 416z\"><\/path><\/svg>\n\t\t\t\t\t\t\t<\/span>\n\t\t\t<span class=\"uagb-question\">Abstract<\/span><\/div><div class=\"uagb-faq-content\"><p>The following essay is an approach of Noica\u2019s ontology considered as \u201cweak thought\u201d (Gianni Vattimo). In the first section of the paper, I will clarify the concept of \u201cweak thought\u201d and I will argue for an alternative Romanian term designed to replace \u201cweak\u201d. In the second section I will examine the extent to which Noica\u2019s ontology can be read as a weak ontology.\u00a0<\/p><\/div><\/div><\/div>\n\n\n<div class=\"wp-block-uagb-buttons uagb-buttons__outer-wrap uagb-btn__medium-btn uagb-btn-tablet__default-btn uagb-btn-mobile__default-btn uagb-block-5acfb646\"><div class=\"uagb-buttons__wrap uagb-buttons-layout-wrap\">\n<div class=\"wp-block-uagb-buttons-child uagb-buttons__outer-wrap uagb-block-2dd85e9a wp-block-button\"><div class=\"uagb-button__wrapper\"><a class=\"uagb-buttons-repeater wp-block-button__link has-background has-text-color\" href=\"https:\/\/filosofieromaneasca.institutuldefilosofie.ro\/sifr\/volumul-18-2022\/gandirea-slaba-si-ontologia-noiciana\/\" onclick=\"return true;\" rel=\"follow noopener\" target=\"_self\"><span class=\"uagb-button__icon uagb-button__icon-position-before\"><svg xmlns=\"https:\/\/www.w3.org\/2000\/svg\" viewBox=\"0 0 512 512\"><path d=\"M0 219.2v212.5c0 14.25 11.62 26.25 26.5 27C75.32 461.2 180.2 471.3 240 511.9V245.2C181.4 205.5 79.99 194.8 29.84 192C13.59 191.1 0 203.6 0 219.2zM482.2 192c-50.09 2.848-151.3 13.47-209.1 53.09C272.1 245.2 272 245.3 272 245.5v266.5c60.04-40.39 164.7-50.76 213.5-53.28C500.4 457.9 512 445.9 512 431.7V219.2C512 203.6 498.4 191.1 482.2 192zM352 96c0-53-43-96-96-96S160 43 160 96s43 96 96 96S352 149 352 96z\"><\/path><\/svg><\/span><div class=\"uagb-button__link\">Cite\u0219te<\/div><\/a><\/div><\/div>\n\n\n\n<div class=\"wp-block-uagb-buttons-child uagb-buttons__outer-wrap uagb-block-b96aa35b wp-block-button\"><div class=\"uagb-button__wrapper\"><a class=\"uagb-buttons-repeater wp-block-button__link has-background has-text-color\" href=\"https:\/\/filosofieromaneasca.institutuldefilosofie.ro\/sifr\/wp-content\/uploads\/2023\/01\/Drella-Cristina-Anita-Gandirea-slaba-si-ontologia-noiciana.pdf\" onclick=\"return true;\" rel=\"follow noopener\" target=\"_blank\"><span class=\"uagb-button__icon uagb-button__icon-position-before\"><svg xmlns=\"https:\/\/www.w3.org\/2000\/svg\" viewBox=\"0 0 384 512\"><path d=\"M88 304H80V256H88C101.3 256 112 266.7 112 280C112 293.3 101.3 304 88 304zM192 256H200C208.8 256 216 263.2 216 272V336C216 344.8 208.8 352 200 352H192V256zM224 0V128C224 145.7 238.3 160 256 160H384V448C384 483.3 355.3 512 320 512H64C28.65 512 0 483.3 0 448V64C0 28.65 28.65 0 64 0H224zM64 224C55.16 224 48 231.2 48 240V368C48 376.8 55.16 384 64 384C72.84 384 80 376.8 80 368V336H88C118.9 336 144 310.9 144 280C144 249.1 118.9 224 88 224H64zM160 368C160 376.8 167.2 384 176 384H200C226.5 384 248 362.5 248 336V272C248 245.5 226.5 224 200 224H176C167.2 224 160 231.2 160 240V368zM288 224C279.2 224 272 231.2 272 240V368C272 376.8 279.2 384 288 384C296.8 384 304 376.8 304 368V320H336C344.8 320 352 312.8 352 304C352 295.2 344.8 288 336 288H304V256H336C344.8 256 352 248.8 352 240C352 231.2 344.8 224 336 224H288zM256 0L384 128H256V0z\"><\/path><\/svg><\/span><div class=\"uagb-button__link\">Descarc\u0103<\/div><\/a><\/div><\/div>\n<\/div><\/div>\n\n\n\n<div style=\"height:10px\" aria-hidden=\"true\" class=\"wp-block-spacer\"><\/div>\n\n\n\n<hr class=\"wp-block-separator has-text-color has-cyan-bluish-gray-color has-css-opacity has-cyan-bluish-gray-background-color has-background is-style-wide\"\/>\n\n\n\n<h5 class=\"wp-block-heading has-ast-global-color-4-background-color has-background\" id=\"2-arhive-filosofice\"><strong>3. RESTITUIRI<\/strong><\/h5>\n\n\n\n<hr class=\"wp-block-separator has-text-color has-cyan-bluish-gray-color has-css-opacity has-cyan-bluish-gray-background-color has-background is-style-wide\"\/>\n\n\n\n<p class=\"has-medium-font-size\">Ioan Petru Culianu, Mircea Eliade \u0219i <em>felix culpa<\/em>. Supplementa<\/p>\n\n\n\n<p style=\"font-size:16px\">Liviu Borda\u0219<\/p>\n\n\n\n<p class=\"has-small-font-size\">[<em>Studii de istorie a filosofiei rom\u00e2ne\u015fti<\/em>, vol. XVIII:<em>&nbsp;\u0218tiin\u021b\u0103 \u0219i metafizic\u0103. Ion Petrovici<\/em>, Bucure\u015fti, Editura Academiei Rom\u00e2ne, 2022, pp.&nbsp;161\u2013199]<\/p>\n\n\n<div class=\"wp-block-uagb-faq uagb-faq__outer-wrap uagb-block-65a9472d uagb-faq-icon-row uagb-faq-layout-accordion uagb-faq-expand-first-false uagb-faq-inactive-other-true uagb-faq__wrap uagb-buttons-layout-wrap uagb-faq-equal-height     \" data-faqtoggle=\"true\" role=\"tablist\"><div class=\"wp-block-uagb-faq-child uagb-faq-child__outer-wrap uagb-faq-item uagb-block-b9c5b0bb \" role=\"tab\" tabindex=\"0\"><div class=\"uagb-faq-questions-button uagb-faq-questions\">\t\t\t<span class=\"uagb-icon uagb-faq-icon-wrap\">\n\t\t\t\t\t\t\t\t<svg xmlns=\"https:\/\/www.w3.org\/2000\/svg\" viewBox= \"0 0 320 512\"><path d=\"M96 480c-8.188 0-16.38-3.125-22.62-9.375c-12.5-12.5-12.5-32.75 0-45.25L242.8 256L73.38 86.63c-12.5-12.5-12.5-32.75 0-45.25s32.75-12.5 45.25 0l192 192c12.5 12.5 12.5 32.75 0 45.25l-192 192C112.4 476.9 104.2 480 96 480z\"><\/path><\/svg>\n\t\t\t\t\t\t\t<\/span>\n\t\t\t\t\t\t<span class=\"uagb-icon-active uagb-faq-icon-wrap\">\n\t\t\t\t\t\t\t\t<svg xmlns=\"https:\/\/www.w3.org\/2000\/svg\" viewBox= \"0 0 448 512\"><path d=\"M224 416c-8.188 0-16.38-3.125-22.62-9.375l-192-192c-12.5-12.5-12.5-32.75 0-45.25s32.75-12.5 45.25 0L224 338.8l169.4-169.4c12.5-12.5 32.75-12.5 45.25 0s12.5 32.75 0 45.25l-192 192C240.4 412.9 232.2 416 224 416z\"><\/path><\/svg>\n\t\t\t\t\t\t\t<\/span>\n\t\t\t<span class=\"uagb-question\">Abstract<\/span><\/div><div class=\"uagb-faq-content\"><p>The article discusses new unpublished documents which supplement those presented in the earlier articles published in this journal (the issues VIII, IX and X). Appendix 1 contains seven new pieces belonging to the correspondence of I. P. Culianu with Mac Linscott Ricketts. In order to further contextualise them I have added a contemporary exchange between Ricketts and Joseph M. Kitagawa, along with Kitagawa\u2019s unpublished review of Ricketts\u2019 monograph about Mircea Eliade (appendices 3 and 5). Appendix 2 adds three new pieces to the correspondence of I. P. Culianu with Mircea and Christinel Eliade. Again, for a better contextualisation and understanding of them, I added the exchanges of Fernand Schwarz with Mircea and Christinel Eliade (appendix 4). In most of these documents, the main topic of interest for the discussion carried on in the article is Culianu\u2019s attitude towards the accusations of philo-Fascism and anti-Semitism brought to Mircea Eliade.\u00a0<\/p><\/div><\/div><\/div>\n\n\n<div class=\"wp-block-uagb-buttons uagb-buttons__outer-wrap uagb-btn__medium-btn uagb-btn-tablet__default-btn uagb-btn-mobile__default-btn uagb-block-02949b2e\"><div class=\"uagb-buttons__wrap uagb-buttons-layout-wrap\">\n<div class=\"wp-block-uagb-buttons-child uagb-buttons__outer-wrap uagb-block-fa2d407c wp-block-button\"><div class=\"uagb-button__wrapper\"><a class=\"uagb-buttons-repeater wp-block-button__link has-background has-text-color\" href=\"https:\/\/filosofieromaneasca.institutuldefilosofie.ro\/sifr\/volumul-18-2022\/ioan-petru-culianu-mircea-eliade-si-felix-culpa-supplementa\/\" onclick=\"return true;\" rel=\"follow noopener\" target=\"_self\"><span class=\"uagb-button__icon uagb-button__icon-position-before\"><svg xmlns=\"https:\/\/www.w3.org\/2000\/svg\" viewBox=\"0 0 512 512\"><path d=\"M0 219.2v212.5c0 14.25 11.62 26.25 26.5 27C75.32 461.2 180.2 471.3 240 511.9V245.2C181.4 205.5 79.99 194.8 29.84 192C13.59 191.1 0 203.6 0 219.2zM482.2 192c-50.09 2.848-151.3 13.47-209.1 53.09C272.1 245.2 272 245.3 272 245.5v266.5c60.04-40.39 164.7-50.76 213.5-53.28C500.4 457.9 512 445.9 512 431.7V219.2C512 203.6 498.4 191.1 482.2 192zM352 96c0-53-43-96-96-96S160 43 160 96s43 96 96 96S352 149 352 96z\"><\/path><\/svg><\/span><div class=\"uagb-button__link\">Cite\u0219te<\/div><\/a><\/div><\/div>\n\n\n\n<div class=\"wp-block-uagb-buttons-child uagb-buttons__outer-wrap uagb-block-829b57a0 wp-block-button\"><div class=\"uagb-button__wrapper\"><a class=\"uagb-buttons-repeater wp-block-button__link has-background has-text-color\" href=\"https:\/\/filosofieromaneasca.institutuldefilosofie.ro\/sifr\/wp-content\/uploads\/2023\/01\/Bordas-Liviu-Ioan-Petru-Culianu-Mircea-Eliade-si-felix-culpa.pdf\" onclick=\"return true;\" rel=\"follow noopener\" target=\"_blank\"><span class=\"uagb-button__icon uagb-button__icon-position-before\"><svg xmlns=\"https:\/\/www.w3.org\/2000\/svg\" viewBox=\"0 0 384 512\"><path d=\"M88 304H80V256H88C101.3 256 112 266.7 112 280C112 293.3 101.3 304 88 304zM192 256H200C208.8 256 216 263.2 216 272V336C216 344.8 208.8 352 200 352H192V256zM224 0V128C224 145.7 238.3 160 256 160H384V448C384 483.3 355.3 512 320 512H64C28.65 512 0 483.3 0 448V64C0 28.65 28.65 0 64 0H224zM64 224C55.16 224 48 231.2 48 240V368C48 376.8 55.16 384 64 384C72.84 384 80 376.8 80 368V336H88C118.9 336 144 310.9 144 280C144 249.1 118.9 224 88 224H64zM160 368C160 376.8 167.2 384 176 384H200C226.5 384 248 362.5 248 336V272C248 245.5 226.5 224 200 224H176C167.2 224 160 231.2 160 240V368zM288 224C279.2 224 272 231.2 272 240V368C272 376.8 279.2 384 288 384C296.8 384 304 376.8 304 368V320H336C344.8 320 352 312.8 352 304C352 295.2 344.8 288 336 288H304V256H336C344.8 256 352 248.8 352 240C352 231.2 344.8 224 336 224H288zM256 0L384 128H256V0z\"><\/path><\/svg><\/span><div class=\"uagb-button__link\">Descarc\u0103<\/div><\/a><\/div><\/div>\n<\/div><\/div>\n\n\n\n<div style=\"height:10px\" aria-hidden=\"true\" class=\"wp-block-spacer\"><\/div>\n\n\n\n<hr class=\"wp-block-separator has-text-color has-cyan-bluish-gray-color has-css-opacity has-cyan-bluish-gray-background-color has-background is-style-wide\"\/>\n\n\n\n<h5 class=\"wp-block-heading has-ast-global-color-4-background-color has-background\" id=\"3-semnal\"><strong>4. SEMNAL<\/strong><\/h5>\n\n\n\n<hr class=\"wp-block-separator has-text-color has-cyan-bluish-gray-color has-css-opacity has-cyan-bluish-gray-background-color has-background is-style-wide\"\/>\n\n\n\n<p class=\"has-medium-font-size\">Istoria filosofiei rom\u00e2ne\u015fti \u00een anul 2021<\/p>\n\n\n\n<p style=\"font-size:16px\">[Bibliografie de] Titus Lates<\/p>\n\n\n\n<p class=\"has-small-font-size\">[<em>Studii de istorie a filosofiei rom\u00e2ne\u015fti<\/em>, vol. XVIII:<em>&nbsp;\u0218tiin\u021b\u0103 \u0219i metafizic\u0103. Ion Petrovici<\/em>, Bucure\u015fti, Editura Academiei Rom\u00e2ne, 2022, pp.&nbsp;203\u2013204]<\/p>\n\n\n\n<div class=\"wp-block-uagb-buttons uagb-buttons__outer-wrap uagb-btn__medium-btn uagb-btn-tablet__default-btn uagb-btn-mobile__default-btn uagb-block-3a99fd1a\"><div class=\"uagb-buttons__wrap uagb-buttons-layout-wrap\">\n<div class=\"wp-block-uagb-buttons-child uagb-buttons__outer-wrap uagb-block-e6bed77c wp-block-button\"><div class=\"uagb-button__wrapper\"><a class=\"uagb-buttons-repeater wp-block-button__link has-background has-text-color\" href=\"https:\/\/filosofieromaneasca.institutuldefilosofie.ro\/sifr\/semnal-istoria-filosofiei-romanesti-in-anul-2021\/\" onclick=\"return true;\" rel=\"follow noopener\" target=\"_self\"><span class=\"uagb-button__icon uagb-button__icon-position-before\"><svg xmlns=\"https:\/\/www.w3.org\/2000\/svg\" viewBox=\"0 0 512 512\"><path d=\"M0 219.2v212.5c0 14.25 11.62 26.25 26.5 27C75.32 461.2 180.2 471.3 240 511.9V245.2C181.4 205.5 79.99 194.8 29.84 192C13.59 191.1 0 203.6 0 219.2zM482.2 192c-50.09 2.848-151.3 13.47-209.1 53.09C272.1 245.2 272 245.3 272 245.5v266.5c60.04-40.39 164.7-50.76 213.5-53.28C500.4 457.9 512 445.9 512 431.7V219.2C512 203.6 498.4 191.1 482.2 192zM352 96c0-53-43-96-96-96S160 43 160 96s43 96 96 96S352 149 352 96z\"><\/path><\/svg><\/span><div class=\"uagb-button__link\">Cite\u0219te<\/div><\/a><\/div><\/div>\n\n\n\n<div class=\"wp-block-uagb-buttons-child uagb-buttons__outer-wrap uagb-block-ff70fe3e wp-block-button\"><div class=\"uagb-button__wrapper\"><a class=\"uagb-buttons-repeater wp-block-button__link has-background has-text-color\" href=\"https:\/\/filosofieromaneasca.institutuldefilosofie.ro\/sifr\/wp-content\/uploads\/2023\/01\/Lates-Titus-Semnal-SIFR-18.pdf\" onclick=\"return true;\" rel=\"follow noopener\" target=\"_blank\"><span class=\"uagb-button__icon uagb-button__icon-position-before\"><svg xmlns=\"https:\/\/www.w3.org\/2000\/svg\" viewBox=\"0 0 384 512\"><path d=\"M88 304H80V256H88C101.3 256 112 266.7 112 280C112 293.3 101.3 304 88 304zM192 256H200C208.8 256 216 263.2 216 272V336C216 344.8 208.8 352 200 352H192V256zM224 0V128C224 145.7 238.3 160 256 160H384V448C384 483.3 355.3 512 320 512H64C28.65 512 0 483.3 0 448V64C0 28.65 28.65 0 64 0H224zM64 224C55.16 224 48 231.2 48 240V368C48 376.8 55.16 384 64 384C72.84 384 80 376.8 80 368V336H88C118.9 336 144 310.9 144 280C144 249.1 118.9 224 88 224H64zM160 368C160 376.8 167.2 384 176 384H200C226.5 384 248 362.5 248 336V272C248 245.5 226.5 224 200 224H176C167.2 224 160 231.2 160 240V368zM288 224C279.2 224 272 231.2 272 240V368C272 376.8 279.2 384 288 384C296.8 384 304 376.8 304 368V320H336C344.8 320 352 312.8 352 304C352 295.2 344.8 288 336 288H304V256H336C344.8 256 352 248.8 352 240C352 231.2 344.8 224 336 224H288zM256 0L384 128H256V0z\"><\/path><\/svg><\/span><div class=\"uagb-button__link\">Descarc\u0103<\/div><\/a><\/div><\/div>\n<\/div><\/div>\n\n\n\n<div style=\"height:10px\" aria-hidden=\"true\" class=\"wp-block-spacer\"><\/div>\n\n\n\n<hr class=\"wp-block-separator has-text-color has-cyan-bluish-gray-color has-css-opacity has-cyan-bluish-gray-background-color has-background is-style-wide\"\/>\n","protected":false},"excerpt":{"rendered":"<p>1. METAFIZIC\u0102 \u0218I \u0218TIIN\u021a\u0102 Reprezent\u0103ri filosofice ale unit\u0103\u021bii existen\u021bei: prin credin\u021b\u0103 noetic\u0103 \u0219i credin\u021b\u0103 perceptiv\u0103 Viorel Cernica [Studii de istorie a filosofiei rom\u00e2ne\u015fti, vol. XVIII:&nbsp;\u0218tiin\u021b\u0103 \u0219i metafizic\u0103. Ion Petrovici, Bucure\u015fti, Editura Academiei Rom\u00e2ne, 2022, pp.&nbsp;11\u201327] Metafizica \u0219tiin\u021bific\u0103 dup\u0103 Constantin Leonardescu Bogdan Rusu [Studii de istorie a filosofiei rom\u00e2ne\u015fti, vol. XVIII:&nbsp;\u0218tiin\u021b\u0103 \u0219i metafizic\u0103. Ion Petrovici, Bucure\u015fti, [&hellip;]<\/p>\n","protected":false},"author":2,"featured_media":0,"parent":0,"menu_order":0,"comment_status":"closed","ping_status":"closed","template":"","meta":{"_uag_custom_page_level_css":"","site-sidebar-layout":"default","site-content-layout":"","ast-site-content-layout":"default","site-content-style":"default","site-sidebar-style":"default","ast-global-header-display":"","ast-banner-title-visibility":"","ast-main-header-display":"","ast-hfb-above-header-display":"","ast-hfb-below-header-display":"","ast-hfb-mobile-header-display":"","site-post-title":"","ast-breadcrumbs-content":"","ast-featured-img":"disabled","footer-sml-layout":"","theme-transparent-header-meta":"","adv-header-id-meta":"","stick-header-meta":"","header-above-stick-meta":"","header-main-stick-meta":"","header-below-stick-meta":"","astra-migrate-meta-layouts":"default","ast-page-background-enabled":"default","ast-page-background-meta":{"desktop":{"background-color":"var(--ast-global-color-4)","background-image":"","background-repeat":"repeat","background-position":"center center","background-size":"auto","background-attachment":"scroll","background-type":"","background-media":"","overlay-type":"","overlay-color":"","overlay-opacity":"","overlay-gradient":""},"tablet":{"background-color":"","background-image":"","background-repeat":"repeat","background-position":"center center","background-size":"auto","background-attachment":"scroll","background-type":"","background-media":"","overlay-type":"","overlay-color":"","overlay-opacity":"","overlay-gradient":""},"mobile":{"background-color":"","background-image":"","background-repeat":"repeat","background-position":"center center","background-size":"auto","background-attachment":"scroll","background-type":"","background-media":"","overlay-type":"","overlay-color":"","overlay-opacity":"","overlay-gradient":""}},"ast-content-background-meta":{"desktop":{"background-color":"var(--ast-global-color-5)","background-image":"","background-repeat":"repeat","background-position":"center center","background-size":"auto","background-attachment":"scroll","background-type":"","background-media":"","overlay-type":"","overlay-color":"","overlay-opacity":"","overlay-gradient":""},"tablet":{"background-color":"var(--ast-global-color-5)","background-image":"","background-repeat":"repeat","background-position":"center center","background-size":"auto","background-attachment":"scroll","background-type":"","background-media":"","overlay-type":"","overlay-color":"","overlay-opacity":"","overlay-gradient":""},"mobile":{"background-color":"var(--ast-global-color-5)","background-image":"","background-repeat":"repeat","background-position":"center center","background-size":"auto","background-attachment":"scroll","background-type":"","background-media":"","overlay-type":"","overlay-color":"","overlay-opacity":"","overlay-gradient":""}},"footnotes":""},"categories":[366],"tags":[],"class_list":["post-6423","page","type-page","status-publish","hentry","category-sifr18"],"featured_image_src":null,"uagb_featured_image_src":{"full":false,"thumbnail":false,"medium":false,"medium_large":false,"large":false,"1536x1536":false,"2048x2048":false},"uagb_author_info":{"display_name":"SIFR","author_link":"https:\/\/filosofieromaneasca.institutuldefilosofie.ro\/sifr\/author\/sifr\/"},"uagb_comment_info":0,"uagb_excerpt":"1. METAFIZIC\u0102 \u0218I \u0218TIIN\u021a\u0102 Reprezent\u0103ri filosofice ale unit\u0103\u021bii existen\u021bei: prin credin\u021b\u0103 noetic\u0103 \u0219i credin\u021b\u0103 perceptiv\u0103 Viorel Cernica [Studii de istorie a filosofiei rom\u00e2ne\u015fti, vol. XVIII:&nbsp;\u0218tiin\u021b\u0103 \u0219i metafizic\u0103. Ion Petrovici, Bucure\u015fti, Editura Academiei Rom\u00e2ne, 2022, pp.&nbsp;11\u201327] Metafizica \u0219tiin\u021bific\u0103 dup\u0103 Constantin Leonardescu Bogdan Rusu [Studii de istorie a filosofiei rom\u00e2ne\u015fti, vol. XVIII:&nbsp;\u0218tiin\u021b\u0103 \u0219i metafizic\u0103. Ion Petrovici, Bucure\u015fti,&hellip;","_links":{"self":[{"href":"https:\/\/filosofieromaneasca.institutuldefilosofie.ro\/sifr\/wp-json\/wp\/v2\/pages\/6423","targetHints":{"allow":["GET"]}}],"collection":[{"href":"https:\/\/filosofieromaneasca.institutuldefilosofie.ro\/sifr\/wp-json\/wp\/v2\/pages"}],"about":[{"href":"https:\/\/filosofieromaneasca.institutuldefilosofie.ro\/sifr\/wp-json\/wp\/v2\/types\/page"}],"author":[{"embeddable":true,"href":"https:\/\/filosofieromaneasca.institutuldefilosofie.ro\/sifr\/wp-json\/wp\/v2\/users\/2"}],"replies":[{"embeddable":true,"href":"https:\/\/filosofieromaneasca.institutuldefilosofie.ro\/sifr\/wp-json\/wp\/v2\/comments?post=6423"}],"version-history":[{"count":137,"href":"https:\/\/filosofieromaneasca.institutuldefilosofie.ro\/sifr\/wp-json\/wp\/v2\/pages\/6423\/revisions"}],"predecessor-version":[{"id":7682,"href":"https:\/\/filosofieromaneasca.institutuldefilosofie.ro\/sifr\/wp-json\/wp\/v2\/pages\/6423\/revisions\/7682"}],"wp:attachment":[{"href":"https:\/\/filosofieromaneasca.institutuldefilosofie.ro\/sifr\/wp-json\/wp\/v2\/media?parent=6423"}],"wp:term":[{"taxonomy":"category","embeddable":true,"href":"https:\/\/filosofieromaneasca.institutuldefilosofie.ro\/sifr\/wp-json\/wp\/v2\/categories?post=6423"},{"taxonomy":"post_tag","embeddable":true,"href":"https:\/\/filosofieromaneasca.institutuldefilosofie.ro\/sifr\/wp-json\/wp\/v2\/tags?post=6423"}],"curies":[{"name":"wp","href":"https:\/\/api.w.org\/{rel}","templated":true}]}}