{"id":6783,"date":"2023-01-27T21:29:13","date_gmt":"2023-01-27T19:29:13","guid":{"rendered":"http:\/\/filosofieromaneasca.institutuldefilosofie.ro\/sifr\/?page_id=6783"},"modified":"2023-05-21T14:25:13","modified_gmt":"2023-05-21T12:25:13","slug":"ion-petrovici-o-bibliografie-a-exegezei","status":"publish","type":"page","link":"https:\/\/filosofieromaneasca.institutuldefilosofie.ro\/sifr\/volumul-18-2022\/ion-petrovici-o-bibliografie-a-exegezei\/","title":{"rendered":"Ion Petrovici: o bibliografie a exegezei | Titus Lates"},"content":{"rendered":"\n<h2 class=\"wp-block-heading\">Ion Petrovici: o bibliografie a exegezei<\/h2>\n\n\n\n<h5 class=\"wp-block-heading\">Titus Lates<\/h5>\n\n\n\n<p class=\"has-small-font-size\">Institutul de Filosofie \u0219i Psihologie \u201eC. R\u0103dulescu-Motru\u201d al Academiei Rom\u00e2ne<\/p>\n\n\n\n<div style=\"height:30px\" aria-hidden=\"true\" class=\"wp-block-spacer\"><\/div>\n\n\n\n<p>Ion Petrovici, <em>Prin meandrele trecutului. Evoc\u0103ri inedite \u2013 Pagini memorialistice<\/em>, cu o prefa\u021b\u0103 de Mihai Gafi\u021ba, Bucure\u0219ti, Editura Cartea Rom\u00e2neasc\u0103, 1979.<\/p>\n\n\n\n<p>Ion Petrovici, <em>\u00censemn\u0103ri de drum<\/em>, \u00eengrijire de edi\u021bie, prefa\u021b\u0103 \u0219i tabel biobibliografic de Dumitru Petrescu, Bucure\u0219ti, Editura Sport-Turism, 1983.<\/p>\n\n\n\n<p>Ion Petrovici, <em>Probleme de logic\u0103<\/em>, edi\u021bie \u00eengrijit\u0103 de Constantin S\u0103l\u0103v\u0103stru, Ia\u0219i, Editura Agora, 1996. Con\u021bine \u0219i un dialog cu Profesorul Gabriel \u021aepelea despre omul Ion Petrovici.<\/p>\n\n\n\n<p>Ion Petrovici, <em>Fulgura\u021bii literare<\/em>, despre I. Petrovici de prof. Viorel Ro\u0219ca, Bucure\u0219ti, Editura Ramida, 1997.<\/p>\n\n\n\n<p>Ion Petrovici, <em>Valoarea omului<\/em>, Ia\u0219i, Editura Timpul, 1997.<a href=\"#_edn1\" id=\"_ednref1\"><sup>[1]<\/sup><\/a><\/p>\n\n\n\n<p>Ion Petrovici, <em>Studii istorico-filosofice<\/em>, edi\u021bie, postfa\u021b\u0103 \u0219i note de Alexandru Boboc, Bucure\u0219ti, Editura Garamond, 1997.<\/p>\n\n\n\n<p>Ion Petrovici, <em>Schopenhauer<\/em>, edi\u021bie, postfa\u021b\u0103 \u0219i bibliografie de Alexandru Boboc, Bucure\u0219ti, Editura Garamond, 1997.<\/p>\n\n\n\n<p>Ion Petrovici, <em>Teoria no\u021biunilor<\/em>, ed. a 3-a, studiu introductiv \u0219i note de Constantin S\u0103l\u0103v\u0103stru, 1998.<\/p>\n\n\n\n<p>Ion Petrovici, <em>Curs de logic\u0103<\/em>, ed. \u00eengrijit\u0103, prefa\u021b\u0103 \u0219i adnotat\u0103 de Constantin S\u0103l\u0103v\u0103stru, 2000.<\/p>\n\n\n\n<p>Ion Petrovici, <em>Talentul oratoric<\/em><em>. Conferin\u021be la Radio 1932\u20131943<\/em>, edi\u021bie \u00eengrijit\u0103 de Marin Diaconu, Bucure\u0219ti, Societatea Rom\u00e2n\u0103 de Radiodifuziune\/Editura \u201eCasa Radio\u201d,&nbsp; 2002.<\/p>\n\n\n\n<p>Ion Petrovici, <em>Misiunea filosofului<\/em>, edi\u021bie critic\u0103 \u00eengrijit\u0103 de Adrian Michidu\u021b\u0103 \u0219i Vasile Gogea, text stabilit, studiu introductiv, note \u0219i comentarii de Adrian Michidu\u021b\u0103, Cluj-Napoca, Edi\u00adtura Grinta, 2004.<\/p>\n\n\n\n<p>Ion Petrovici, <em>Din cronica filosofiei rom\u00e2ne\u0219ti<\/em>, edi\u021bie \u00eengrijit\u0103 \u0219i prefa\u021bat\u0103 de Ionel Necula, Ia\u0219i, Institutul European, 2005.<\/p>\n\n\n\n<p>Ion Petrovici, <em>Opere filosofice<\/em>, edi\u021bie \u00eengrijit\u0103 de: Gh. Vl\u0103du\u021bescu, Alexandru Boboc, Florin Frunz\u0103, Sabin Totu, Bucure\u0219ti, Editura Academiei Rom\u00e2ne, 2006.<\/p>\n\n\n\n<p>Ion Petrovici, <em>Filosofie \u0219i politic\u0103<\/em>, edi\u021bie critic\u0103, text stabilit, studiu introductiv, note \u0219i bibliogra\u00adfie de Adrian Michidu\u021b\u0103, cu un cuv\u00e2nt \u00eenainte de George Corbu, Craiova, Aius PrintEd, 2006.<\/p>\n\n\n\n<p>Ion Petrovici, <em>De-a lungul unei vie\u021bi. Amintiri<\/em>, [editori: Aura Christi \u0219i Andrei Potlog, prefa\u021b\u0103 de Ionel Necula], Bucure\u0219ti, Editura Ideea European\u0103, 2007.<\/p>\n\n\n\n<p>Ion Petrovici, <em>Filosofie \u0219i metafizic\u0103<\/em>, edi\u021bie critic\u0103, text stabilit, studiu introductiv, note \u0219i comen\u00adtarii de Adrian Michidu\u021b\u0103, Craiova, Aius PrintEd, 2007.<\/p>\n\n\n\n<p>Ion Petrovici, <em>Din cronica filosofiei rom\u00e2ne\u0219ti \u0219i alte studii privind cultura rom\u00e2n\u0103 modern\u0103<\/em>, edi\u021bie, note \u0219i comentarii, postfa\u021b\u0103 de Alexandru Boboc, Bucure\u0219ti, Editura Paideia, 2008.<\/p>\n\n\n\n<p>Ion Petrovici, <em>Prejudecat\u0103 \u0219i adev\u0103r<\/em>, edi\u021bie \u00eengrijit\u0103, studiu introductiv \u0219i note de Richard Con\u00adstantinescu, Ia\u0219i, Casa Editorial\u0103 Demiurg, 2008.<\/p>\n\n\n\n<p>Ion Petrovici, <em>Discursuri parlamentare<\/em>, edi\u021bie alc\u0103tuit\u0103, \u00eengrijit\u0103, fi\u0219\u0103 de dic\u021bionar \u0219i note de Petre Dan-Str\u0103ule\u0219ti, Bucure\u0219ti, Editura Univers \u0218tiin\u021bific, 2009.<\/p>\n\n\n\n<p>Ion Petrovici, <em>Sim\u021biri rostite<\/em>, ed. \u00eengrijit\u0103 de monaha Maria Giosan, Ia\u0219i, Editura Doxologia, 2016.<\/p>\n\n\n\n<p>Ion Petrovici, <em>Titu Maiorescu<\/em>, pref. Iosif Rus, Bucure\u0219ti, Editura ProUniversitaria, 2017.<\/p>\n\n\n\n<div style=\"height:30px\" aria-hidden=\"true\" class=\"wp-block-spacer\"><\/div>\n\n\n\n<h5 class=\"wp-block-heading\"><strong>***<\/strong><\/h5>\n\n\n\n<p><em>Ion Petrovici personalitate de mare prestigiu a culturii rom\u00e2ne<\/em>, coord. Viorel Burlacu, Tecuci, Editura Grapho Press, 2007. Cuprinde: Ion T. Sion, \u201eC\u00e2te ceva despre Neamul Petrovici de la Tecuci\u201d (pp. 7\u201313); Ionel Necula, \u201eIon Petrovici \u00eentr-o posibil\u0103 periodizare a con\u00advingerilor sale filosofice\u201d (pp. 14\u201317);&nbsp; \u0218tefan Munteanu, \u201eSubstan\u021ba, spiritul \u0219i corpul, \u00een concep\u021bia lui Ion Petrovici\u201d (pp. 18\u201332); Angela Botez, \u201eIon Petrovici despre metafizic\u0103 \u0219i legitimitatea sa\u201d (pp. 33\u201342); George Purcaru, \u201eMetodele lui Ion Petrovici de inferen\u021b\u0103 a cauzei efectului: cuantificare cauzal probabilistic\u0103 \u0219i unele extensii\u201d (pp. 43\u201352); \u0218tefan Munteanu, \u201eContribu\u021bia lui Ion Petrovici la filosofia culturii\u201d (pp. 53\u201368); Ana Bazac, \u201eIon Petrovici \u0219i valoarea omului\u201d (pp. 69\u201380); Alexandru Giuculescu, \u201eAspecte com\u00adplementare din via\u021ba profesorului Ion Petrovici\u201d (pp. 81-90); Adrian Michidu\u021b\u0103, \u201eFiloso\u00adful Ion Petrovici \u2013 Ministrul Educa\u021biei, Culturii Na\u021bionale \u0219i Cultelor \u00een guvernarea mare\u00ad\u0219alului Ioan Antonescu\u201d (pp. 91\u2013 112); G. G. Constandache, \u201e\u00cent\u00e2lnirea cu Ion Petrovici\u201d (pp. 113\u2013 118); \u201eBibliografia scrierilor lui Ion Petrovici\u201d (pp. 119\u2013 135).<\/p>\n\n\n\n<p>P. Andrei, \u201eEdmond Goblot, Trait\u00e9 de logique, ed. II, Paris, 1920; I. Petrovici, Teoria no\u021biuni\u00adlor\u201d, <em>Via\u021ba rom\u00eeneasc\u0103<\/em>, vol. XLIV, anul XII, nr. 10, 1920, pp. 642\u2013643.<\/p>\n\n\n\n<p>Petre Andrei, \u201eIon Petrovici: Pagini filosofice\u201d, <em>Revista de filosofie<\/em>, vol. IX, nr. 1, 1923, p. 53.<\/p>\n\n\n\n<p>\u0218tefan Andronache, <em>Ion Petrovici. Biobibliografie<\/em>, Tecuci, Biblioteca Municipal\u0103 \u201e\u0218tefan Petic\u0103\u201d, 1997, 34 p.<\/p>\n\n\n\n<p>\u0218tefan Afloroaei, <em>Cum este posibil\u0103 filosofia \u00een estul Europei<\/em>, Ia\u0219i, Editura Polirom, 1997, pp. 65\u201371 (\u201eCazul Ion Petrovici. Trei \u00eentreb\u0103ri de economie simbolic\u0103\u201d) \u0219i <em>passim<\/em>.<\/p>\n\n\n\n<p>N. Bagdasar, \u201eIon Petrovici\u201d, <em>Revista de filosofie<\/em>, vol. XXIII, nr. 1, 1938, pp. 1\u201312.<a href=\"#_edn2\" id=\"_ednref2\"><sup>[2]<\/sup><\/a><\/p>\n\n\n\n<p>N. Bagdasar, <em>Istoria filosofiei rom\u00e2ne\u0219ti<\/em>, Bucure\u0219ti, Societatea Rom\u00e2n\u0103 de Filosofie, 1940, pp. 123\u2013145.<a href=\"#_edn3\" id=\"_ednref3\"><sup>[3]<\/sup><\/a><\/p>\n\n\n\n<p>N. Bagdasar, \u201eI. Petrovici metafizician\u201d, <em>Preocup\u0103ri literare<\/em>, anul VII, nr. 6-7, 1942, pp. 365\u2013383.<\/p>\n\n\n\n<p>Nicolae Bagdasar, \u201eIon Petrovici\u201d, \u00een <em>Opere<\/em>, vol. II: <em>Portrete<\/em>, edi\u021bie \u00eengrijit\u0103 de Rodica Pandele \u0219i Gh. Vl\u0103du\u021bescu, prefa\u021b\u0103 de Nicolae Bagdasar, postfa\u021b\u0103 \u0219i note de Gh. Vl\u0103du\u021bescu, Bucu\u00adre\u0219ti, Editura Academiei Rom\u00e2ne, 2006, pp. 55\u201380.<\/p>\n\n\n\n<p>Ana Bazac, \u201ePornind de la o observa\u021bie a lui Ion Petrovici\u201d, \u00een <em>Omul activ \u0219i impersonalul \u201ese\u201d (perspectiv\u0103 de filosofie social\u0103 asupra unor pagini din istoria g\u00e2ndirii rom\u00e2ne\u0219ti)<\/em>, Cra\u00adiova, Aius PrintED, 2010, pp. 203\u2013207.<a href=\"#_edn4\" id=\"_ednref4\"><sup>[4]<\/sup><\/a><\/p>\n\n\n\n<p>Ana Bazac, \u201eIon Petrovici \u0219i Tudor Vianu: valoarea omului \u0219i idealul clasic al acestuia. destinul conceptelor\u201d, \u00een <em>Studii de istorie a filosofiei rom\u00e2ne\u0219ti<\/em>, vol. II, coord. Viorel Cernica, ed. \u00eengrijit\u0103 de Mona Mamulea, Bucure\u0219ti, Editura Academiei Rom\u00e2ne, 2007, pp. 427\u2013444.<\/p>\n\n\n\n<p>Ana Bazac, \u201eIon Petrovici \u0219i <em>valoarea omului<\/em>\u201d, <em>Revista de filosofie<\/em>, tomul LIV, nr. 1-2, 2007, pp. 29\u201338.<\/p>\n\n\n\n<p>D. B\u0103d\u0103reu, \u201eIon Petrovici, Teoria No\u021biunilor (Edi\u021bia II-a), Editura Casei \u0218coalelor\u201d, <em>Via\u021ba rom\u00eeneasc\u0103<\/em>, anul XVI, no. 2, 1925, pp. 312\u2013314.<\/p>\n\n\n\n<p>Dan B\u0103d\u0103r\u0103u, \u201eVirtualit\u0103\u021bile no\u021biunilor\u201d, <em>Minerva<\/em> (Ia\u0219i), anul I,&nbsp; nr. 1, 1927, pp. 100\u2013117; nr. 2, 1927, pp. 127\u2013135.<a href=\"#_edn5\" id=\"_ednref5\"><sup>[5]<\/sup><\/a><\/p>\n\n\n\n<p>Ion B\u0103lin, \u201eCercet\u0103rile originale ale lui Ioan Petrovici \u00een domeniul silogisticii\u201d, \u00een <em>Silogistica tra\u00addi\u00ad\u021bio\u00adnal\u0103 \u0219i modern\u0103. Contribu\u021bii rom\u00e2ne\u0219ti<\/em>, Bucure\u0219ti, Editura Nemira, 1996, pp. 30\u201340.<\/p>\n\n\n\n<p>Vasile B\u0103ncil\u0103, \u201eIon Petrovici\u201d, <em>Comentar: caiet de cultur\u0103 al salonului literar artistic<\/em>, nr. 1 (5), 1973.<a href=\"#_edn6\" id=\"_ednref6\"><sup>[6]<\/sup><\/a><\/p>\n\n\n\n<p>S. S. B\u00e2rs\u0103nescu, \u201ePreciz\u0103ri&#8230;\u201d, <em>G\u00e2ndul Nostru<\/em> (Ia\u0219i), anul V, no. 10-11, 1926, pp. 145\u2013147.<\/p>\n\n\n\n<p>S. S. B\u00eers\u0103nescu, \u201eIon Petrovici, Kant und das rum\u00e4nische Denken\u201d,<em> Minerva<\/em> (Ia\u0219i), anul I, nr. 3, 1928, pp. 188\u2013190.<\/p>\n\n\n\n<p>S. S. B\u00eers\u0103nescu, \u201eIon Petrovici, Introducere \u00een metafizic\u0103, ed. II, Bucure\u0219ti, Casa \u0218coalelor, 1929\u201d, <em>Minerva<\/em> (Ia\u0219i), anul II, nr. 3, 1929, pp. 147\u2013149.<\/p>\n\n\n\n<p>\u0218t. B\u00e2rs\u0103nescu, \u201eI. Petrovici: Studii istorico-filosofice. Serie nou\u0103. Casa \u0218coalelor, Bucure\u0219ti, 1943\u201d, <em>Ethos<\/em> (Ia\u0219i), anul I, nr. 1, 1944, pp. 151\u2013154.<\/p>\n\n\n\n<p>Alexandru Boboc, \u201eIon Petrovici \u0219i spiritul filosofic. Scurt\u0103 evocare \u0219i sumar\u0103 caracterizare a operei\u201d, <em>Revista de filosofie<\/em>, tomul XXIX, nr. 6, 1982, pp. 574\u2013578.<a href=\"#_edn7\" id=\"_ednref7\"><sup>[7]<\/sup><\/a><\/p>\n\n\n\n<p>Alexandru Boboc, \u201eIon Petrovici \u0219i receptarea lui Kant \u00een g\u00e2ndirea filosofic\u0103 rom\u00e2neasc\u0103\u201d, \u00een: <em>Studii de istorie a filosofiei rom\u00e2ne\u0219ti<\/em>, vol. IV, coordonator Viorel Cernica, ed. \u00eengrijit\u0103 de Mona Mamulea, Bucure\u0219ti, Editura Academiei Rom\u00e2ne, 2008, pp. 81\u201388.<\/p>\n\n\n\n<p>Alexandru Boboc, \u201eIon Petrovici: Kant \u00een filosofia rom\u00e2neasc\u0103\u201d, \u00een <em>Filosofie rom\u00e2neasc\u0103. Stu\u00addii istorico-filosofice<\/em>, Bucure\u0219ti, Editura Academiei Rom\u00e2ne, 2011, pp. 65\u201374.<\/p>\n\n\n\n<p>Virgil Bogdan, \u201eFilosofia logic\u0103 a d-lui I. Petrovici\u201d, <em>Preocup\u0103ri literare<\/em>, anul VII, nr. 6-7, 1942, pp. 309\u2013326.<\/p>\n\n\n\n<p>Virgil Bogdan, \u201eI. Petrovici, Studii istorico-filosofice. Serie nou\u0103 (Casa \u0218coalelor, 1943)\u201d, <em>Re\u00advista de filosofie<\/em>, vol. XXVIII, nr. 1-2, 1943, pp. 131\u2013136.<\/p>\n\n\n\n<p>G. Bogdan-Duic\u0103, \u201e\u00cent\u00e2ia tez\u0103 rom\u00e2n\u0103 pentru doctorat \u00een filozofie\u201d, <em>Revista general\u0103 a \u00eenv\u0103\u021b\u0103\u00adm\u00e2ntului<\/em>, anul I, nr. 5, 1905, pp. 322\u2013325.<a href=\"#_edn8\" id=\"_ednref8\"><sup>[8]<\/sup><\/a><\/p>\n\n\n\n<p>G. Bogdan-Duic\u0103, \u201e\u00cent\u00e2ia tez\u0103 rom\u00e2n\u0103 pentru doctorat \u00een filozofie (cuv\u00e2ntul din urm\u0103)\u201d, <em>Revista general\u0103 a \u00eenv\u0103\u021b\u0103m\u00e2ntului<\/em>, anul I, nr. 10, 1906, pp. 779\u2013786.<a href=\"#_edn9\" id=\"_ednref9\"><sup>[9]<\/sup><\/a><\/p>\n\n\n\n<p>N. Bolboa\u0219\u0103, \u201eFilozofia burghez\u0103 din Rom\u00e2nia dintre cele dou\u0103 r\u0103zboaie mondiale, du\u0219mana \u0219tiin\u021bei \u0219i materialismului\u201d, \u00een <em>Din istoria filozofiei \u00een Rom\u00e2nia<\/em>, vol. I, Bucure\u0219ti, Editura Academiei Republicii Populare Rom\u00eene, 1955, pp. 241\u2013263 [247\u2013249].<\/p>\n\n\n\n<p>G. C. Bontil\u0103, \u201eIoan Petrovici, De-asupra sbuciumului, Bucure\u0219ti, 1932\u201d, <em>Revista de filosofie<\/em>, vol. XVIII, nr. 1, 1933, pp. 95\u201396.<\/p>\n\n\n\n<p>Angela Botez, <em>Un secol de filosofie rom\u00e2neasc\u0103<\/em>, Bucure\u0219ti, Editura Academiei Rom\u00e2ne, 2005, pp. 112\u2013117 (\u201eIon Petrovici \u2013 Introducere \u00een metafizic\u0103\u201d), pp. 188\u2013190.<\/p>\n\n\n\n<p>Angela Botez, \u201eIon Petrovici \u2013 despre metafizic\u0103 \u0219i legitimitatea ei\u201d, <em>Revista de filosofie<\/em>, tomul LIV, nr. 1-2, 2007, pp. 13\u201320.<\/p>\n\n\n\n<p>Angela Botez, \u201eImplicarea lui Ion Petrovici \u00een filosofia mentalului\u201d, \u00een <em>Studii de istorie a filoso\u00adfiei rom\u00e2ne\u0219ti<\/em>, vol. IV, coord. Viorel Cernica, ed. \u00eengrijit\u0103 de Mona Mamulea, Bucure\u0219ti, Editura Academiei Rom\u00e2ne, 2008, pp. 89\u2013104.<\/p>\n\n\n\n<p>Angela Botez, \u201eDeschideri spre filosofia psihologiei \u0219i a mentalului \u00een opera lui C. R\u0103dulescu-Motru, \u0218tefan Lupa\u0219cu \u0219i Ion Petrovici\u201d, <em>Revista de filosofie<\/em>, tomul LVI, nr. 1-2, 2009, pp. 25\u201338.<\/p>\n\n\n\n<p>Angela Botez, <em>Filosofia rom\u00e2neasc\u0103 \u00een dispunere universal\u0103<\/em>, Bucure\u0219ti, Editura Pro Universita\u00adria, 2012, pp. 254\u2013261 (\u201eIon Petrovici. Paralelismul psiho-fizic\u201d) \u0219i <em>passim<\/em>.<\/p>\n\n\n\n<p>C. I. Botez, \u201eI. Petrovici, Cercet\u0103ri filosofice, ed. 2-a, Bucure\u0219ti, Casa \u0218coalelor, 1926\u201d, <em>Via\u021ba rom\u00eeneasc\u0103<\/em>, anul XVIII, nr. 4, 1926, pp. 118\u2013119.<\/p>\n\n\n\n<p>Traian Br\u0103ileanu, \u201eO carte nou\u0103 despre Schopenhauer\u201d, <em>Revista de pedagogie<\/em> (Cern\u0103u\u021bi), anul VIII, caetul I, 1938, pp. 76\u201381.<\/p>\n\n\n\n<p>I. Bruc\u0103r, \u201eI. Petrovici, Felurite\u201d, <em>Revista de filosofie<\/em>, vol. XVI, nr. 1, 1929, pp. 111\u2013112.<\/p>\n\n\n\n<p>I. Bruc\u0103r, \u201eIoan Petrovici, Studii istorico-filosofice\u201d, <em>Revista de filosofie<\/em>, vol. XV, nr. 2, 1930, pp. 201\u2013203.<\/p>\n\n\n\n<p>I. Bruc\u0103r, \u201eIoan Petrovici, Deasupra zbuciumului\u201d, <em>Rom\u00e2nia literar\u0103<\/em>, anul I, nr. 46, 31 decem\u00adbrie 1932, p. 3.<\/p>\n\n\n\n<p>I. Bruc\u0103r, \u201eDl. I. Petrovici logician\u201d, <em>Adev\u0103rul literar \u0219i artistic<\/em>, anul XI, nr. 607, 24 iulie 1932, p. 5.<\/p>\n\n\n\n<p>I. Bruc\u0103r, \u201eProblema neantului. Cu prilejul studiului d-lui I. Petrovici, \u00abIdeea de neant\u00bb\u201d, <em>Revis\u00adta de filosofie<\/em>, vol. XVIII, nr. 2, 1933, pp. 248\u2013251.<a href=\"#_edn10\" id=\"_ednref10\"><sup>[10]<\/sup><\/a><\/p>\n\n\n\n<p>I. Bruc\u0103r, \u201eI. Petrovici, \u00abIdeea de neant\u00bb\u201d, \u00een <em>Caden\u021be filosofice<\/em>, Bucure\u0219ti, Libr\u0103ria \u201eUniversa\u00adla\u201d Alcalay &amp; Co., 1934, pp. 87\u201390.<a href=\"#_edn11\" id=\"_ednref11\"><sup>[11]<\/sup><\/a><\/p>\n\n\n\n<p>I. Bruc\u0103r, \u201eIon Petrovici, Schopenhauer\u201d, <em>Revista de filosofie<\/em>, vol. XXII, nr. 2, 1937, pp. 210\u2013212.<\/p>\n\n\n\n<p>I. Bruc\u0103r, \u201eD. I. Petrovici \u0219i logica\u201d, <em>Revista de filosofie<\/em>, vol. XXIII, nr. 1, 1938, pp. 13\u201340.<\/p>\n\n\n\n<p>Cristian Buitan, \u201eIon Petrovici: Teoria no\u021biunilor\u201d, <em>Analele Universit\u0103\u021bii \u201eSpiru Haret\u201d<\/em>, an I, nr.&nbsp;1, 1999, pp. 169\u2013172.<a href=\"#_edn12\" id=\"_ednref12\"><sup>[12]<\/sup><\/a><\/p>\n\n\n\n<p>Gheorghe Bumbe\u0219ti, \u201eEd. Goblot \u0219i I. Petrovici cu privire la teoria no\u021biunilor\u201d, <em>Preocup\u0103ri lite\u00adrare<\/em>, anul VII, nr. 6-7, 1942, pp. 399\u2013402.<\/p>\n\n\n\n<p>Aurel M. Cazacu, \u201eTradi\u021bie \u0219i originalitate \u00een logica lui Ion Petrovici\u201d, <em>Analele Universit\u0103\u021bii Spiru Haret. Seria Filosofie<\/em>, nr. 7, 2005, pp. 119\u2013130.<\/p>\n\n\n\n<p>Aurel M. Cazacu, <em>O paradigm\u0103 a inteligen\u021bei rom\u00e2ne\u0219ti: Logica lui Titu Maiorescu<\/em>, Bucure\u0219ti, Editura Academiei Rom\u00e2ne, 2007, pp. 244\u2013260 (\u201eTradi\u021bie \u0219i originalitate la Ion Petrovici\u201d).<\/p>\n\n\n\n<p>Gh. Al. Cazan, <em>Istoria filosofiei rom\u00e2ne\u0219ti<\/em>, Bucure\u0219ti, Editura Didactic\u0103 \u0219i Pedagogic\u0103, 1984, pp. 241\u2013252.<a href=\"#_edn13\" id=\"_ednref13\"><sup>[13]<\/sup><\/a><\/p>\n\n\n\n<p>Gh. Al. Cazan, <em>Dincoace de Maiorescu<\/em>, Bucure\u0219ti, Editura Agerpress Typo, 2004, pp. 309\u2013338 (\u201eIon Petrovici \u2013 Spiritualismul ra\u021bionalist\u201d).<\/p>\n\n\n\n<p>George Ceau\u0219u, Petru Ioan, Melentina Popa, <em>Contributori \u00een contul logicii ie\u0219ene<\/em>, Ia\u0219i, Editura \u201e\u0218tefan Lupa\u0219cu\u201d, 2010, pp. 105\u2013118.<\/p>\n\n\n\n<p>Viorel Cernica, <em>Exerci\u021bii fenomenologice asupra filosofiei rom\u00e2ne\u0219ti interbelice: C. R\u0103dulescu-Motru. Nae Ionescu. Emil Cioran. I. D. Gherea. Ion Petrovici<\/em>, Bucure\u0219ti, Mihai Dascal Editor, 1999, pp. 307\u2013324 (\u201eIon Petrovici. Competi\u021bia ca matrice a umanului\u201d).<\/p>\n\n\n\n<p>Viorel Cernica, <em>Filosofie rom\u00e2neasc\u0103 interbelic\u0103. Perspectiv\u0103 fenomenologic\u0103<\/em>, edi\u021bia a 2-a<a href=\"#_edn14\" id=\"_ednref14\"><sup>[14]<\/sup><\/a>, Ia\u0219i, Institutul European, 2006, pp. 235\u2013252.<\/p>\n\n\n\n<p>Viorel Cernica, \u201eIdeea de neant \u0219i argumentul cosmologic\u201d, <em>Revista de filosofie<\/em>, tomul LV, nr. 5-6, 2008, pp. 547\u2013555.<a href=\"#_edn15\" id=\"_ednref15\"><sup>[15]<\/sup><\/a><\/p>\n\n\n\n<p>\u0218erban Cioculescu, \u201eOratorul\u201d, <em>Preocup\u0103ri literare<\/em>, anul VII, nr. 6-7, 1942, pp. 344\u2013348.<\/p>\n\n\n\n<p>Alexandru Claudian, \u201eIon Petrovici (cu prilejul \u00eemplinirii a 50 ani de via\u021b\u0103)\u201d, \u00een <em>Cercet\u0103ri filoso\u00adfice \u0219i sociologice<\/em>, Ia\u0219i, Tipografia concesionar\u0103: Alexandru \u021aerek, 1935, pp. 231\u2013255.<\/p>\n\n\n\n<p>P[etre] Com[arnescu], <em>Not\u0103<\/em> [despre Premiul Na\u021bional ob\u021binut de c\u0103tre \u201efilosoful, scriitorul \u0219i oratorul Ion Petrovici\u201d], <em>Revista Funda\u021biilor Regale<\/em>, anul VII, nr. 7, 1940, pp. 228\u2013229.<\/p>\n\n\n\n<p>P[etre] Com[arnescu], \u201eTitu Maiorescu de Ion Petrovici\u201d, <em>Revista Funda\u021biilor Regale<\/em>, anul IX, nr. 6, 1942, pp. 229\u2013230.<a href=\"#_edn16\" id=\"_ednref16\"><sup>[16]<\/sup><\/a><\/p>\n\n\n\n<p>G. G. Constandache, \u201e\u00cent\u00e2lnirile mele cu filosoful Ion Petrovici\u201d, <em>Revista de filosofie<\/em>, tomul LIV, nr. 1-2, 2007, pp. 57\u201366.<\/p>\n\n\n\n<p>Pompiliu Constantinescu, \u201eIon Petrovici \u2013 maiorescianul\u201d, <em>Preocup\u0103ri literare<\/em>, anul VII, nr. 6\u20117, 1942, pp. 331\u2013334.<\/p>\n\n\n\n<p>Nichifor Crainic, [Ioan Petrovici, Via\u021ba \u0219i opera lui Kant], <em>G\u00e2ndirea<\/em>, anul XVI, nr. 2, 1937, pp. &nbsp;92\u201393. [La rubrica: \u201eCronica m\u0103runt\u0103\u201d].<\/p>\n\n\n\n<p>Nichifor Crainic, [S\u0103rb\u0103torirea lui I. Petrovici la \u00eemplinirea v\u00e2rstei de 60 de ani], <em>G\u00e2ndirea<\/em>, anul XXI, nr. 6, iunie-iulie 1942, pp. 359\u2013360. [La rubrica: \u201eCronica m\u0103runt\u0103\u201d].<a href=\"#_edn17\" id=\"_ednref17\"><sup>[17]<\/sup><\/a><\/p>\n\n\n\n<p>Nichifor Crainic, [I. Petrovici, Studii istorico-filosofice], <em>G\u00e2ndirea<\/em>, anul XXII, nr. 1, ianuarie 1943, pp. 52\u201353. [La rubrica: \u201eCronica m\u0103runt\u0103\u201d].<a href=\"#_edn18\" id=\"_ednref18\"><sup>[18]<\/sup><\/a><\/p>\n\n\n\n<p>Petre Dan-Str\u0103ule\u0219ti, \u201eC. R\u0103dulescu-Motru \u0219i Ion Petrovici \u2013 parlamentari ai Frontului Rena\u0219te\u00adrii Na\u021bionale\u201d, \u00een <em>Studii de istorie a filosofiei rom\u00e2ne\u0219ti<\/em>, vol. IV, coord. Viorel Cernica, ed. \u00eengrijit\u0103 de Mona Mamulea, Bucure\u0219ti, Editura Academiei Rom\u00e2ne, 2008, pp. 199\u2013205.<\/p>\n\n\n\n<p>Petre Dan-Str\u0103ule\u0219ti, \u201eIon Petrovici la Alger\u201d, <em>Revista de filosofie<\/em>, tomul LVI, nr. 5-6, 2009, pp.&nbsp;635\u2013638.<\/p>\n\n\n\n<p>Claudia-Renata David, <em>Filosofia lui Ion Petrovici: elemente spiritualiste<\/em>, Cluj-Napoca, Univer\u00adsitatea &#8220;Babe\u0219-Bolyai&#8221;. Facultatea de Istorie \u2013 Filosofie, 2013. Tez\u0103 de doctorat.<\/p>\n\n\n\n<p>Boris De\u0219liu, \u201eUn t\u00e2n\u0103r jurist. Domnul Ion Petrovici\u201d, <em>Preocup\u0103ri literare<\/em>, anul VII, nr. 6-7, 1942, pp. 410\u2013411.<\/p>\n\n\n\n<p>Ion Didilescu, <em>Universitari din alte vremuri<\/em>, [prefa\u021ba: D. Stoianovici], Ia\u0219i Editura \u201e\u0218tefan Lupa\u0219cu\u201d, 2010, pp. 22\u201334 (\u201eIon Petrovici\u201d).<\/p>\n\n\n\n<p>Marcel T. Djuvara, \u201eMetoda inductiv\u0103 \u0219i rolul ei \u00een \u0219tiin\u021bele explicative\u201d, <em>Studii filosofice<\/em>, vol. V, 1910, pp. 170\u2013194.<a href=\"#_edn19\" id=\"_ednref19\"><sup>[19]<\/sup><\/a><\/p>\n\n\n\n<p>Marius Dumitrescu, \u201eTematica raportului corp suflet \u00een filosofia lui Ion Petrovici\u201d, <em>Analele \u0219tiin\u021bifice ale Universit\u0103\u021bii \u201eAl. I. Cuza\u201d (Serie nou\u0103). Filosofie<\/em>, tomul XXXVIII, nr. 1-2, 1992, pp. 144\u2013147.<\/p>\n\n\n\n<p>Romulus Dumitrescu, \u201e\u00cen marginea unei c\u0103r\u021bi noi de filosofie\u201d [despre: I. Petrovici: Studii isto\u00adrico-filosofice. Seria nou\u0103, Bucure\u0219ti, Casa \u0218coalelor, 1943], <em>Preocup\u0103ri literare<\/em>, anul VIII, nr. 1-2, 1943, pp. 45\u201354.<\/p>\n\n\n\n<p>Anton Dumitriu, <em>Istoria logicii<\/em>, Bucure\u0219ti, Editura Didactic\u0103 \u0219i Pedagogic\u0103, 1969, pp. 915\u2013922.<a href=\"#_edn20\" id=\"_ednref20\"><sup>[20]<\/sup><\/a><\/p>\n\n\n\n<p>Mircea Flonta, <em>Cum recunoa\u0219tem pas\u0103rea Minervei? Reflec\u021bii asupra percep\u021biei filosofiei \u00een cultura rom\u00e2neasc\u0103<\/em>, Bucure\u0219ti, Editura Funda\u021biei Culturale Rom\u00e2ne, 1998, pp. 206\u2013210.<\/p>\n\n\n\n<p>Mircea Florian, \u201eIon Petrovici, Introducere \u00een metafizic\u0103\u201d, <em>Revista de filosofie<\/em>, vol. X, nr. 3-4, 1924\/1925, pp. 151\u2013153.<\/p>\n\n\n\n<p>Leonard Gavriliu, \u201ePetrovici, Ion\u201d, \u00een: Didier Julia, <em>Dic\u021bionar de filosofie<\/em>, traducere avanprefa\u021b\u0103 \u0219i complet\u0103ri privind filosofia rom\u00e2neasc\u0103 de Leonard Gavriliu, Bucure\u0219ti, Editura Uni\u00advers Enciclopedic, 1996, p. 260.<a href=\"#_edn21\" id=\"_ednref21\"><sup>[21]<\/sup><\/a><\/p>\n\n\n\n<p>Nicu Gavrilu\u021b\u0103, \u201eIdeea de divinitate la Ion Petrovici (considera\u021bii pe marginea unei logici soteri\u00adologice), <em>Analele \u0219tiin\u021bifice ale Universit\u0103\u021bii \u201eAl. I. Cuza\u201d (Serie nou\u0103). Filosofie<\/em>, tomul XL-XLII, 1994-1996, pp. 51\u201354<\/p>\n\n\n\n<p>S. Gaina, \u201eIoan Petrovici: De-asupra sbuciumului\u201d, <em>Revista de pedagogie<\/em> (Cern\u0103u\u021bi), anul II, caetul III-IV, 1932, pp. 154\u2013160.<\/p>\n\n\n\n<p>S. Gaina, \u201eI. Petrovici: Ideea de neant\u201d, <em>Revista de pedagogie<\/em> (Cern\u0103u\u021bi), anul III, caetul III-IV, 1933, pp. 374\u2013377.<\/p>\n\n\n\n<p>S. Gaina, \u201eI. Petrovici: Din cronica filosofiei rom\u00eene\u0219ti\u201d, <em>Revista de pedagogie<\/em> (Cern\u0103u\u021bi), anul IV, caetul I-II, 1934, pp. 231\u2013234.<\/p>\n\n\n\n<p>S. Gaina, \u201eI. Petrovici: Rotocoale de lumin\u0103\u201d, <em>Revista de pedagogie<\/em> (Cern\u0103u\u021bi), anul IV, caetul III-IV, 1934, pp. 102\u2013108<\/p>\n\n\n\n<p>S. Gaina, \u201eI. Petrovici: Figuri \u0219i concep\u021bii filosofice contemporane\u201d, <em>Revista de pedagogie<\/em> (Cer\u00adn\u0103u\u021bi), anul V, caetul III, 1935, pp. 283\u2013285.<\/p>\n\n\n\n<p>S. G\u0103ina, \u201eI. Petrovici: Via\u021ba \u0219i opera lui Kant\u201d, <em>Revista de pedagogie<\/em> (Cern\u0103u\u021bi), anul VII, caetul I, 1937, pp. 93\u201396.<\/p>\n\n\n\n<p>S. G\u0103ina, \u201eI. Petrovici: Studii istorico-filosofice. Serie nou\u0103\u201d, <em>Revista de pedagogie<\/em>, anul XIII, caetele I-II, 1943, pp. 148\u2013156.<\/p>\n\n\n\n<p>Gheorghi\u021b\u0103 Gean\u0103, \u201eUn orator printre filosofi\u201d, <em>Via\u021ba Rom\u00e2neasc\u0103<\/em>, anul LXXVII, nr. 6, 1982, pp. 77\u201378.<\/p>\n\n\n\n<p>\u0218tefan George<a href=\"#_edn22\" id=\"_ednref22\"><sup>[22]<\/sup><\/a>, \u201eIoan Petrovici \u2013 creion\u0103ri biografice\u201d, <em>G\u00e2ndul Nostru<\/em> (Ia\u0219i), anul V, no. 10-11, 1926, pp. 130\u2013136.<\/p>\n\n\n\n<p>\u0218tefan George, <em>\u00censemn\u0103ri filosofice \u0219i literare<\/em>, Bucure\u0219ti, Tipografia Ion C. V\u0103c\u0103rescu, 1926, pp. 107\u2013126.<\/p>\n\n\n\n<p>Paul Georgescu, \u201eOpera filosofic\u0103 a profesorului Ion Petrovici\u201d, <em>G\u00e2ndirea<\/em>, anul XXIII, nr. 4-5, aprilie-mai 1944, pp. 225\u2013232.<\/p>\n\n\n\n<p>Simion Ghi\u021b\u0103, <em>Filozofie \u0219i \u0219tiin\u021b\u0103 \u00een Rom\u00e2nia (1890\u20131920)<\/em>, Bucure\u0219ti, Editura \u0218tiin\u021bific\u0103, 1970, pp. 93\u2013102 (\u201eNeospiritualismul lui Ion Petrovici\u201d).<\/p>\n\n\n\n<p>Ovidiu Grama, \u201e<em>Introducere \u00een Metafizic\u0103<\/em>\/Ion Petrovici, Casa \u0218coalelor, Bucure\u0219ti, 1924; edi\u021bia a doua: Casa \u0218coalelor, Bucure\u0219ti, 1929\u201d, \u00een: <em>Dic\u021bionarul operelor filozofice rom\u00e2ne\u0219ti<\/em>, coordonator general Ion Iano\u0219i, Bucure\u0219ti, Editura Humanitas, 1997, pp. 88\u201390.<\/p>\n\n\n\n<p>C. I. Gulian, \u201eI. Petrovici: Arte \u0219i arti\u0219ti (\u201eBiblioteca pentru to\u021bi\u201d ed. Alcalay)\u201d, <em>Revista de filoso\u00adfie<\/em>, vol. XIV, nr. 2, 1938, pp. 191\u2013192.<\/p>\n\n\n\n<p>V. V. Hane\u0219, \u201eIon Petrovici, ministrul \u0219coalelor\u201d, <em>Preocup\u0103ri literare<\/em>, anul VII, nr. 6-7, 1942, pp. 392\u2013398.<\/p>\n\n\n\n<p>Victor Iancu, \u201eStudii istorico-filosofice (serie nou\u0103) de I. Petrovici\u201d, <em>S\u00e6culum<\/em> (Sibiu), anul I, mart.-apr. 1943, pp. 94\u201399.<\/p>\n\n\n\n<p>Ion Iano\u0219i, <em>Literatur\u0103 \u0219i filosofie. Intrac\u021biuni \u00een cultura rom\u00e2n\u0103<\/em>, Bucure\u0219ti, Editura Minerva, 1986, pp. 146\u2013149.<\/p>\n\n\n\n<p>Ion Iano\u0219i, <em>O istorie a filosofiei rom\u00e2ne\u0219ti \u2013 \u00een rela\u021bia ei cu literatura<\/em>, Cluj, Biblioteca Apostrof, 1996, pp. 127\u2013128.<\/p>\n\n\n\n<p>Al. Ie\u0219an, \u201eFilosofia kantian\u0103 \u2013 interpretat\u0103 de d-l I. Petrovici\u201d, <em>Revista de pedagogie<\/em> (Cern\u0103u\u021bi), anul VIII, caetul I, 1938, pp. 69\u201375.<\/p>\n\n\n\n<p>Petru Ioan, <em>Coordonate ale filosofiei ie\u0219ene, pe parcursul a trei jubilee<\/em>, Ia\u0219i, Editura \u201e\u0218tefan Lupa\u0219cu\u201d, 2010, pp. 131\u2013132, 336\u2013338, 366\u2013367, 382, 422, 432\u2013435, 454, 465, 546, 551.<\/p>\n\n\n\n<p>Petru P. Ionescu, \u201eProfesorul I. Petrovici la \u00abG\u00e2ndirea\u00bb\u201d, <em>G\u00e2ndirea<\/em>, anul XXI, nr. 3, martie 1942, pp. 153\u2013157.<\/p>\n\n\n\n<p>Al. Iordan, \u201eBibliografia profesorului Ion Petrovici\u201d, <em>Preocup\u0103ri literare<\/em>, anul VII, nr. 6-7, 1942, pp. 403\u2013410.<\/p>\n\n\n\n<p>Mihail Iorgulescu, \u201eAmintiri universitare de Ion Petrovici\u201d, <em>Sbur\u0103torul<\/em>, anul II, nr. 2, 10 iulie 1920, pp. 143\u2013144.<\/p>\n\n\n\n<p>Dumitru Isac, \u201eI. Petrovici: Via\u021ba \u0219i opera lui Kant\u201d, <em>Fream\u0103tul \u0219coalei<\/em>, nr. 1-2, 1937.<a href=\"#_edn23\" id=\"_ednref23\"><sup>[23]<\/sup><\/a><\/p>\n\n\n\n<p>Dumitru Isac, \u201eIon Petrovici, Studii istorico-filosofice (Ed. Casa \u0218coalelor, 1943); Fulgura\u021bii filosofice \u0219i literare, Editura Biblioteca pentru to\u021bi\u201d, <em>Symposion<\/em>, nr. 1, 1943, pp. 95\u2013102.<a href=\"#_edn24\" id=\"_ednref24\"><sup>[24]<\/sup><\/a><\/p>\n\n\n\n<p>Titus Lates, \u201eDe la <em>paralelismul psihofizic<\/em> p\u00e2n\u0103 \u00abdincolo de z\u0103ri\u00bb\u201d, <em>Revista de filosofie<\/em>, tomul LXVIII; nr. 6, 2021, pp. 741\u2013750.<\/p>\n\n\n\n<p>Mona Mamulea, \u201eC\u00e2t\u0103 aparen\u021b\u0103, tot at\u00e2ta realitate: Petrovici \u0219i domni\u021ba la ananghie\u201d, \u00een <em>Studii de istorie a filosofiei rom\u00e2ne\u0219ti<\/em>, vol. X: <em>Teme ontologice. existen\u021b\u0103, fiin\u021b\u0103, realitate<\/em>, co\u00adord. Viorel Cernica, Mona Mamulea, Titus Lates, Mihai Popa, ed. \u00eengrijit\u0103 de Mona Mamulea, Bucure\u0219ti, Editura Academiei Rom\u00e2ne, 2014, pp. 155\u2013163.<\/p>\n\n\n\n<p>Mona Mamulea, \u201e\u00abM\u0103car c\u00e2teva \u00eentrez\u0103riri\u00bb. Petrovici \u0219i realitatea \u00een sine\u201d, \u00een <em>Filosofie \u0219i via\u021b\u0103. In Honorem Alexandru Boboc<\/em>, coord. Oana Vasilescu \u0219i Marius Augustin Dr\u0103ghici, Bu\u00adcure\u0219ti, Editura Academiei Rom\u00e2ne, 2015, pp. 173\u2013180.<\/p>\n\n\n\n<p>Mona Mamulea, \u201eMetafora orizontului\u201d, \u00een <em>Simpozionul Na\u021bional \u201eConstantin R\u0103dulescu-Motru\u201d, edi\u021bia a IV-a, T\u00e2rgu-Mure\u0219, 2019<\/em>, coord. Alexandru Surdu \u0219i Marius Dobre, Bu\u00adcure\u0219ti, Editura Academiei Rom\u00e2ne, 2020, pp. 45\u201350.<\/p>\n\n\n\n<p>Mona Mamulea, \u201eUn argument al lui Petrovici \u00eempotriva doctrinei materialiste\u201d, <em>Revista de filosofie<\/em>, tom LXVII, nr. 6, 2020, pp. 633\u2013641.<\/p>\n\n\n\n<p>Mona Mamulea, \u201eParalelismul minte\u2013corp. Sursele \u0219i inten\u021biile lui Petrovici\u201d, <em>Revista de filoso\u00adfie<\/em>, tom LXVIII, nr. 6, 2021, pp. 731\u2013740.<\/p>\n\n\n\n<p>Andr\u00e9 Marc, <em>La dialectique de l\u2019affirmation. Essai de m\u00e9thaphysique r\u00e9flexive<\/em>, Paris, Descl\u00e9e de Brouwer\/Bruxelles, L\u2019\u00c9dition Universelle, 1952.<\/p>\n\n\n\n<p>Ion V. Mesaro\u0219iu, \u201eRa\u021bionalismul \u0219i problemele logicii \u00een concep\u021bia lui Ion Petrovici\u201d, <em>Studia Universitatis Babe\u0219-Bolyai. Series Philosophia<\/em>, 1969, pp. 79\u201391.<\/p>\n\n\n\n<p>Pierre Mesnard, \u201eIon Petrovici \u2013 le philosophe parmi ses pairs\u201d, <em>Revista de filosofie<\/em>, vol. XXIII, nr. 1, 1938, pp. 41\u201347.<\/p>\n\n\n\n<p>Adrian Michidu\u021b\u0103, \u201eFilosoful Ion Petrovici \u2013 \u00abambasadorul spiritualit\u0103\u021bii rom\u00e2ne\u0219ti\u00bb\u201d, <em>Revista de filosofie<\/em>, tomul LIV, nr. 1-2, 2007, pp. 39\u201355.<\/p>\n\n\n\n<p>Adrian Michidu\u021b\u0103, \u201eIon Petrovici, metafizician \u0219i logician\u201d, <em>Arge\u0219<\/em> (Pite\u0219ti), anul VI, nr. 6, 2007, pp. 28\u201329.<\/p>\n\n\n\n<p>Ioan Miclea, <em>Realismul \u00een filosofia rom\u00e2neasc\u0103<\/em>, Blaj, Tipografia seminarului, 1944.<\/p>\n\n\n\n<p>Constantin Micu, <em>Cunoa\u0219tere \u0219i m\u00e2ntuire \u00een problematica filosofic\u0103 a d-lui I Petrovici<\/em>, Bucu\u00adre\u0219ti, Tipografia C\u0103r\u021bilor Biserice\u0219ti, 1942. Extras din Revista <em>Dacia Rediviva<\/em>, nr. 8, anul 1942.<\/p>\n\n\n\n<p>Constantin Micu, \u201eProblema existen\u021bei \u0219i a non-existen\u021bei \u00een g\u00e2ndirea filosofului I. Petrovici\u201d, <em>Revista de pedagogie<\/em>, anul XII, caetele I-II, 1942, pp. 15\u201322.<\/p>\n\n\n\n<p>\u0218tefan Munteanu, \u201eIon Petrovici despre filosofia lui Eminescu\u201d, <em>Revista de filosofie<\/em>, tomul XLVII, nr. 5-6, 2000, pp. 495\u2013498.<\/p>\n\n\n\n<p>\u0218tefan Munteanu, \u201eElemente de filosofia culturii \u00een opera lui Ion Petrovici\u201d, <em>Analele Universit\u0103\u00ad\u021bii \u0218tefan cel Mare din Suceava<\/em>, 2003, pp. 3\u20139.<\/p>\n\n\n\n<p>\u0218tefan Munteanu, <em>Ra\u021bionalitatea metafizicii lui Ion Petrovici<\/em>, Bucure\u0219ti, Editura Funda\u021biei AXIS, 2003.<\/p>\n\n\n\n<p>\u0218tefan Munteanu, \u201eContribu\u021bia lui Ion Petrovici la teoria no\u021biunilor\u201d, \u00een <em>Ipostaze ale spiritului rom\u00e2nesc<\/em>, Bac\u0103u, Editura Moldavia, 2003.<\/p>\n\n\n\n<p>\u0218tefan Munteanu, <em>Ra\u021bionalitatea metafizicii lui Ion Petrovici<\/em>, Bucure\u0219ti, Editura C. H. Beck, 2007.<\/p>\n\n\n\n<p>Vasile Musc\u0103, <em>\u00cencercare asupra g\u00e2ndirii rom\u00e2ne\u0219ti. Schi\u021ba unui profil istoric<\/em>, Cluj-Napoca, Editura Grinta, 2002, pp. 135\u2013142.<\/p>\n\n\n\n<p>Vasile Musc\u0103, \u201eProblema metafizicii la I. Petrovici\u201d, \u00een <em>Filosofia ca istoria filosofiei<\/em>, Cluj-Napoca, Editura Dacia, 2002, pp. 124\u2013132.<\/p>\n\n\n\n<p>N.[C. Narly], \u201eS\u0103rb\u0103torirea profesorului Ion Petrovici\u201d, <em>Revista de pedagogie<\/em> (Cern\u0103u\u021bi), anul II, caetul I-II, 1932, pp. 104\u2013106.<\/p>\n\n\n\n<p>C. Narly, \u201eOmagierea profesorului Ion Petrovici\u201d, <em>Revista de pedagogie<\/em> (Cern\u0103u\u021bi), anul VIII, caetul I, 1938, pp. 66\u201368.<\/p>\n\n\n\n<p>C. Narly, \u201eMisiunea omului \u00een g\u00e2ndirea prof. Ion Petrovici\u201d, <em>Preocup\u0103ri literare<\/em>, anul VII, nr. 6-7, 1942, pp. 349\u2013364.<\/p>\n\n\n\n<p>D. C. N\u0103dejde, \u201eParalelismul psiho-fizic \u00een metafizica rom\u00een\u0103 (studiu de patologie literar\u0103)\u201d, <em>Revista de filosofie \u0219i pedagogie<\/em>, anul I, fascicula 2 \u0219i 3, 1906, pp. 236\u2013249.<a href=\"#_edn25\" id=\"_ednref25\"><sup>[25]<\/sup><\/a><\/p>\n\n\n\n<p>Nicolae T. Neagu, <em>Ion Petrovici: g\u00e2nditor<\/em>, Cern\u0103u\u021bi, Tipografia Mitropoliei Bucovinei, 1943.<\/p>\n\n\n\n<p>Ionel Necula, \u201eIon Petrovici \u0219i patima apostolatului\u201d, <em>Contemporanul \u2013 Ideea european\u0103<\/em>, an IX,&nbsp; nr. 40, 1997.<\/p>\n\n\n\n<p>Ionel Necula, \u201eFilosofia marxist\u0103 sub tratamentul lui Ion Petrovici\u201d, <em>Contemporanul \u2013 Ideea european\u0103<\/em>, an X,\u00a0 nr. 14, 1998.<\/p>\n\n\n\n<p>Ionel Necula, \u201eIon Petrovici despre progresul cultural\u201d, <em>Contemporanul \u2013 Ideea european\u0103<\/em>, an IX,&nbsp; nr. 40, 1999, p. 7.<\/p>\n\n\n\n<p>Ionel Necula, \u201eIon Petrovici despre fenomenul cultural rom\u00e2nesc \u00een sistem pavilionar\u201d, <em>Convor\u00adbiri literare<\/em>, anul CXXXVI, nr. 1, 2002, pp. 130\u2013132.<\/p>\n\n\n\n<p>Ionel Necula, \u201eIon Petrovici \u00een lumina lumpenfilosof\u0103rii\u201d, <em>Dacia literar\u0103<\/em>, nr. 1, 2002; (II), <em>Via\u021ba rom\u00e2neasc\u0103<\/em>, XCVIII, nr. 10, 2003, pp. 18\u201319.<\/p>\n\n\n\n<p>Ionel Necula, \u201eIon Petrovici \u00een c\u0103utarea ra\u021biunii suficiente\u201d, <em>Axioma<\/em> (Ploie\u0219ti), anul V, nr. 10, 2004, p. 25.<\/p>\n\n\n\n<p>Ionel Necula, \u201eNestatorniciile unei rela\u021bii filosofice: Ion Petrovici \u0219i Lucian Blaga\u201d, <em>Familia<\/em> (Oradea), an LX, nr. 5, 2004, pp. 49\u201353.<\/p>\n\n\n\n<p>Ionel Necula, <em>Ion Petrovici \u00een vizorul Securit\u0103\u021bii<\/em>, Bucure\u0219ti, Editura Saeculum I. O., 2005.<\/p>\n\n\n\n<p>Ionel Necula, <em>Ion Petrovici. Un capitol de filosofie rom\u00e2neasc\u0103: Coresponden\u021b\u0103 Pamfil \u0218eicaru \u2013 Ion Petrovici<\/em>, comentariu, note \u0219i iconografie de George Corbu, Bucure\u0219ti, Editura Ide\u00adea European\u0103, 2006.<\/p>\n\n\n\n<p>Ionel Necula, \u201eIon Petrovici, c\u00e2teva repere hermeneutice\u201d, <em>Revista de filosofie<\/em>, tomul LIV, nr. 1-2, 2007, pp. 21\u201327.<\/p>\n\n\n\n<p>Ionel Necula, \u201eAlexandru Boboc \u00een afinit\u0103\u021bii elective cu Ion Petrovici\u201d, \u00een <em>Filosofie \u0219i cultur\u0103: in ho\u00adno\u00adrem Alexandru Boboc<\/em>, Bucure\u0219ti, Editura Universit\u0103\u021bii din Bucure\u0219ti, 2010, pp. 116\u2013118.<\/p>\n\n\n\n<p>Ionel Necula, \u201eIon Petrovici \u0219i realismul logic\u201d, <em>Contemporanul \u2013 Ideea european\u0103<\/em>, anul XXI, nr. 4, 2010, p. 36.<\/p>\n\n\n\n<p>Ionel Necula, \u201eIon Petrovici la Radiodifuziunea Rom\u00e2n\u0103\u201d, <em>Dacia literar\u0103<\/em>, an XXII, nr. 94, 2011, pp. 69\u201371.<\/p>\n\n\n\n<p>Ionel Necula, \u201eNicolae Bagdasar ca hermeneut al filosofului Ion Petrovici\u201d, <em>Bibliotheca Septen\u00adtrionalis<\/em> (online), an XXIII, nr. 2, 2015, pp. 93\u201397.<\/p>\n\n\n\n<p>Ionel Necula, <em>Ion Petrovici: Recuren\u021be<\/em>, vol. I, Ploie\u0219ti, Editura Premier, 2011; vol. II, Tecuci, Grapho Press, 2016.<\/p>\n\n\n\n<p>Ionel Necula, \u201eIon Petrovici \u0219i tenta\u021biile filosofiei ca sistem\u201d, <em>Axis Libri<\/em>, an XIII, nr. 48, 2020, pp. 69\u201371.<\/p>\n\n\n\n<p>Constantin Noica, \u201eKant v\u0103zut de profesorul Petrovici\u201d, <em>Revista Funda\u021biilor Regale<\/em>, anul IV, nr.&nbsp;3, 1937, pp. 675\u2013683.<a href=\"#_edn26\" id=\"_ednref26\"><sup>[26]<\/sup><\/a><\/p>\n\n\n\n<p>Constantin Noica, \u201eCum se scrie o monografie filosofic\u0103\u201d [despre I. Petrovici: Schopenhauer, Bi\u00adblioteca pentru to\u021bi, 1937],&nbsp; <em>Revista Funda\u021biilor Regale<\/em>, anul IV, nr. 11, 1937, pp. 426\u2013430.<\/p>\n\n\n\n<p>D. Papadopol, \u201eIon Petrovici \u00een scrierile sale m\u0103runte\u201d, <em>Revista de pedagogie<\/em>, anul XIII, caetele I-II, 1943, pp. 100\u2013106.<\/p>\n\n\n\n<p>P. I. Papadopol, \u201eI. Petrovici: Din cronica filosofiei rom\u00e2ne\u0219ti\u201d, <em>Preocup\u0103ri literare<\/em>, anul II, nr. 10, 1937, pp. 404\u2013405.<\/p>\n\n\n\n<p>Sorin Pavel, \u201eIoan Petrovici\u201d,<em> G\u00e2ndul Nostru<\/em> (Ia\u0219i), anul V, no. 10-11, 1926, pp. 136\u2013138.<\/p>\n\n\n\n<p>Sorin Pavel, \u201eIoan Petrovici \u2013 \u00eencercare caracterologic\u0103\u201d, <em>Revista de filosofie<\/em>, vol. XXIII, nr. 1, 1938, pp. 48\u201352.<\/p>\n\n\n\n<p>Mihaela Pop, \u201eLe caract\u00e8re dynamique de la pens\u00e9e de Ioan Petrovici\u201d, <em>Analele Universit\u0103\u021bii din Bucure\u0219ti. Seria Filosofie<\/em>, 2009.<\/p>\n\n\n\n<p>C. I. Popescu, \u201eI. Petrovici, Etnicul \u00een filosofie (Adev\u0103rul Literar \u0219i Artistic, Seria II-a, Nr. 466)\u201d, <em>Revista de filosofie<\/em>, vol. XIV, nr. 4, 1929, pp. 485\u2013487.<\/p>\n\n\n\n<p>Elena Puha, \u201eIon Petrovici \u2013 memorialist\u201d, (I) <em>Analele \u0219tiin\u021bifice ale Universit\u0103\u021bii \u201eAl. I. Cuza\u201d (Serie nou\u0103). Filosofie<\/em>, tomul XXXVIII, nr. 1-2, 1992, pp. 124-129; (II) tomul XXXIX, nr. 1-2, 1993, pp. 246\u2013251.<\/p>\n\n\n\n<p>Mihai Ralea, \u201eI. Petrovici, Pagini filosofice\u201d, <em>Via\u021ba Rom\u00eeneasc\u0103<\/em>, anul XV, nr. 10-11, 1923, pp. 206\u2013207.<a href=\"#_edn27\" id=\"_ednref27\"><sup>[27]<\/sup><\/a><\/p>\n\n\n\n<p>M[ihai] R[alea], \u201eI. Petrovici, Introducere \u00een metafizic\u0103\u201d, <em>Via\u021ba Rom\u00eeneasc\u0103<\/em>, anul XVII, nr. 1, 1925, p. 166\u2013167.<a href=\"#_edn28\" id=\"_ednref28\"><sup>[28]<\/sup><\/a><\/p>\n\n\n\n<p>M[ihai] R[alea], \u201eS\u0103rb\u0103torirea d-lui I. Petrovici\u201d, <em>Via\u021ba Rom\u00e2neasc\u0103<\/em>, anul XXX, nr. 3, 1938, p. 126.<a href=\"#_edn29\" id=\"_ednref29\"><sup>[29]<\/sup><\/a><\/p>\n\n\n\n<p>C. R\u0103dulescu-Motru, \u201eIon Petrovici \u0219i tradi\u021bia Maiorescu\u201d, <em>Preocup\u0103ri literare<\/em>, anul VII, nr. 6-7, 1942, pp. 276\u2013278.<\/p>\n\n\n\n<p>H. Sanielevici, <em>Literatur\u0103 \u0219i \u0219tiin\u021b\u0103<\/em>, Bucure\u0219ti, Editura \u201eAdeverul\u201d, 1930, pp. 155\u2013189.<\/p>\n\n\n\n<p>Constantin S\u0103l\u0103v\u0103stru, \u201eIdeea de form\u0103 logic\u0103 la Ion Petrovici\u201d, <em>Analele \u0219tiin\u021bifice ale Universi\u00adt\u0103\u021bii \u201eAl. I. Cuza\u201d (Serie nou\u0103). Filosofie<\/em>, tomul XXXVIII, nr. 1-2, 1992, pp. 136\u2013143.<\/p>\n\n\n\n<p>Constantin S\u0103l\u0103v\u0103stru, \u201eL\u2019id\u00e9e de forme logique chez Ion Petrovici\u201d, <em>Revue Roumaine de Philosophie<\/em>, tome 37, nos. 1-2, 1993, pp. 141\u2013149.<\/p>\n\n\n\n<p>Constantin S\u0103l\u0103v\u0103stru, \u201eActualitatea logicii lui Ion Petrovici\u201d, <em>Revista de filosofie<\/em>, tomul XLIII, nr. 5-6, 1996, pp. 427\u2013439.<\/p>\n\n\n\n<p>Constantin S\u0103l\u0103v\u0103stru, <em>Antinomiile receptivit\u0103\u021bii. \u00cencercare de pragmatic\u0103 logic\u0103<\/em>, Bucure\u0219ti, Editura Didactic\u0103 \u0219i Pedagogic\u0103, 1997, pp. 67\u201372 (\u201eAdev\u0103r logic \u0219i lege logic\u0103\u201d), 73\u201376 (\u201eTenta\u021bia monografic\u0103: teoria no\u021biunilor\u201d), 76\u201386 (\u201eCritica judec\u0103\u021bii \u0219i a meto\u00addelor in\u00adductive\u201d), 86\u201389 (\u201eStatutul logicii \u00een ierarhia \u0219tiin\u021belor pozitive\u201d), 89\u201393 (\u201eDestinul logi\u00adcii ionpetroviciene\u201d).<\/p>\n\n\n\n<p>\u201eCurs de logic\u0103. Logic\u0103 formal\u0103, rezumat dup\u0103 cursul d-lui Profesor Ioan Petrovici, scos de A.&nbsp;Zalman, 1916\u201d cu o not\u0103 introductiv\u0103 de Constantin S\u0103l\u0103v\u0103stru, <em>Revista de filosofie<\/em>, to\u00admul XLV, nr. 1, 1998, pp. 77\u201389.<\/p>\n\n\n\n<p>Al. S\u0103ndulescu, \u201eIon Petrovici\u201d, <em>Jurnalul literar<\/em>, vol. XVI, nr. 1-4, ian.-febr. 2005, p. 2.<\/p>\n\n\n\n<p>Constantin Schifirne\u021b, \u201eIon Petrovici despre filosofia rom\u00e2neasc\u0103\u201d, \u00een: <em>Studii de istorie a filoso\u00adfiei rom\u00e2ne\u0219ti<\/em>, vol. III: <em>Omagiu profesorului Alexandru Surdu<\/em>, coord. Viorel Cernica, ed. \u00eengrijit\u0103 de Mona Mamulea, Bucure\u0219ti, Editura Academiei Rom\u00e2ne, 2008, pp. 63\u201372.<\/p>\n\n\n\n<p>Nicolae Scurtu, <em>Titu Maiorescu \u00een coresponden\u021b\u0103 cu Ion Petrovici. Complet\u0103ri edificatoare<\/em>, Bucure\u0219ti, Ars Docendi, 2017.<\/p>\n\n\n\n<p>Andrei Simionescu-Panait, \u201eVocabularul \u0219i istoria logicii rom\u00e2ne\u0219ti\u201d, \u00een: <em>Vocabularul european al filosofiilor. Dic\u021bionarul intraductibilelor<\/em>, volum coordonat de Barbara Cassin, traduce\u00adre \u0219i ad\u0103ugiri la edi\u021bia \u00een limba rom\u00e2n\u0103 coordonate de Anca Vasiliu \u0219i Alexander Baumgarten, Ia\u0219i, Editura Polirom, 2020, pp. 1414\u20131420 [1415].<\/p>\n\n\n\n<p>Constantin Stoenescu, \u201eIon Petrovici despre Henri Poincar\u00e9 sau despre rolul presupozi\u021biilor filosofice \u00een cercetarea \u0219tiin\u021bific\u0103\u201d, \u00een: <em>Studii de istorie a filosofiei rom\u00e2ne\u0219ti<\/em>, vol. X: <em>Teo\u00adrii \u0219i categorii ale cunoa\u0219terii<\/em>, coord. Alexandru Surdu, Mihai Popa, Mona Mamulea, Viorel Cernica, Titus Lates, Bucure\u0219ti, Editura Academiei Rom\u00e2ne, 2016, pp. 58\u201371.<\/p>\n\n\n\n<p>Constantin Stoenescu, \u201eIon Petrovici despre Henri Poincar\u00e9 sau despre rolul presupozi\u021biilor filo\u00adso\u00adfice \u00een cercetarea \u0219tiin\u021bific\u0103\u201d, \u00een <em>\u00cencerc\u0103ri de istoria filosofiei rom\u00e2ne\u0219ti<\/em>, Bucure\u0219ti, Edi\u00adtura Universit\u0103\u021bii din Bucure\u0219ti, 2017, pp. 73\u201398.<\/p>\n\n\n\n<p>Ion Str\u0103chinaru, \u201eSensul universit\u0103\u021bii \u00een concep\u021bia filozofului Ion Petrovici\u201d, <em>Analele \u0219tiin\u021bifice ale Universit\u0103\u021bii \u201eAl. I. Cuza\u201d (Serie nou\u0103). \u0218tiin\u021be filozofice<\/em>, tomul XVI, 1970, pp. 145\u2013150.<a href=\"#_edn30\" id=\"_ednref30\"><sup>[30]<\/sup><\/a><\/p>\n\n\n\n<p>Vladimir Streinu, \u201eI. Petrovici, scriitor\u201d, <em>Preocup\u0103ri literare<\/em>, anul VII, nr. 6-7, 1942, pp. 287\u2013299.<\/p>\n\n\n\n<p>Alexandru Surdu, \u201eSubstan\u021ba transcendent\u0103 la Ioan Petrovici\u201d, \u00een <em>Voca\u021bii filosofice rom\u00e2ne\u0219ti<\/em>, Bucure\u0219ti, Editura Academiei Rom\u00e2ne, 1995, pp. 45\u201349.<\/p>\n\n\n\n<p>Alexandru Surdu, \u201eInova\u021biile lui Ioan Petrovici \u00een logica formal\u0103\u201d, \u00een <em>Voca\u021bii filosofice rom\u00e2\u00adne\u0219ti<\/em>, Bucure\u0219ti, Editura Academiei Rom\u00e2ne, 1995, pp. 50\u201353.<\/p>\n\n\n\n<p>Alexandru Surdu, <em>Contribu\u021bii rom\u00e2ne\u0219ti \u00een domeniul logicii \u00een secolul XX<\/em>, Bucure\u0219ti, Editura Fun\u00adda\u00ad\u021biei \u201eRom\u00e2nia de M\u00e2ine\u201d, 1999, pp. 67\u201368 (\u201eDistinc\u021bia speciei cauzale\u201d), 98\u2013101 (\u201eJu\u00adde\u00adc\u0103\u021bi problematice\u201d; \u201eJudec\u0103\u021bi singulare\u201d), 174\u2013175 (\u201ePolisilogism\u201d), 191\u2013193 (\u201eRaportul din\u00adtre sfera \u0219i con\u021binutul no\u021biunilor\u201d), 208\u2013209 (\u201eSilogisme cu judec\u0103\u021bi pro\u00adblematice\u201d).<\/p>\n\n\n\n<p>Alexandru Surdu, \u201eIon Petrovici \u2013 un pionier al logicii modale\u201d, <em>Revista de filosofie<\/em>, tomul XLVI, nr. 5-6, 1999, pp. 235\u2013238.<\/p>\n\n\n\n<p>Alexandru Surdu, \u201eSubstan\u021ba transcendent\u0103 la Ioan Petrovici\u201d, \u00een <em>G\u00e2ndirea speculativ\u0103 \u2013 coor\u00addonate istorico-sistematice<\/em>, Bucure\u0219ti, Paideia, 2000, pp. 153\u2013156.<\/p>\n\n\n\n<p>I. \u0218iadbei, \u201eProblemele logicei \u0219i limbajului [din preocup\u0103rile prof. Ion Petrovici]\u201d, <em>Preocup\u0103ri literare<\/em>, anul VII, nr. 6-7, 1942, pp. 327\u2013330.<\/p>\n\n\n\n<p>Marin \u0218tef\u0103nescu, <em>Filosofia cre\u0219tin\u0103. Contribu\u021bie la \u00een\u021belegerea filosofiei<\/em>, Bucure\u0219ti, Editura \u201eUniversul\u201d, 1943, pp. 319\u2013322.<\/p>\n\n\n\n<p>Traian \u0218tirb\u0103\u021b, \u201eLogica ionpetrovician\u0103: voca\u021bie sau refugiu de circumstan\u021b\u0103?\u201d, <em>Analele \u0219tiin\u021bifice ale Universit\u0103\u021bii \u201eAl. I. Cuza\u201d (Serie nou\u0103). Filosofie<\/em>, tomul XXXVIII, nr. 1-2, 1992, pp. 130\u2013135.<\/p>\n\n\n\n<p>Dragan Stoianovici, \u201e<em>Probleme de logic\u0103<\/em>\/Ioan Petrovici, culegere de studii publicat\u0103 \u00een trei edi\u021bii: 1911, 1923, 1928\u201d, \u00een: <em>Dic\u021bionarul operelor filozofice rom\u00e2ne\u0219ti<\/em>, coordonator ge\u00adneral Ion Iano\u0219i, Bucure\u0219ti, Editura Humanitas, 1997, pp. 173\u2013175.<\/p>\n\n\n\n<p>D. I. Suchianu, \u201eMarginalii la metafizica d-lui Ion Petrovici\u201d, <em>Adev\u0103rul literar \u0219i artistic<\/em>, anul VI, nr. 241, 1925, p. 5.<\/p>\n\n\n\n<p>L. Surianu, \u201eCertitudinile spiritului \u00een filosofia lui Ion Petrovici\u201d, <em>Ramuri <\/em>(Craiova), nr. 3, 15 martie 1968, pp. 19\u201323.<\/p>\n\n\n\n<p>N. Tatu, \u201eIon Petrovici: Via\u021ba \u0219i opera lui Kant. Dou\u0103sprezece prelegeri universitare. Editura Casei \u0218coalelor. Bucure\u0219ti, 1936\u201d, <em>Revista de Filosofie<\/em>, vol. XXII; nr. 1, 1937, pp. 96\u201398.&nbsp;<\/p>\n\n\n\n<p>Viorel Iulian T\u0103nase, \u201eContribu\u021biile lui Ion Petrovici \u00een domeniul logicii tradi\u021bionale\u201d, \u00een <em>Tradi\u00ad\u021bia maiorescian\u0103 \u00een logica rom\u00e2neasc\u0103<\/em>, Bucure\u0219ti, Editura Univers Enciclopedic, 2002, pp. 125\u2013131.<\/p>\n\n\n\n<p>Gr. T\u0103u\u0219an, \u201eO carte fundamental\u0103 asupra lui Kant\u201d, \u00een <em>Nuan\u021be filosofice. C\u0103r\u021bi \u2013 oameni \u2013 fapte<\/em>, Bucure\u0219ti, Editura Casa \u0218coalelor, 1938, pp. 123\u2013131. [despre. I. Petrovici, Via\u021ba \u0219i opera lui Kant].<\/p>\n\n\n\n<p>Gr. T\u0103u\u0219an, <em>C\u00e2teva sisteme metafizice rom\u00e2ne\u0219ti<\/em>, Bucure\u0219ti, Societatea Rom\u00e2n\u0103 de Filosofie, [1940], pp. 10\u201313.<a href=\"#_edn31\" id=\"_ednref31\"><sup>[31]<\/sup><\/a><\/p>\n\n\n\n<p>Gr. T\u0103u\u0219an, \u201eC\u00e2teva sisteme metafizice rom\u00e2ne\u0219ti\u201d, <em>Revista de filosofie<\/em>, vol. XXV, nr. 1, 1940, pp. 11\u201327.<a href=\"#_edn32\" id=\"_ednref32\"><sup>[32]<\/sup><\/a><\/p>\n\n\n\n<p>Gr. T\u0103u\u0219an, \u201eC\u00e2te-va sisteme metafizice rom\u00e2ne\u0219ti\u201d, \u00een <em>Contribu\u021bii filosofice \u0219i literare<\/em>, Bucu\u00adre\u0219ti, Editura Casei \u0218coalelor, 1940, pp. 65\u201394.<\/p>\n\n\n\n<p>Gr. T\u0103u\u0219an, \u201eClaritatea \u00een filosofie: Profesorul Ion Petrovici\u201d, \u00een <em>Magicieni ai stilului<\/em>, Bucure\u0219ti, Editura Biblioteca pentru to\u021bi, f. a., pp.&nbsp; 51\u201382.<a href=\"#_edn33\" id=\"_ednref33\"><sup>[33]<\/sup><\/a><\/p>\n\n\n\n<p>Gr. T\u0103u\u0219an, \u201eSugestii originale \u00een filosofie. Eseurile d-lui prof. I. Petrovici\u201d, \u00een <em>Aspecte cultura\u00adle. Filosofi \u2013 Scriitori<\/em>, Bucure\u0219ti, Editura Casa \u0218coalelor, 1943, pp. 153\u2013158.<a href=\"#_edn34\" id=\"_ednref34\"><sup>[34]<\/sup><\/a><\/p>\n\n\n\n<p>Gabriel \u021aepelea, \u201eIon Petrovici despre Kant\u201d, <em>Revista de filosofie<\/em>, tomul LIV, nr. 1-2, 2007, pp. 5\u201312.<\/p>\n\n\n\n<p>Mihail U\u021b\u0103, \u201eDl. Ion Petrovici vorbe\u0219te despre \u0219tirbirea nemeritat\u0103 adus\u0103 Universit\u0103\u021bii din Ia\u0219i\u201d, <em>G\u00e2ndul vremii<\/em> (Ia\u0219i), anul II, nr. 4, 15 aprilie 1934, pp. 1\u20133.<\/p>\n\n\n\n<p>Mihail U\u021b\u0103, \u201eIon Petrovici la Academie\u201d, <em>G\u00e2ndul vremii<\/em> (Ia\u0219i), anul II, nr. 6, 15 iunie 1934, pp. 38\u201339.<\/p>\n\n\n\n<p>Mihail U\u021b\u0103, \u201eIon Petrovici: Rotocoale de lumin\u0103 (Bucure\u0219ti, Editura Casei \u0218coalelor, 1934)\u201d, Revista de filosofie, vol. XIX (Sera nou\u0103), nr. 3, 1934, pp. 309\u2013310.<\/p>\n\n\n\n<p>Mihail U\u021b\u0103, \u201eI. Petrovici la Universitatea din Cluj\u201d, <em>G\u00e2ndul vremii<\/em> (Ia\u0219i), anul III, nr. 9, 15 no\u00adiembrie 1935, p. 34.<\/p>\n\n\n\n<p>Mihail U\u021b\u0103, \u201eI. Petrovici, Via\u021ba \u0219i opera lui Kant (dou\u0103sprezece lec\u021bii universitate (Editura Casei \u0218coa\u00adlelor, Bucure\u0219ti, 1936)\u201d, <em>Atheneum<\/em> (Ia\u0219i),&nbsp; anul II, nr. 2, aprilie-mai 1936, pp. 498\u2013503.<\/p>\n\n\n\n<p>Emilian Vasilescu, \u201eProfesorul I. Petrovici ap\u0103r\u0103tor al credin\u021bei\u201d, <em>G\u00e2ndirea<\/em>, anul XX, nr. 5, mai 1941, pp. 249\u2013253.<\/p>\n\n\n\n<p>V. Veti\u0219anu, \u201eNecrolog: Ion Petrovici (1882\u20131972)\u201d, <em>Revista de filozofie<\/em>, tomul XIX, nr. 5, 1972, pp. 697\u2013698.<\/p>\n\n\n\n<p>Vasile Veti\u0219anu, \u201eIon Petrovici\u201d, \u00een: <em>Istoria filozofiei rom\u00e2ne\u0219ti<\/em>, vol. II, partea 1: <em>1900\u20131944,<\/em> coordonatori: Dumitru Ghi\u0219e, Nicolae Gogonea\u021b\u0103, Bucure\u0219ti, Editura Academiei Repu\u00adblicii Socialiste Rom\u00e2nia, 1980, pp. 565\u2013600.<\/p>\n\n\n\n<p>Tudor Vianu, \u201eJean Petrovici. Zu seinen Jubil\u00e4um als Universit\u00e4tslehrer\u201d, <em>Philosophia<\/em> (Beograd), vol. II, fasc. 1-4, 1937, pp. 23\u201324.<\/p>\n\n\n\n<p>Tudor Vianu, \u201eI. Petrovici \u0219i spiritul filosofic al \u00abJunimii\u00bb\u201d, <em>Preocup\u0103ri literare<\/em>, anul VII, nr. 6-7, 1942, pp. 281\u2013286.<\/p>\n\n\n\n<p>E. Vidoni, <em>Introducere \u00een filosofie<\/em>, S\u0103b\u0103oani, Tip. \u201eSerafica\u201d, 1932, pp. 383\u2013386.<\/p>\n\n\n\n<p>Viorel Vizureanu, \u201eContribu\u021bii originale de logic\u0103 tradi\u021bional\u0103 la Ion Petrovici\u201d, \u00een: <em>Istoria logi\u00adcii rom\u00e2ne\u0219ti<\/em>, coordonatori: Alexandru Surdu, Drago\u0219 Popescu, Bucure\u0219ti, Editura Tehni\u00adc\u0103, 2006, pp. 142\u2013179.<\/p>\n\n\n\n<p>Viorel Vizureanu, \u201eCercet\u0103rile de logic\u0103 \u0219i metafizic\u0103 ale lui Ion Petrovici\u201d, \u00een: <em>Istoria filosofiei rom\u00e2ne\u0219ti<\/em>, coordonatori Alexandru Surdu, Drago\u0219 Popescu, \u0218tefan-Dominic Georgescu, Bucure\u0219ti, Editura Academiei Rom\u00e2ne, 2018, pp. 149\u2013166.<\/p>\n\n\n\n<p>Gheorghe Vl\u0103du\u021bescu, \u201eIon Petrovici \u0219i legitimitatea filosofiei\u201d, <em>Tomis<\/em> (Constan\u021ba), anul III, nr. 9, 1968, p. 3.<\/p>\n\n\n\n<p>Gheorghe Vl\u0103du\u021bescu, <em>Neconven\u021bional, despre filosofia rom\u00e2neasc\u0103<\/em>, Bucure\u0219ti, Editura Paideia, 2002, pp. 69\u201376.<\/p>\n\n\n\n<p>Gheorghe Vl\u0103du\u021bescu, <em>Filosofia \u00een cultura rom\u00e2neasc\u0103<\/em>, Bucure\u0219ti, Editura Paideia, 2017, pp.&nbsp;156\u2013171.<a href=\"#_edn35\" id=\"_ednref35\"><sup>[35]<\/sup><\/a><\/p>\n\n\n\n<p>Victor Voicu, <em>Filosofie rom\u00e2neasc\u0103<\/em>, Gala\u021bi, Editura Dominus, 1999, pp. 138\u2013154.<\/p>\n\n\n\n<p>Marin Voiculescu, <em>G\u00eendire aforistic\u0103 \u00een cultura rom\u00e2neasc\u0103<\/em>, Bucure\u0219ti, Editura Academiei Republicii Socialiste Rom\u00e2nia , 1986, pp. 187\u2013195.<\/p>\n\n\n\n<p>Henri Zalis, \u201eIon Petrovici: o dram\u0103 a con\u0219tiin\u021bei?\u201d, <em>Magazin istoric<\/em>, anul XXIX, nr. 5, 1995, pp.&nbsp;61\u201365.<\/p>\n\n\n\n<p>Henri Zalis, \u201eApropierea de Ion Petrovici\u201d, <em>Luceaf\u0103rul<\/em>, nr. 22, 5 iulie 1995, p. 17.<\/p>\n\n\n\n<p>Ion Zamfirescu, \u201eI. Petrovici, eseist\u201d, <em>Preocup\u0103ri literare<\/em>, anul VII, nr. 6-7, 1942, pp. 384\u2013391.<a href=\"#_edn36\" id=\"_ednref36\"><sup>[36]<\/sup><\/a><\/p>\n\n\n\n<p>Ion Zamfirescu, \u201eIon Petrovici\u201d, \u00een <em>Oameni pe care i-am cunoscut<\/em>, Bucure\u0219ti, Editura Eminescu, 1987, pp. 129\u2013147.<\/p>\n\n\n\n<p>Ion Zamfirescu, <em>\u00cent\u00eelniri cu oameni, \u00eent\u00eelniri cu via\u021ba<\/em>, Bucure\u0219ti, Editura Eminescu, 1990, pp.&nbsp;50\u201352.<\/p>\n\n\n\n<p>Al. Zub, \u201eIon Petrovici: Secven\u021b\u0103 istoriografic\u0103\u201d, <em>Dacia literar\u0103<\/em>, an XV, nr. 2 (53), 2004, pp. 1\u20133.<\/p>\n\n\n\n<p>Vasile Zvanciuc, \u201eIon Petrovici \u0219i logica\u201d, \u00een <em>Studii \u0219i cercet\u0103ri din domeniul \u0219tiin\u021belor socio-umane<\/em>, vol. III, Cluj-Napoca, Editura Argonaut, 1997, pp. 101\u2013105.<\/p>\n\n\n\n<p>Vasile Zvanciuc, \u201eIon Petrovici despre legitimitatea metafizicii\u201d, \u00een <em>Studii \u0219i cercet\u0103ri din dome\u00adniul \u0219tiin\u021belor socio-umane<\/em>, vol. IV, Cluj-Napoca, Editura Argonaut, 1998, pp. 141\u2013143.<\/p>\n\n\n\n<p>Vasile Zv\u0103ncescu<a href=\"#_edn37\" id=\"_ednref37\"><sup>[37]<\/sup><\/a>, <em>Conceptul de tradi\u021bie \u00een filosofia rom\u00e2neasc\u0103<\/em>, Cluj-Napoca, Editura Argo\u00adnaut, 2007, pp. 220\u2013222, 261\u2013262.<\/p>\n\n\n\n<hr class=\"wp-block-separator has-alpha-channel-opacity\"\/>\n\n\n\n<div style=\"height:30px\" aria-hidden=\"true\" class=\"wp-block-spacer\"><\/div>\n\n\n\n<h5 class=\"wp-block-heading\"><strong>Note<\/strong><\/h5>\n\n\n\n<p><a href=\"#_ednref1\" id=\"_edn1\">[1]<\/a> Aceast\u0103 edi\u021bie reproduce, cu actualiz\u0103rile lingvistice \u0219i ortografice de rigoare, volumul <em>Valoarea omului \u0219i alte trei conferin\u021be<\/em>, ap\u0103rut la Editura Libr\u0103riei \u201eUniversala\u201d, Alcalay &amp;Co., f.a., Bucure\u0219ti.<\/p>\n\n\n\n<p><a href=\"#_ednref2\" id=\"_edn2\">[2]<\/a> Capitol din lucrarea \u00een preg\u0103tire <em>Istoria filosofiei rom\u00e2ne\u0219ti<\/em>, care va fi inclus\u0103 \u00een volumul V din <em>Istoria filosofiei moderne<\/em> (Omagiu profesorului Ion Petrovici).<\/p>\n\n\n\n<p><a href=\"#_ednref3\" id=\"_edn3\">[3]<\/a> Volumul este inclus \u00een: <em>Istoria filosofiei moderne<\/em>, vol. V: <em>Filosofia rom\u00e2neasc\u0103 dela origini p\u00e2n\u0103 ast\u0103zi<\/em>, Bucure\u0219ti, Societatea Rom\u00e2n\u0103 de Filosofie, 1941, pp. 123\u2013145. Reedit\u0103ri: <em>Scrieri<\/em>, ed. \u00eengrijit\u0103, introducere \u0219i note de Gh. Vl\u0103du\u021bescu, Bucure\u0219ti, Editura Eminescu (Biblioteca de filosofie a culturii rom\u00e2ne\u0219ti), 1988, pp. 96\u2013113; <em>Istoria filosofiei rom\u00e2ne\u0219ti<\/em>, [\u00eengrijitor de edi\u021bie Aurel \u0218tefanachi], Ia\u0219i, TipoMoldova, 2001; <em>Istoria filosofiei rom\u00e2ne\u0219ti<\/em>, Bucure\u0219ti, Profile Publishing, 2003, pp. 140\u2013164; Nicolae Bagdasar, <em>Istoria filosofiei rom\u00e2ne\u0219ti<\/em>, ed. \u00eengrijit\u0103, prefa\u021b\u0103 \u0219i note de Gheorghe Vl\u0103du\u021bescu \u0219i Eugeniu Nistor, T\u00e2rgu Mure\u0219, Editura Ardealul, 2022, pp. 102\u2013118.<\/p>\n\n\n\n<p><a href=\"#_ednref4\" id=\"_edn4\">[4]<\/a> Articol ap\u0103rut ini\u021bial \u00een revista <em>Arge\u0219<\/em> (Pite\u0219ti, nr. 9, 2010, p. 21.<\/p>\n\n\n\n<p><a id=\"_edn5\" href=\"#_ednref5\">[5]<\/a> Dan B\u0103d\u0103r\u0103u, <em>Scrieri alese<\/em>, vol. III, sub redac\u021bia acad. Vasile Pavelcu, Bucure\u0219ti, Editura Aca\u00addemiei Republicii Socialiste Rom\u00e2nia, 1986, pp. 37\u201360.<\/p>\n\n\n\n<p><a href=\"#_ednref6\" id=\"_edn6\">[6]<\/a> Vasile B\u0103ncil\u0103, <em>Portrete \u0219i semnifica\u021bii<\/em>, edi\u021bie \u00eengrijit\u0103 \u0219i adnotat\u0103 de Ileana B\u0103ncil\u0103, prefa\u021b\u0103 de Zoe Dumitrescu-Bu\u0219ulenga, Colec\u021bia \u00abCapricorn\u00bb, 1987 (Revista de istorie \u0219i teorie literar\u0103. Supli\u00adment anual nr. 4), pp. 94\u201397.<\/p>\n\n\n\n<p><a href=\"#_ednref7\" id=\"_edn7\">[7]<\/a> Articol reluat (cu unele modific\u0103ri) \u00een: Alexandru Boboc, <em>Filosofie rom\u00e2neasc\u0103. Studii isto\u00adrico-filosofice \u00een perspectiv\u0103 comparat\u0103<\/em>, Cluj-Napoca, Editura Grinta, 2007, pp. 144\u2013149.<\/p>\n\n\n\n<p><a href=\"#_ednref8\" id=\"_edn8\">[8]<\/a> Nicolae Scurtu, <em>Titu Maiorescu \u00een coresponden\u021b\u0103 cu Ion Petrovici. Complet\u0103ri edificatoare<\/em>, Bucure\u0219ti, Ars Docendi, 2017, pp. 181\u2013185; <em>Studii de istorie a filosofiei rom\u00e2ne\u0219ti<\/em>, vol. XVI: <em>Rela\u021bia minte-corp<\/em>, coordonatori Alexandru Surdu, Mona Mamulea, Titus Lates, Mihai Popa, Viorel Cernica, Bucure\u0219ti, Editura Academiei Rom\u00e2ne, 2020, pp. 187\u2013190.<\/p>\n\n\n\n<p><a href=\"#_ednref9\" id=\"_edn9\">[9]<\/a> Ion Petrovici, <em>Filosofie \u0219i metafizic\u0103<\/em>, ed. critic\u0103, text stabilit, studiu introductiv, note \u0219i comentarii de Adrian Michidu\u021b\u0103, Craiova, Aius Printed, 2007, pp. 307\u2013318;Nicolae Scurtu, <em>Titu Maiorescu \u00een coresponden\u021b\u0103 cu Ion Petrovici. Complet\u0103ri edificatoare<\/em>, ed. cit., pp. 185\u2013196; <em>Studii de istorie a filosofiei rom\u00e2ne\u0219ti<\/em>, vol. XVI, ed. cit., pp. 202\u2013210.<\/p>\n\n\n\n<p><a href=\"#_ednref10\" id=\"_edn10\">[10]<\/a> I. Bruc\u0103r, <em>Despre neant<\/em>, edi\u021bie critic\u0103, studiu introductiv \u0219i bibliografie de Adrian Michidu\u021b\u0103, Craiova, Eitura Aius Printed, 2010, pp. 146\u2013157.<\/p>\n\n\n\n<p><a href=\"#_ednref11\" id=\"_edn11\">[11]<\/a> I. Bruc\u0103r, <em>Despre neant<\/em>, ed. cit., pp. 157\u2013162.<\/p>\n\n\n\n<p><a href=\"#_ednref12\" id=\"_edn12\">[12]<\/a> Recenzie cu ocazia apari\u021biei edi\u021biei a 3-a: Ia\u0219i, Polirom, 1998.<\/p>\n\n\n\n<p><a href=\"#_ednref13\" id=\"_edn13\">[13]<\/a> Dup\u0103 cursul universitar: Gh. Al Cazan, <em>Istoria filosofiei universale<\/em>, 5: <em>Istoria filosofiei rom\u00e2ne\u0219ti<\/em>, Bucure\u0219ti, 1975, pp. 200\u2013216.<\/p>\n\n\n\n<p><a href=\"#_ednref14\" id=\"_edn14\">[14]<\/a> Edi\u021bia a doua a volumului: Viorel Cernica, <em>Exerci\u021bii fenomenologice asupra filosofiei rom\u00e2\u00adne\u0219ti interbelice<\/em>, 1999. Vezi mai sus.<\/p>\n\n\n\n<p><a href=\"#_ednref15\" id=\"_edn15\">[15]<\/a> Viorel Cernica, <em>Lucr\u0103ri de istoria filosofiei rom\u00e2ne\u0219ti<\/em>, vol. II, edi\u021bie \u00eengrijit\u0103 de Cornel-Florin Moraru, Bucure\u0219ti, Editura Universit\u0103\u021bii din Bucure\u0219ti, 2015, pp. 259\u2013270.<\/p>\n\n\n\n<p><a href=\"#_ednref16\" id=\"_edn16\">[16]<\/a> Petru Comarnescu, <em>Kalokagathon<\/em>, antologie de Dan Grigorescu \u0219i Florin Toma, studiu intro\u00adductiv \u0219i note de Dan Grigorescu \u0219i o m\u0103rturie de Valeriu R\u00e2peanu, Bucure\u0219ti, Editura Einescu, 1985, pp. 269\u2013270.<\/p>\n\n\n\n<p><a href=\"#_ednref17\" id=\"_edn17\">[17]<\/a> Nichifor Crainic, <em>Teologie \u0219i filosofie. Publicistic\u0103 (1922\u20131944)<\/em>, edi\u021bie critic\u0103, text stabilit, cronobiografie, note \u0219i bibliografie de Adrian Michidu\u021b\u0103, Craiova, Aius Printed, 2010, pp. 142.<\/p>\n\n\n\n<p><a href=\"#_ednref18\" id=\"_edn18\">[18]<\/a> Nichifor Crainic, <em>Teologie \u0219i filosofie<\/em>,&nbsp; ed. cit., pp. 140\u2013141.<\/p>\n\n\n\n<p><a href=\"#_ednref19\" id=\"_edn19\">[19]<\/a> Replic\u0103 la articolul lui I. Petrovici, \u201eO nou\u0103 metod\u0103 inductiv\u0103\u201d, din aceea\u0219i revist\u0103, p. 5\u201323.<\/p>\n\n\n\n<p><a href=\"#_ednref20\" id=\"_edn20\">[20]<\/a> Edi\u021bia a 2-a rev\u0103zut\u0103 \u0219i ad\u0103ugit\u0103, Bucure\u0219ti, Editura Didactic\u0103 \u0219i Pedagogic\u0103, 1975, pp.&nbsp;1081\u20131087; edi\u021bia a 3-a rev\u0103zut\u0103 \u0219i ad\u0103ugit\u0103, vol. IV, Bucure\u0219ti, Editura Tehnic\u0103, pp. 350\u2013357.<\/p>\n\n\n\n<p><a href=\"#_ednref21\" id=\"_edn21\">[21]<\/a> Edi\u021bia a doua: Bucure\u0219ti, Editura Univers Enciclopedic Gold, 2009, p. 252.<\/p>\n\n\n\n<p><a href=\"#_ednref22\" id=\"_edn22\">[22]<\/a> Pseudonimul lui George \u0218tef\u0103nescu, fost elev al lui Ion Petrovici, care \u00een anul \u00een care \u0219i-a pus cap\u0103t zilelor preg\u0103tea teza de doctorat <em>Charles Renouvier. Teoria categoriilor \u0219i a certitudinei<\/em>, ap\u0103rut\u0103 postum la Editura Casei \u0218coalelor (1930), cu dedica\u021bia: \u201ePrimului meu dasc\u0103l de Logic\u0103 \u0219i Metafizic\u0103, D-lui I. Petrovici, \u00eenchin acest studiu critic\u201d.<\/p>\n\n\n\n<p><a href=\"#_ednref23\" id=\"_edn23\">[23]<\/a> Dumitru Isac, <em>Cunoa\u0219tere \u0219i transcenden\u021b\u0103 \u2013 realism critic<\/em>, edi\u021bie \u00eengrijit\u0103 \u0219i studiu introductiv de Ionu\u021b Isac, cu un cuv\u00e2nt \u00eenainte de Vasile Musc\u0103, Cluj-Napoca, Editura Grinta, 2002, pp. 59\u201361.<\/p>\n\n\n\n<p><a href=\"#_ednref24\" id=\"_edn24\">[24]<\/a> <em>Ibidem<\/em>, pp. 161\u2013168.<\/p>\n\n\n\n<p><a href=\"#_ednref25\" id=\"_edn25\">[25]<\/a> Ion Petrovici, <em>Filosofie \u0219i metafizic\u0103<\/em>, ed. cit., pp. 295\u2013307; Nicolae Scurtu, <em>Titu Maiorescu \u00een coresponden\u021b\u0103 cu Ion Petrovici. Complet\u0103ri edificatoare<\/em>, ed. cit., pp. 202\u2013214.<\/p>\n\n\n\n<p><a href=\"#_ednref26\" id=\"_edn26\">[26]<\/a> Constantin Noica, <em>Moartea omului de m\u00e2ine. Publicistic\u0103, III, iulie 1934\u2013iunie 1937<\/em>, ed. \u00eengrijit\u0103 de Marin Diaconu, Bucure\u0219ti, Editura Humanitas, 2004, pp. 299\u2013309.<\/p>\n\n\n\n<p><a href=\"#_ednref27\" id=\"_edn27\">[27]<\/a> Mihai Ralea<em>, Scrieri<\/em>, vol. 7, ed., prefa\u021b\u0103 \u0219i note de Florin Mih\u0103ilescu, Bucure\u0219ti, Editura Minerva, 1989, pp. 247\u2013249.<\/p>\n\n\n\n<p><a href=\"#_ednref28\" id=\"_edn28\">[28]<\/a> Mihai Ralea<em>, Scrieri<\/em>, vol. 7, ed. cit., pp. 257\u2013259.<\/p>\n\n\n\n<p><a href=\"#_ednref29\" id=\"_edn29\">[29]<\/a> Mihai Ralea<em>, Scrieri<\/em>, vol. 7, ed. cit., pp. 236\u2013237.<\/p>\n\n\n\n<p><a href=\"#_ednref30\" id=\"_edn30\">[30]<\/a> Lucrare prezentat\u0103 la Simpozionul na\u021bional \u201ePedagogia \u00eenv\u0103\u021b\u0103m\u00e2ntului superior\u201d, Ia\u0219i, 28\u201330 noiembrie 1969.<\/p>\n\n\n\n<p><a href=\"#_ednref31\" id=\"_edn31\">[31]<\/a> Comunicare f\u0103cut\u0103 la Academia Rom\u00e2n\u0103 \u00een \u0219edin\u021ba de la 19 februarie 1940.<\/p>\n\n\n\n<p><a href=\"#_ednref32\" id=\"_edn32\">[32]<\/a> Gr. T\u0103u\u0219an, <em>Scrieri filosofice alese<\/em>, ed. critic\u0103, text stabilit, note \u0219i bibliografie de Adrian Michidu\u021b\u0103, Craiova, Aius Printed, 2010, pp. 219\u2013241.<\/p>\n\n\n\n<p><a href=\"#_ednref33\" id=\"_edn33\">[33]<\/a> \u00cen Tabla de materie, titlul este: \u201eClaritatea \u00een Metafizic\u0103: Profesorul I. Petrovici\u201d.<\/p>\n\n\n\n<p><a href=\"#_ednref34\" id=\"_edn34\">[34]<\/a> Gr. T\u0103u\u0219an, <em>Scrieri filosofice alese<\/em>, ed. cit., pp. 248\u2013252.<\/p>\n\n\n\n<p><a href=\"#_ednref35\" id=\"_edn35\">[35]<\/a> \u201eEdi\u021bie, revizuit\u0103 \u0219i mult ad\u0103ugit\u0103, a c\u0103r\u021bii <em>Neconven\u021bional, despre filosofia rom\u00e2neasc\u0103<\/em>\u201d, din 2002.<\/p>\n\n\n\n<p><a href=\"#_ednref36\" id=\"_edn36\">[36]<\/a> Ion Zamfirescu, <em>Scrieri filosofice<\/em>, vol. I: <em>Orizonturi filozofice. Idei, oameni, probleme de cultur\u0103<\/em>, ed. \u00eengrijit\u0103 de Marin Diaconu, Craiova, Editura Alma, 2007, pp. 177\u2013190.<\/p>\n\n\n\n<p><a href=\"#_ednref37\" id=\"_edn37\">[37]<\/a> Vasile Zv\u0103ncescu = Vasile Zvanciuc.<\/p>\n\n\n\n<div style=\"height:20px\" aria-hidden=\"true\" class=\"wp-block-spacer\"><\/div>\n\n\n\n<hr class=\"wp-block-separator has-alpha-channel-opacity is-style-wide\"\/>\n\n\n\n<p class=\"has-small-font-size\">[<em>Studii de istorie a filosofiei rom\u00e2ne\u015fti<\/em>, vol. XVIII:<em>\u00a0\u0218tiin\u021b\u0103 \u0219i metafizic\u0103. Ion Petrovici<\/em>, Bucure\u015fti, Editura Academiei Rom\u00e2ne, 2022, pp.\u00a0131\u2013143]<\/p>\n\n\n<div style=\"gap: 20px;\" class=\"align-button-left ub-buttons orientation-button-row ub-flex-wrap wp-block-ub-button\" id=\"ub-button-06e9c146-c445-4a80-9562-9d3a405e8627\"><div class=\"ub-button-container\">\n\t\t\t<a href=\"https:\/\/filosofieromaneasca.institutuldefilosofie.ro\/sifr\/wp-content\/uploads\/2023\/01\/Lates-Titus-Ion-Petrovici-o-bibliografie-a-exegezei.pdf\" target=\"_blank\" rel=\"noopener noreferrer\" class=\"ub-button-block-main   ub-button-flex\" role=\"button\" style=\"--ub-button-background-color: var(--ast-global-color-4); --ub-button-color: var(--ast-global-color-1); --ub-button-border: none; --ub-button-hover-background-color: var(--ast-global-color-7); --ub-button-hover-color: #ffffff; --ub-button-hover-border: none; padding-top: 10px; padding-right: 10px; padding-bottom: 10px; padding-left: 10px; \">\n\t\t\t\t<div class=\"ub-button-content-holder\" style=\"flex-direction: row\">\n\t\t\t\t\t<span class=\"ub-button-icon-holder\">\n\t\t\t\t<svg xmlns=\"http:\/\/www.w3.org\/2000\/svg\" height=\"25\" width=\"25\" viewbox=\"0 0 448 512\">\n\t\t\t\t\t<path fill=\"currentColor\" d=\"M0 64C0 28.7 28.7 0 64 0H224V128c0 17.7 14.3 32 32 32H384V304H296 272 184 160c-35.3 0-64 28.7-64 64v80 48 16H64c-35.3 0-64-28.7-64-64V64zm384 64H256V0L384 128zM160 352h24c30.9 0 56 25.1 56 56s-25.1 56-56 56h-8v32c0 8.8-7.2 16-16 16s-16-7.2-16-16V448 368c0-8.8 7.2-16 16-16zm24 80c13.3 0 24-10.7 24-24s-10.7-24-24-24h-8v48h8zm88-80h24c26.5 0 48 21.5 48 48v64c0 26.5-21.5 48-48 48H272c-8.8 0-16-7.2-16-16V368c0-8.8 7.2-16 16-16zm24 128c8.8 0 16-7.2 16-16V400c0-8.8-7.2-16-16-16h-8v96h8zm72-112c0-8.8 7.2-16 16-16h48c8.8 0 16 7.2 16 16s-7.2 16-16 16H400v32h32c8.8 0 16 7.2 16 16s-7.2 16-16 16H400v48c0 8.8-7.2 16-16 16s-16-7.2-16-16V432 368z\">\n\t\t\t\t<\/path><\/svg>\n\t\t\t<\/span><span class=\"ub-button-block-btn\">Descarc\u0103<\/span>\n\t\t\t\t<\/div>\n\t\t\t<\/a>\n\t\t<\/div><\/div>","protected":false},"excerpt":{"rendered":"<p>Ion Petrovici: o bibliografie a exegezei Titus Lates Institutul de Filosofie \u0219i Psihologie \u201eC. R\u0103dulescu-Motru\u201d al Academiei Rom\u00e2ne Ion Petrovici, Prin meandrele trecutului. Evoc\u0103ri inedite \u2013 Pagini memorialistice, cu o prefa\u021b\u0103 de Mihai Gafi\u021ba, Bucure\u0219ti, Editura Cartea Rom\u00e2neasc\u0103, 1979. Ion Petrovici, \u00censemn\u0103ri de drum, \u00eengrijire de edi\u021bie, prefa\u021b\u0103 \u0219i tabel biobibliografic de Dumitru Petrescu, Bucure\u0219ti, [&hellip;]<\/p>\n","protected":false},"author":1,"featured_media":0,"parent":6423,"menu_order":11,"comment_status":"closed","ping_status":"closed","template":"","meta":{"_uag_custom_page_level_css":"","site-sidebar-layout":"default","site-content-layout":"","ast-site-content-layout":"default","site-content-style":"default","site-sidebar-style":"default","ast-global-header-display":"","ast-banner-title-visibility":"","ast-main-header-display":"","ast-hfb-above-header-display":"","ast-hfb-below-header-display":"","ast-hfb-mobile-header-display":"","site-post-title":"disabled","ast-breadcrumbs-content":"","ast-featured-img":"","footer-sml-layout":"","theme-transparent-header-meta":"","adv-header-id-meta":"","stick-header-meta":"","header-above-stick-meta":"","header-main-stick-meta":"","header-below-stick-meta":"","astra-migrate-meta-layouts":"default","ast-page-background-enabled":"default","ast-page-background-meta":{"desktop":{"background-color":"var(--ast-global-color-4)","background-image":"","background-repeat":"repeat","background-position":"center center","background-size":"auto","background-attachment":"scroll","background-type":"","background-media":"","overlay-type":"","overlay-color":"","overlay-opacity":"","overlay-gradient":""},"tablet":{"background-color":"","background-image":"","background-repeat":"repeat","background-position":"center center","background-size":"auto","background-attachment":"scroll","background-type":"","background-media":"","overlay-type":"","overlay-color":"","overlay-opacity":"","overlay-gradient":""},"mobile":{"background-color":"","background-image":"","background-repeat":"repeat","background-position":"center center","background-size":"auto","background-attachment":"scroll","background-type":"","background-media":"","overlay-type":"","overlay-color":"","overlay-opacity":"","overlay-gradient":""}},"ast-content-background-meta":{"desktop":{"background-color":"var(--ast-global-color-5)","background-image":"","background-repeat":"repeat","background-position":"center center","background-size":"auto","background-attachment":"scroll","background-type":"","background-media":"","overlay-type":"","overlay-color":"","overlay-opacity":"","overlay-gradient":""},"tablet":{"background-color":"var(--ast-global-color-5)","background-image":"","background-repeat":"repeat","background-position":"center center","background-size":"auto","background-attachment":"scroll","background-type":"","background-media":"","overlay-type":"","overlay-color":"","overlay-opacity":"","overlay-gradient":""},"mobile":{"background-color":"var(--ast-global-color-5)","background-image":"","background-repeat":"repeat","background-position":"center center","background-size":"auto","background-attachment":"scroll","background-type":"","background-media":"","overlay-type":"","overlay-color":"","overlay-opacity":"","overlay-gradient":""}},"footnotes":""},"categories":[201,203,366,262],"tags":[130],"class_list":["post-6783","page","type-page","status-publish","hentry","category-bibliografii","category-bibliografii-tematice","category-sifr18","category-titus-lates","tag-ion-petrovici"],"featured_image_src":null,"uagb_featured_image_src":{"full":false,"thumbnail":false,"medium":false,"medium_large":false,"large":false,"1536x1536":false,"2048x2048":false},"uagb_author_info":{"display_name":"SIFR","author_link":"https:\/\/filosofieromaneasca.institutuldefilosofie.ro\/sifr\/author\/mm\/"},"uagb_comment_info":0,"uagb_excerpt":"Ion Petrovici: o bibliografie a exegezei Titus Lates Institutul de Filosofie \u0219i Psihologie \u201eC. R\u0103dulescu-Motru\u201d al Academiei Rom\u00e2ne Ion Petrovici, Prin meandrele trecutului. Evoc\u0103ri inedite \u2013 Pagini memorialistice, cu o prefa\u021b\u0103 de Mihai Gafi\u021ba, Bucure\u0219ti, Editura Cartea Rom\u00e2neasc\u0103, 1979. Ion Petrovici, \u00censemn\u0103ri de drum, \u00eengrijire de edi\u021bie, prefa\u021b\u0103 \u0219i tabel biobibliografic de Dumitru Petrescu, Bucure\u0219ti,&hellip;","_links":{"self":[{"href":"https:\/\/filosofieromaneasca.institutuldefilosofie.ro\/sifr\/wp-json\/wp\/v2\/pages\/6783","targetHints":{"allow":["GET"]}}],"collection":[{"href":"https:\/\/filosofieromaneasca.institutuldefilosofie.ro\/sifr\/wp-json\/wp\/v2\/pages"}],"about":[{"href":"https:\/\/filosofieromaneasca.institutuldefilosofie.ro\/sifr\/wp-json\/wp\/v2\/types\/page"}],"author":[{"embeddable":true,"href":"https:\/\/filosofieromaneasca.institutuldefilosofie.ro\/sifr\/wp-json\/wp\/v2\/users\/1"}],"replies":[{"embeddable":true,"href":"https:\/\/filosofieromaneasca.institutuldefilosofie.ro\/sifr\/wp-json\/wp\/v2\/comments?post=6783"}],"version-history":[{"count":4,"href":"https:\/\/filosofieromaneasca.institutuldefilosofie.ro\/sifr\/wp-json\/wp\/v2\/pages\/6783\/revisions"}],"predecessor-version":[{"id":7065,"href":"https:\/\/filosofieromaneasca.institutuldefilosofie.ro\/sifr\/wp-json\/wp\/v2\/pages\/6783\/revisions\/7065"}],"up":[{"embeddable":true,"href":"https:\/\/filosofieromaneasca.institutuldefilosofie.ro\/sifr\/wp-json\/wp\/v2\/pages\/6423"}],"wp:attachment":[{"href":"https:\/\/filosofieromaneasca.institutuldefilosofie.ro\/sifr\/wp-json\/wp\/v2\/media?parent=6783"}],"wp:term":[{"taxonomy":"category","embeddable":true,"href":"https:\/\/filosofieromaneasca.institutuldefilosofie.ro\/sifr\/wp-json\/wp\/v2\/categories?post=6783"},{"taxonomy":"post_tag","embeddable":true,"href":"https:\/\/filosofieromaneasca.institutuldefilosofie.ro\/sifr\/wp-json\/wp\/v2\/tags?post=6783"}],"curies":[{"name":"wp","href":"https:\/\/api.w.org\/{rel}","templated":true}]}}